{"id":9643,"date":"2025-12-04T13:37:02","date_gmt":"2025-12-04T12:37:02","guid":{"rendered":"https:\/\/ds4mmed.uv.es\/?page_id=9643"},"modified":"2025-12-17T15:27:18","modified_gmt":"2025-12-17T14:27:18","slug":"el-ds4m-mediterraneo-present-a-observatori-logistic-de-logistica-emergencia","status":"publish","type":"page","link":"https:\/\/ds4mmed.uv.es\/index.php\/ca\/el-ds4m-mediterraneo-present-a-observatori-logistic-de-logistica-emergencia\/","title":{"rendered":"Noticia 31 &#8211; El DS4M Mediterr\u00e1neo presenta a l&#8217;Observatori Log\u00edstic de Log\u00edstica d&#8217;Emerg\u00e8ncia"},"content":{"rendered":"\t\t<div data-elementor-type=\"wp-page\" data-elementor-id=\"9643\" class=\"elementor elementor-9643\">\n\t\t\t\t<div class=\"elementor-element elementor-element-6c62525 e-flex e-con-boxed e-con e-child\" data-id=\"6c62525\" data-element_type=\"container\" data-e-type=\"container\" data-settings=\"{&quot;background_background&quot;:&quot;classic&quot;}\">\n\t\t\t\t\t<div class=\"e-con-inner\">\n\t\t<div class=\"elementor-element elementor-element-6debc5d e-con-full e-flex e-con e-child\" data-id=\"6debc5d\" data-element_type=\"container\" data-e-type=\"container\">\n\t\t<div class=\"elementor-element elementor-element-3b5bf26 e-con-full e-flex elementor-invisible e-con e-child\" data-id=\"3b5bf26\" data-element_type=\"container\" data-e-type=\"container\" data-settings=\"{&quot;animation&quot;:&quot;fadeInLeft&quot;}\">\n\t\t\t\t<div class=\"elementor-element elementor-element-da9e6f3 elementor-widget elementor-widget-heading\" data-id=\"da9e6f3\" data-element_type=\"widget\" data-e-type=\"widget\" data-widget_type=\"heading.default\">\n\t\t\t\t\t<h1 class=\"elementor-heading-title elementor-size-default\">El DS4M Mediterr\u00e1neo present a l'Observatori Log\u00edstic de Log\u00edstica d'Emerg\u00e8ncia<\/h1>\t\t\t\t<\/div>\n\t\t\t\t<div class=\"elementor-element elementor-element-e2a4a87 elementor-icon-list--layout-inline elementor-align-center elementor-list-item-link-full_width elementor-widget elementor-widget-icon-list\" data-id=\"e2a4a87\" data-element_type=\"widget\" data-e-type=\"widget\" data-widget_type=\"icon-list.default\">\n\t\t\t\t\t\t\t<ul class=\"elementor-icon-list-items elementor-inline-items\">\n\t\t\t\t\t\t\t<li class=\"elementor-icon-list-item elementor-inline-item\">\n\t\t\t\t\t\t\t\t\t\t<span class=\"elementor-icon-list-text\">Publicat el 26 de novembre de 2025<\/span>\n\t\t\t\t\t\t\t\t\t<\/li>\n\t\t\t\t\t\t<\/ul>\n\t\t\t\t\t\t<\/div>\n\t\t\t\t<\/div>\n\t\t\t\t<div class=\"elementor-element elementor-element-89ea136 elementor-invisible elementor-widget elementor-widget-image\" data-id=\"89ea136\" data-element_type=\"widget\" data-e-type=\"widget\" data-settings=\"{&quot;_animation&quot;:&quot;fadeInRight&quot;}\" data-widget_type=\"image.default\">\n\t\t\t\t\t\t\t\t\t\t\t\t\t\t\t<img fetchpriority=\"high\" decoding=\"async\" width=\"621\" height=\"465\" src=\"https:\/\/ds4mmed.uv.es\/wp-content\/uploads\/2025\/12\/foto-noticia-31-1.png\" class=\"attachment-full size-full wp-image-9639\" alt=\"\" srcset=\"https:\/\/ds4mmed.uv.es\/wp-content\/uploads\/2025\/12\/foto-noticia-31-1.png 621w, https:\/\/ds4mmed.uv.es\/wp-content\/uploads\/2025\/12\/foto-noticia-31-1-300x225.png 300w\" sizes=\"(max-width: 621px) 100vw, 621px\" \/>\t\t\t\t\t\t\t\t\t\t\t\t\t\t\t<\/div>\n\t\t\t\t<\/div>\n\t\t<div class=\"elementor-element elementor-element-aac12f8 e-con-full e-flex elementor-invisible e-con e-child\" data-id=\"aac12f8\" data-element_type=\"container\" data-e-type=\"container\" data-settings=\"{&quot;animation&quot;:&quot;fadeInUp&quot;}\">\n\t\t\t\t<div class=\"elementor-element elementor-element-0c8df65 elementor-widget__width-initial elementor-widget-mobile__width-inherit elementor-widget-tablet__width-inherit elementor-widget elementor-widget-text-editor\" data-id=\"0c8df65\" data-element_type=\"widget\" data-e-type=\"widget\" data-widget_type=\"text-editor.default\">\n\t\t\t\t\t\t\t\t\t<div class=\"ewa-rteLine\"><div class=\"ewa-rteLine\"><div class=\"ewa-rteLine\"><p data-start=\"108\" data-end=\"367\">La setmana passada Pau Llopis, com a representant del DS4M Mediterr\u00e1neo, va participar en l\u2019Observatory Logistic de Log\u00edstica d\u2019Emerg\u00e8ncia, un encontre organitzat per Logistop que va reunir experts i entitats compromeses amb la innovaci\u00f3 en l\u2019\u00e0mbit log\u00edstic.<\/p><p data-start=\"369\" data-end=\"578\">Durant la jornada vam tindre l\u2019oportunitat de compartir reflexions i presentar el paper fonamental que desenvolupen els Espais de Dades per a refor\u00e7ar la resili\u00e8ncia log\u00edstica davant situacions d\u2019emerg\u00e8ncia.<\/p><p data-start=\"580\" data-end=\"805\">Des de DS4M Mediterr\u00e1neo destaquem com la interoperabilitat, l\u2019acc\u00e9s segur a la informaci\u00f3 i la col\u00b7laboraci\u00f3 p\u00fablic-privada poden ser determinants en la presa de decisions cr\u00edtiques durant crisis o esdeveniments inesperats.<\/p><p data-start=\"807\" data-end=\"935\">Agra\u00efm a Logistop l\u2019excel\u00b7lent organitzaci\u00f3 i a tots els participants el seu inter\u00e8s i comprom\u00eds amb el futur de la log\u00edstica.<\/p><\/div><\/div><\/div>\t\t\t\t\t\t\t\t<\/div>\n\t\t\t\t<\/div>\n\t\t\t\t\t<\/div>\n\t\t\t\t<\/div>\n\t\t\t\t<\/div>\n\t\t","protected":false},"excerpt":{"rendered":"<p>El DS4M Mediterr\u00e1neo present a l&#8217;Observatori Log\u00edstic de Log\u00edstica d&#8217;Emerg\u00e8ncia Publicat el 26 de novembre de 2025 La setmana passada Pau Llopis, com a representant del DS4M Mediterr\u00e1neo, va participar en l\u2019Observatory Logistic de Log\u00edstica d\u2019Emerg\u00e8ncia, un encontre organitzat per Logistop que va reunir experts i entitats compromeses amb la innovaci\u00f3 en l\u2019\u00e0mbit log\u00edstic. Durant [&hellip;]<\/p>\n","protected":false},"author":1,"featured_media":0,"parent":0,"menu_order":0,"comment_status":"closed","ping_status":"closed","template":"","meta":{"footnotes":""},"class_list":["post-9643","page","type-page","status-publish","hentry"],"yoast_head":"<!-- This site is optimized with the Yoast SEO plugin v27.4 - https:\/\/yoast.com\/product\/yoast-seo-wordpress\/ -->\n<title>DS4M Mediterr\u00e1neo: El DS4M Mediterr\u00e1neo presenta a l&#039;Observatori Log\u00edstic de Log\u00edstica d&#039;Emerg\u00e8ncia<\/title>\n<meta name=\"description\" content=\"La setmana passada Pau Llopis, com a representant del DS4M Mediterr\u00e1neo, va participar en l\u2019Observatory Logistic de Log\u00edstica d\u2019Emerg\u00e8ncia, un encontre organitzat per Logistop que va reunir experts i entitats compromeses amb la innovaci\u00f3 en l\u2019\u00e0mbit log\u00edstic.\" \/>\n<meta name=\"robots\" content=\"index, follow, max-snippet:-1, max-image-preview:large, max-video-preview:-1\" \/>\n<link rel=\"canonical\" href=\"https:\/\/ds4mmed.uv.es\/index.php\/ca\/el-ds4m-mediterraneo-present-a-observatori-logistic-de-logistica-emergencia\/\" \/>\n<meta property=\"og:locale\" content=\"es_ES\" \/>\n<meta property=\"og:type\" content=\"article\" \/>\n<meta property=\"og:title\" content=\"DS4M Mediterr\u00e1neo: El DS4M Mediterr\u00e1neo presenta a l&#039;Observatori Log\u00edstic de Log\u00edstica d&#039;Emerg\u00e8ncia\" \/>\n<meta property=\"og:description\" content=\"La setmana passada Pau Llopis, com a representant del DS4M Mediterr\u00e1neo, va participar en l\u2019Observatory Logistic de Log\u00edstica d\u2019Emerg\u00e8ncia, un encontre organitzat per Logistop que va reunir experts i entitats compromeses amb la innovaci\u00f3 en l\u2019\u00e0mbit log\u00edstic.\" \/>\n<meta property=\"og:url\" content=\"https:\/\/ds4mmed.uv.es\/index.php\/ca\/el-ds4m-mediterraneo-present-a-observatori-logistic-de-logistica-emergencia\/\" \/>\n<meta property=\"og:site_name\" content=\"DS4M Mediterr\u00e1neo\" \/>\n<meta property=\"article:modified_time\" content=\"2025-12-17T14:27:18+00:00\" \/>\n<meta property=\"og:image\" content=\"https:\/\/ds4mmed.uv.es\/wp-content\/uploads\/2025\/12\/foto-noticia-31-1.png\" \/>\n<meta name=\"twitter:card\" content=\"summary_large_image\" \/>\n<meta name=\"twitter:label1\" content=\"Tiempo de lectura\" \/>\n\t<meta name=\"twitter:data1\" content=\"1 minuto\" \/>\n<script type=\"application\/ld+json\" class=\"yoast-schema-graph\">{\"@context\":\"https:\\\/\\\/schema.org\",\"@graph\":[{\"@type\":\"WebPage\",\"@id\":\"https:\\\/\\\/ds4mmed.uv.es\\\/index.php\\\/ca\\\/el-ds4m-mediterraneo-present-a-observatori-logistic-de-logistica-emergencia\\\/\",\"url\":\"https:\\\/\\\/ds4mmed.uv.es\\\/index.php\\\/ca\\\/el-ds4m-mediterraneo-present-a-observatori-logistic-de-logistica-emergencia\\\/\",\"name\":\"DS4M Mediterr\u00e1neo: El DS4M Mediterr\u00e1neo presenta a l'Observatori Log\u00edstic de Log\u00edstica d'Emerg\u00e8ncia\",\"isPartOf\":{\"@id\":\"https:\\\/\\\/ds4mmed.uv.es\\\/#website\"},\"primaryImageOfPage\":{\"@id\":\"https:\\\/\\\/ds4mmed.uv.es\\\/index.php\\\/ca\\\/el-ds4m-mediterraneo-present-a-observatori-logistic-de-logistica-emergencia\\\/#primaryimage\"},\"image\":{\"@id\":\"https:\\\/\\\/ds4mmed.uv.es\\\/index.php\\\/ca\\\/el-ds4m-mediterraneo-present-a-observatori-logistic-de-logistica-emergencia\\\/#primaryimage\"},\"thumbnailUrl\":\"https:\\\/\\\/ds4mmed.uv.es\\\/wp-content\\\/uploads\\\/2025\\\/12\\\/foto-noticia-31-1.png\",\"datePublished\":\"2025-12-04T12:37:02+00:00\",\"dateModified\":\"2025-12-17T14:27:18+00:00\",\"description\":\"La setmana passada Pau Llopis, com a representant del DS4M Mediterr\u00e1neo, va participar en l\u2019Observatory Logistic de Log\u00edstica d\u2019Emerg\u00e8ncia, un encontre organitzat per Logistop que va reunir experts i entitats compromeses amb la innovaci\u00f3 en l\u2019\u00e0mbit log\u00edstic.\",\"breadcrumb\":{\"@id\":\"https:\\\/\\\/ds4mmed.uv.es\\\/index.php\\\/ca\\\/el-ds4m-mediterraneo-present-a-observatori-logistic-de-logistica-emergencia\\\/#breadcrumb\"},\"inLanguage\":\"es\",\"potentialAction\":[{\"@type\":\"ReadAction\",\"target\":[\"https:\\\/\\\/ds4mmed.uv.es\\\/index.php\\\/ca\\\/el-ds4m-mediterraneo-present-a-observatori-logistic-de-logistica-emergencia\\\/\"]}]},{\"@type\":\"ImageObject\",\"inLanguage\":\"es\",\"@id\":\"https:\\\/\\\/ds4mmed.uv.es\\\/index.php\\\/ca\\\/el-ds4m-mediterraneo-present-a-observatori-logistic-de-logistica-emergencia\\\/#primaryimage\",\"url\":\"https:\\\/\\\/ds4mmed.uv.es\\\/wp-content\\\/uploads\\\/2025\\\/12\\\/foto-noticia-31-1.png\",\"contentUrl\":\"https:\\\/\\\/ds4mmed.uv.es\\\/wp-content\\\/uploads\\\/2025\\\/12\\\/foto-noticia-31-1.png\",\"width\":621,\"height\":465},{\"@type\":\"BreadcrumbList\",\"@id\":\"https:\\\/\\\/ds4mmed.uv.es\\\/index.php\\\/ca\\\/el-ds4m-mediterraneo-present-a-observatori-logistic-de-logistica-emergencia\\\/#breadcrumb\",\"itemListElement\":[{\"@type\":\"ListItem\",\"position\":1,\"name\":\"Portada\",\"item\":\"https:\\\/\\\/ds4mmed.uv.es\\\/index.php\\\/es\\\/\"},{\"@type\":\"ListItem\",\"position\":2,\"name\":\"Noticia 31 &#8211; El DS4M Mediterr\u00e1neo presenta a l&#8217;Observatori Log\u00edstic de Log\u00edstica d&#8217;Emerg\u00e8ncia\"}]},{\"@type\":\"WebSite\",\"@id\":\"https:\\\/\\\/ds4mmed.uv.es\\\/#website\",\"url\":\"https:\\\/\\\/ds4mmed.uv.es\\\/\",\"name\":\"DS4M Mediterr\u00e1neo\",\"description\":\"\",\"publisher\":{\"@id\":\"https:\\\/\\\/ds4mmed.uv.es\\\/#organization\"},\"potentialAction\":[{\"@type\":\"SearchAction\",\"target\":{\"@type\":\"EntryPoint\",\"urlTemplate\":\"https:\\\/\\\/ds4mmed.uv.es\\\/?s={search_term_string}\"},\"query-input\":{\"@type\":\"PropertyValueSpecification\",\"valueRequired\":true,\"valueName\":\"search_term_string\"}}],\"inLanguage\":\"es\"},{\"@type\":\"Organization\",\"@id\":\"https:\\\/\\\/ds4mmed.uv.es\\\/#organization\",\"name\":\"DS4M Mediterr\u00e1neo\",\"url\":\"https:\\\/\\\/ds4mmed.uv.es\\\/\",\"logo\":{\"@type\":\"ImageObject\",\"inLanguage\":\"es\",\"@id\":\"https:\\\/\\\/ds4mmed.uv.es\\\/#\\\/schema\\\/logo\\\/image\\\/\",\"url\":\"https:\\\/\\\/ds4mmed.uv.es\\\/wp-content\\\/uploads\\\/2025\\\/07\\\/Logo-cambio-resolucion-scaled.png\",\"contentUrl\":\"https:\\\/\\\/ds4mmed.uv.es\\\/wp-content\\\/uploads\\\/2025\\\/07\\\/Logo-cambio-resolucion-scaled.png\",\"width\":2560,\"height\":980,\"caption\":\"DS4M Mediterr\u00e1neo\"},\"image\":{\"@id\":\"https:\\\/\\\/ds4mmed.uv.es\\\/#\\\/schema\\\/logo\\\/image\\\/\"}}]}<\/script>\n<!-- \/ Yoast SEO plugin. -->","yoast_head_json":{"title":"DS4M Mediterr\u00e1neo: El DS4M Mediterr\u00e1neo presenta a l'Observatori Log\u00edstic de Log\u00edstica d'Emerg\u00e8ncia","description":"La setmana passada Pau Llopis, com a representant del DS4M Mediterr\u00e1neo, va participar en l\u2019Observatory Logistic de Log\u00edstica d\u2019Emerg\u00e8ncia, un encontre organitzat per Logistop que va reunir experts i entitats compromeses amb la innovaci\u00f3 en l\u2019\u00e0mbit log\u00edstic.","robots":{"index":"index","follow":"follow","max-snippet":"max-snippet:-1","max-image-preview":"max-image-preview:large","max-video-preview":"max-video-preview:-1"},"canonical":"https:\/\/ds4mmed.uv.es\/index.php\/ca\/el-ds4m-mediterraneo-present-a-observatori-logistic-de-logistica-emergencia\/","og_locale":"es_ES","og_type":"article","og_title":"DS4M Mediterr\u00e1neo: El DS4M Mediterr\u00e1neo presenta a l'Observatori Log\u00edstic de Log\u00edstica d'Emerg\u00e8ncia","og_description":"La setmana passada Pau Llopis, com a representant del DS4M Mediterr\u00e1neo, va participar en l\u2019Observatory Logistic de Log\u00edstica d\u2019Emerg\u00e8ncia, un encontre organitzat per Logistop que va reunir experts i entitats compromeses amb la innovaci\u00f3 en l\u2019\u00e0mbit log\u00edstic.","og_url":"https:\/\/ds4mmed.uv.es\/index.php\/ca\/el-ds4m-mediterraneo-present-a-observatori-logistic-de-logistica-emergencia\/","og_site_name":"DS4M Mediterr\u00e1neo","article_modified_time":"2025-12-17T14:27:18+00:00","og_image":[{"url":"https:\/\/ds4mmed.uv.es\/wp-content\/uploads\/2025\/12\/foto-noticia-31-1.png","type":"","width":"","height":""}],"twitter_card":"summary_large_image","twitter_misc":{"Tiempo de lectura":"1 minuto"},"schema":{"@context":"https:\/\/schema.org","@graph":[{"@type":"WebPage","@id":"https:\/\/ds4mmed.uv.es\/index.php\/ca\/el-ds4m-mediterraneo-present-a-observatori-logistic-de-logistica-emergencia\/","url":"https:\/\/ds4mmed.uv.es\/index.php\/ca\/el-ds4m-mediterraneo-present-a-observatori-logistic-de-logistica-emergencia\/","name":"DS4M Mediterr\u00e1neo: El DS4M Mediterr\u00e1neo presenta a l'Observatori Log\u00edstic de Log\u00edstica d'Emerg\u00e8ncia","isPartOf":{"@id":"https:\/\/ds4mmed.uv.es\/#website"},"primaryImageOfPage":{"@id":"https:\/\/ds4mmed.uv.es\/index.php\/ca\/el-ds4m-mediterraneo-present-a-observatori-logistic-de-logistica-emergencia\/#primaryimage"},"image":{"@id":"https:\/\/ds4mmed.uv.es\/index.php\/ca\/el-ds4m-mediterraneo-present-a-observatori-logistic-de-logistica-emergencia\/#primaryimage"},"thumbnailUrl":"https:\/\/ds4mmed.uv.es\/wp-content\/uploads\/2025\/12\/foto-noticia-31-1.png","datePublished":"2025-12-04T12:37:02+00:00","dateModified":"2025-12-17T14:27:18+00:00","description":"La setmana passada Pau Llopis, com a representant del DS4M Mediterr\u00e1neo, va participar en l\u2019Observatory Logistic de Log\u00edstica d\u2019Emerg\u00e8ncia, un encontre organitzat per Logistop que va reunir experts i entitats compromeses amb la innovaci\u00f3 en l\u2019\u00e0mbit log\u00edstic.","breadcrumb":{"@id":"https:\/\/ds4mmed.uv.es\/index.php\/ca\/el-ds4m-mediterraneo-present-a-observatori-logistic-de-logistica-emergencia\/#breadcrumb"},"inLanguage":"es","potentialAction":[{"@type":"ReadAction","target":["https:\/\/ds4mmed.uv.es\/index.php\/ca\/el-ds4m-mediterraneo-present-a-observatori-logistic-de-logistica-emergencia\/"]}]},{"@type":"ImageObject","inLanguage":"es","@id":"https:\/\/ds4mmed.uv.es\/index.php\/ca\/el-ds4m-mediterraneo-present-a-observatori-logistic-de-logistica-emergencia\/#primaryimage","url":"https:\/\/ds4mmed.uv.es\/wp-content\/uploads\/2025\/12\/foto-noticia-31-1.png","contentUrl":"https:\/\/ds4mmed.uv.es\/wp-content\/uploads\/2025\/12\/foto-noticia-31-1.png","width":621,"height":465},{"@type":"BreadcrumbList","@id":"https:\/\/ds4mmed.uv.es\/index.php\/ca\/el-ds4m-mediterraneo-present-a-observatori-logistic-de-logistica-emergencia\/#breadcrumb","itemListElement":[{"@type":"ListItem","position":1,"name":"Portada","item":"https:\/\/ds4mmed.uv.es\/index.php\/es\/"},{"@type":"ListItem","position":2,"name":"Noticia 31 &#8211; El DS4M Mediterr\u00e1neo presenta a l&#8217;Observatori Log\u00edstic de Log\u00edstica d&#8217;Emerg\u00e8ncia"}]},{"@type":"WebSite","@id":"https:\/\/ds4mmed.uv.es\/#website","url":"https:\/\/ds4mmed.uv.es\/","name":"DS4M Mediterr\u00e1neo","description":"","publisher":{"@id":"https:\/\/ds4mmed.uv.es\/#organization"},"potentialAction":[{"@type":"SearchAction","target":{"@type":"EntryPoint","urlTemplate":"https:\/\/ds4mmed.uv.es\/?s={search_term_string}"},"query-input":{"@type":"PropertyValueSpecification","valueRequired":true,"valueName":"search_term_string"}}],"inLanguage":"es"},{"@type":"Organization","@id":"https:\/\/ds4mmed.uv.es\/#organization","name":"DS4M Mediterr\u00e1neo","url":"https:\/\/ds4mmed.uv.es\/","logo":{"@type":"ImageObject","inLanguage":"es","@id":"https:\/\/ds4mmed.uv.es\/#\/schema\/logo\/image\/","url":"https:\/\/ds4mmed.uv.es\/wp-content\/uploads\/2025\/07\/Logo-cambio-resolucion-scaled.png","contentUrl":"https:\/\/ds4mmed.uv.es\/wp-content\/uploads\/2025\/07\/Logo-cambio-resolucion-scaled.png","width":2560,"height":980,"caption":"DS4M Mediterr\u00e1neo"},"image":{"@id":"https:\/\/ds4mmed.uv.es\/#\/schema\/logo\/image\/"}}]}},"_links":{"self":[{"href":"https:\/\/ds4mmed.uv.es\/index.php\/wp-json\/wp\/v2\/pages\/9643","targetHints":{"allow":["GET"]}}],"collection":[{"href":"https:\/\/ds4mmed.uv.es\/index.php\/wp-json\/wp\/v2\/pages"}],"about":[{"href":"https:\/\/ds4mmed.uv.es\/index.php\/wp-json\/wp\/v2\/types\/page"}],"author":[{"embeddable":true,"href":"https:\/\/ds4mmed.uv.es\/index.php\/wp-json\/wp\/v2\/users\/1"}],"replies":[{"embeddable":true,"href":"https:\/\/ds4mmed.uv.es\/index.php\/wp-json\/wp\/v2\/comments?post=9643"}],"version-history":[{"count":11,"href":"https:\/\/ds4mmed.uv.es\/index.php\/wp-json\/wp\/v2\/pages\/9643\/revisions"}],"predecessor-version":[{"id":9721,"href":"https:\/\/ds4mmed.uv.es\/index.php\/wp-json\/wp\/v2\/pages\/9643\/revisions\/9721"}],"wp:attachment":[{"href":"https:\/\/ds4mmed.uv.es\/index.php\/wp-json\/wp\/v2\/media?parent=9643"}],"curies":[{"name":"wp","href":"https:\/\/api.w.org\/{rel}","templated":true}]}}