{"id":9627,"date":"2025-12-04T13:26:52","date_gmt":"2025-12-04T12:26:52","guid":{"rendered":"https:\/\/ds4mmed.uv.es\/?page_id=9627"},"modified":"2025-12-17T15:30:58","modified_gmt":"2025-12-17T14:30:58","slug":"8-business-event-for-the-mediterranean-corridor","status":"publish","type":"page","link":"https:\/\/ds4mmed.uv.es\/index.php\/en\/8-business-event-for-the-mediterranean-corridor\/","title":{"rendered":"Noticia 30 &#8211; 8 business event for the Mediterranean Corridor"},"content":{"rendered":"\t\t<div data-elementor-type=\"wp-page\" data-elementor-id=\"9627\" class=\"elementor elementor-9627\">\n\t\t\t\t<div class=\"elementor-element elementor-element-6c62525 e-flex e-con-boxed e-con e-child\" data-id=\"6c62525\" data-element_type=\"container\" data-e-type=\"container\" data-settings=\"{&quot;background_background&quot;:&quot;classic&quot;}\">\n\t\t\t\t\t<div class=\"e-con-inner\">\n\t\t<div class=\"elementor-element elementor-element-6debc5d e-con-full e-flex e-con e-child\" data-id=\"6debc5d\" data-element_type=\"container\" data-e-type=\"container\">\n\t\t<div class=\"elementor-element elementor-element-3b5bf26 e-con-full e-flex elementor-invisible e-con e-child\" data-id=\"3b5bf26\" data-element_type=\"container\" data-e-type=\"container\" data-settings=\"{&quot;animation&quot;:&quot;fadeInLeft&quot;}\">\n\t\t\t\t<div class=\"elementor-element elementor-element-da9e6f3 elementor-widget elementor-widget-heading\" data-id=\"da9e6f3\" data-element_type=\"widget\" data-e-type=\"widget\" data-widget_type=\"heading.default\">\n\t\t\t\t\t<h1 class=\"elementor-heading-title elementor-size-default\">8 business event for the Mediterranean Corridor<\/h1>\t\t\t\t<\/div>\n\t\t\t\t<div class=\"elementor-element elementor-element-e2a4a87 elementor-icon-list--layout-inline elementor-align-center elementor-list-item-link-full_width elementor-widget elementor-widget-icon-list\" data-id=\"e2a4a87\" data-element_type=\"widget\" data-e-type=\"widget\" data-widget_type=\"icon-list.default\">\n\t\t\t\t\t\t\t<ul class=\"elementor-icon-list-items elementor-inline-items\">\n\t\t\t\t\t\t\t<li class=\"elementor-icon-list-item elementor-inline-item\">\n\t\t\t\t\t\t\t\t\t\t<span class=\"elementor-icon-list-text\">Published on November 20, 2025<\/span>\n\t\t\t\t\t\t\t\t\t<\/li>\n\t\t\t\t\t\t<\/ul>\n\t\t\t\t\t\t<\/div>\n\t\t\t\t<\/div>\n\t\t\t\t<div class=\"elementor-element elementor-element-89ea136 elementor-invisible elementor-widget elementor-widget-image\" data-id=\"89ea136\" data-element_type=\"widget\" data-e-type=\"widget\" data-settings=\"{&quot;_animation&quot;:&quot;fadeInRight&quot;}\" data-widget_type=\"image.default\">\n\t\t\t\t\t\t\t\t\t\t\t\t\t\t\t<img fetchpriority=\"high\" decoding=\"async\" width=\"469\" height=\"594\" src=\"https:\/\/ds4mmed.uv.es\/wp-content\/uploads\/2025\/12\/foto-noticia-30-1.png\" class=\"attachment-full size-full wp-image-9618\" alt=\"\" srcset=\"https:\/\/ds4mmed.uv.es\/wp-content\/uploads\/2025\/12\/foto-noticia-30-1.png 469w, https:\/\/ds4mmed.uv.es\/wp-content\/uploads\/2025\/12\/foto-noticia-30-1-237x300.png 237w\" sizes=\"(max-width: 469px) 100vw, 469px\" \/>\t\t\t\t\t\t\t\t\t\t\t\t\t\t\t<\/div>\n\t\t\t\t<\/div>\n\t\t<div class=\"elementor-element elementor-element-aac12f8 e-con-full e-flex elementor-invisible e-con e-child\" data-id=\"aac12f8\" data-element_type=\"container\" data-e-type=\"container\" data-settings=\"{&quot;animation&quot;:&quot;fadeInUp&quot;}\">\n\t\t\t\t<div class=\"elementor-element elementor-element-0c8df65 elementor-widget__width-initial elementor-widget-mobile__width-inherit elementor-widget-tablet__width-inherit elementor-widget elementor-widget-text-editor\" data-id=\"0c8df65\" data-element_type=\"widget\" data-e-type=\"widget\" data-widget_type=\"text-editor.default\">\n\t\t\t\t\t\t\t\t\t<div class=\"ewa-rteLine\"><div class=\"ewa-rteLine\"><div class=\"ewa-rteLine\">On November 20, Prof. Dr. Francisco Alonso represented the DS4M Mediterr\u00e1neo project at the 8th Business Event for the Mediterranean Corridor, held at Roig Arena in Valencia.<\/div><div class=\"ewa-rteLine\"><br data-start=\"259\" data-end=\"262\" \/>This meeting brought together prominent business and institutional leaders to advocate for the completion of this key infrastructure for the country\u2019s competitiveness and territorial cohesion through the Mediterranean Corridor.<\/div><div class=\"ewa-rteLine\"><br data-start=\"489\" data-end=\"492\" \/>The event featured a speech by Vicente Boluda Ceballos, a dialogue on Europe between Josep Vicent Boira and Mathieu Grosch, and an interview with \u00d3scar Puente, Minister of Transport and Sustainable Mobility.<\/div><div class=\"ewa-rteLine\"><br data-start=\"699\" data-end=\"702\" \/>The day concluded with a roundtable including figures such as Tom\u00e1s Fuertes, Sandra Garc\u00eda-Sanju\u00e1n, Jorge Mart\u00ednez, and Marc Puig, who highlighted the strategic importance of the Mediterranean Corridor.<\/div><div class=\"ewa-rteLine\"><br data-start=\"904\" data-end=\"907\" data-is-only-node=\"\" \/>At DS4M Mediterr\u00e1neo, we value this event as an opportunity to understand the keys to the development of the Mediterranean Corridor through sustainable, connected, efficient, safe, inclusive, and responsible mobility.<\/div><\/div><\/div>\t\t\t\t\t\t\t\t<\/div>\n\t\t\t\t<\/div>\n\t\t\t\t\t<\/div>\n\t\t\t\t<\/div>\n\t\t\t\t<\/div>\n\t\t","protected":false},"excerpt":{"rendered":"<p>8 business event for the Mediterranean Corridor Published on November 20, 2025 On November 20, Prof. Dr. Francisco Alonso represented the DS4M Mediterr\u00e1neo project at the 8th Business Event for the Mediterranean Corridor, held at Roig Arena in Valencia.This meeting brought together prominent business and institutional leaders to advocate for the completion of this key [&hellip;]<\/p>\n","protected":false},"author":1,"featured_media":0,"parent":0,"menu_order":0,"comment_status":"closed","ping_status":"closed","template":"","meta":{"footnotes":""},"class_list":["post-9627","page","type-page","status-publish","hentry"],"yoast_head":"<!-- This site is optimized with the Yoast SEO plugin v27.4 - https:\/\/yoast.com\/product\/yoast-seo-wordpress\/ -->\n<title>DS4M Mediterr\u00e1neo: 8 business event for the Mediterranean Corridor<\/title>\n<meta name=\"description\" content=\"On November 20, Prof. Dr. Francisco Alonso represented the DS4M Mediterr\u00e1neo project at the 8th Business Event for the Mediterranean Corridor, held at Roig Arena in Valencia.\" \/>\n<meta name=\"robots\" content=\"index, follow, max-snippet:-1, max-image-preview:large, max-video-preview:-1\" \/>\n<link rel=\"canonical\" href=\"https:\/\/ds4mmed.uv.es\/index.php\/en\/8-business-event-for-the-mediterranean-corridor\/\" \/>\n<meta property=\"og:locale\" content=\"es_ES\" \/>\n<meta property=\"og:type\" content=\"article\" \/>\n<meta property=\"og:title\" content=\"DS4M Mediterr\u00e1neo: 8 business event for the Mediterranean Corridor\" \/>\n<meta property=\"og:description\" content=\"On November 20, Prof. Dr. Francisco Alonso represented the DS4M Mediterr\u00e1neo project at the 8th Business Event for the Mediterranean Corridor, held at Roig Arena in Valencia.\" \/>\n<meta property=\"og:url\" content=\"https:\/\/ds4mmed.uv.es\/index.php\/en\/8-business-event-for-the-mediterranean-corridor\/\" \/>\n<meta property=\"og:site_name\" content=\"DS4M Mediterr\u00e1neo\" \/>\n<meta property=\"article:modified_time\" content=\"2025-12-17T14:30:58+00:00\" \/>\n<meta property=\"og:image\" content=\"https:\/\/ds4mmed.uv.es\/wp-content\/uploads\/2025\/12\/foto-noticia-30-1.png\" \/>\n<meta name=\"twitter:card\" content=\"summary_large_image\" \/>\n<meta name=\"twitter:label1\" content=\"Tiempo de lectura\" \/>\n\t<meta name=\"twitter:data1\" content=\"1 minuto\" \/>\n<script type=\"application\/ld+json\" class=\"yoast-schema-graph\">{\"@context\":\"https:\\\/\\\/schema.org\",\"@graph\":[{\"@type\":\"WebPage\",\"@id\":\"https:\\\/\\\/ds4mmed.uv.es\\\/index.php\\\/en\\\/8-business-event-for-the-mediterranean-corridor\\\/\",\"url\":\"https:\\\/\\\/ds4mmed.uv.es\\\/index.php\\\/en\\\/8-business-event-for-the-mediterranean-corridor\\\/\",\"name\":\"DS4M Mediterr\u00e1neo: 8 business event for the Mediterranean Corridor\",\"isPartOf\":{\"@id\":\"https:\\\/\\\/ds4mmed.uv.es\\\/#website\"},\"primaryImageOfPage\":{\"@id\":\"https:\\\/\\\/ds4mmed.uv.es\\\/index.php\\\/en\\\/8-business-event-for-the-mediterranean-corridor\\\/#primaryimage\"},\"image\":{\"@id\":\"https:\\\/\\\/ds4mmed.uv.es\\\/index.php\\\/en\\\/8-business-event-for-the-mediterranean-corridor\\\/#primaryimage\"},\"thumbnailUrl\":\"https:\\\/\\\/ds4mmed.uv.es\\\/wp-content\\\/uploads\\\/2025\\\/12\\\/foto-noticia-30-1.png\",\"datePublished\":\"2025-12-04T12:26:52+00:00\",\"dateModified\":\"2025-12-17T14:30:58+00:00\",\"description\":\"On November 20, Prof. Dr. Francisco Alonso represented the DS4M Mediterr\u00e1neo project at the 8th Business Event for the Mediterranean Corridor, held at Roig Arena in Valencia.\",\"breadcrumb\":{\"@id\":\"https:\\\/\\\/ds4mmed.uv.es\\\/index.php\\\/en\\\/8-business-event-for-the-mediterranean-corridor\\\/#breadcrumb\"},\"inLanguage\":\"es\",\"potentialAction\":[{\"@type\":\"ReadAction\",\"target\":[\"https:\\\/\\\/ds4mmed.uv.es\\\/index.php\\\/en\\\/8-business-event-for-the-mediterranean-corridor\\\/\"]}]},{\"@type\":\"ImageObject\",\"inLanguage\":\"es\",\"@id\":\"https:\\\/\\\/ds4mmed.uv.es\\\/index.php\\\/en\\\/8-business-event-for-the-mediterranean-corridor\\\/#primaryimage\",\"url\":\"https:\\\/\\\/ds4mmed.uv.es\\\/wp-content\\\/uploads\\\/2025\\\/12\\\/foto-noticia-30-1.png\",\"contentUrl\":\"https:\\\/\\\/ds4mmed.uv.es\\\/wp-content\\\/uploads\\\/2025\\\/12\\\/foto-noticia-30-1.png\",\"width\":469,\"height\":594},{\"@type\":\"BreadcrumbList\",\"@id\":\"https:\\\/\\\/ds4mmed.uv.es\\\/index.php\\\/en\\\/8-business-event-for-the-mediterranean-corridor\\\/#breadcrumb\",\"itemListElement\":[{\"@type\":\"ListItem\",\"position\":1,\"name\":\"Portada\",\"item\":\"https:\\\/\\\/ds4mmed.uv.es\\\/index.php\\\/es\\\/\"},{\"@type\":\"ListItem\",\"position\":2,\"name\":\"Noticia 30 &#8211; 8 business event for the Mediterranean Corridor\"}]},{\"@type\":\"WebSite\",\"@id\":\"https:\\\/\\\/ds4mmed.uv.es\\\/#website\",\"url\":\"https:\\\/\\\/ds4mmed.uv.es\\\/\",\"name\":\"DS4M Mediterr\u00e1neo\",\"description\":\"\",\"publisher\":{\"@id\":\"https:\\\/\\\/ds4mmed.uv.es\\\/#organization\"},\"potentialAction\":[{\"@type\":\"SearchAction\",\"target\":{\"@type\":\"EntryPoint\",\"urlTemplate\":\"https:\\\/\\\/ds4mmed.uv.es\\\/?s={search_term_string}\"},\"query-input\":{\"@type\":\"PropertyValueSpecification\",\"valueRequired\":true,\"valueName\":\"search_term_string\"}}],\"inLanguage\":\"es\"},{\"@type\":\"Organization\",\"@id\":\"https:\\\/\\\/ds4mmed.uv.es\\\/#organization\",\"name\":\"DS4M Mediterr\u00e1neo\",\"url\":\"https:\\\/\\\/ds4mmed.uv.es\\\/\",\"logo\":{\"@type\":\"ImageObject\",\"inLanguage\":\"es\",\"@id\":\"https:\\\/\\\/ds4mmed.uv.es\\\/#\\\/schema\\\/logo\\\/image\\\/\",\"url\":\"https:\\\/\\\/ds4mmed.uv.es\\\/wp-content\\\/uploads\\\/2025\\\/07\\\/Logo-cambio-resolucion-scaled.png\",\"contentUrl\":\"https:\\\/\\\/ds4mmed.uv.es\\\/wp-content\\\/uploads\\\/2025\\\/07\\\/Logo-cambio-resolucion-scaled.png\",\"width\":2560,\"height\":980,\"caption\":\"DS4M Mediterr\u00e1neo\"},\"image\":{\"@id\":\"https:\\\/\\\/ds4mmed.uv.es\\\/#\\\/schema\\\/logo\\\/image\\\/\"}}]}<\/script>\n<!-- \/ Yoast SEO plugin. -->","yoast_head_json":{"title":"DS4M Mediterr\u00e1neo: 8 business event for the Mediterranean Corridor","description":"On November 20, Prof. Dr. Francisco Alonso represented the DS4M Mediterr\u00e1neo project at the 8th Business Event for the Mediterranean Corridor, held at Roig Arena in Valencia.","robots":{"index":"index","follow":"follow","max-snippet":"max-snippet:-1","max-image-preview":"max-image-preview:large","max-video-preview":"max-video-preview:-1"},"canonical":"https:\/\/ds4mmed.uv.es\/index.php\/en\/8-business-event-for-the-mediterranean-corridor\/","og_locale":"es_ES","og_type":"article","og_title":"DS4M Mediterr\u00e1neo: 8 business event for the Mediterranean Corridor","og_description":"On November 20, Prof. Dr. Francisco Alonso represented the DS4M Mediterr\u00e1neo project at the 8th Business Event for the Mediterranean Corridor, held at Roig Arena in Valencia.","og_url":"https:\/\/ds4mmed.uv.es\/index.php\/en\/8-business-event-for-the-mediterranean-corridor\/","og_site_name":"DS4M Mediterr\u00e1neo","article_modified_time":"2025-12-17T14:30:58+00:00","og_image":[{"url":"https:\/\/ds4mmed.uv.es\/wp-content\/uploads\/2025\/12\/foto-noticia-30-1.png","type":"","width":"","height":""}],"twitter_card":"summary_large_image","twitter_misc":{"Tiempo de lectura":"1 minuto"},"schema":{"@context":"https:\/\/schema.org","@graph":[{"@type":"WebPage","@id":"https:\/\/ds4mmed.uv.es\/index.php\/en\/8-business-event-for-the-mediterranean-corridor\/","url":"https:\/\/ds4mmed.uv.es\/index.php\/en\/8-business-event-for-the-mediterranean-corridor\/","name":"DS4M Mediterr\u00e1neo: 8 business event for the Mediterranean Corridor","isPartOf":{"@id":"https:\/\/ds4mmed.uv.es\/#website"},"primaryImageOfPage":{"@id":"https:\/\/ds4mmed.uv.es\/index.php\/en\/8-business-event-for-the-mediterranean-corridor\/#primaryimage"},"image":{"@id":"https:\/\/ds4mmed.uv.es\/index.php\/en\/8-business-event-for-the-mediterranean-corridor\/#primaryimage"},"thumbnailUrl":"https:\/\/ds4mmed.uv.es\/wp-content\/uploads\/2025\/12\/foto-noticia-30-1.png","datePublished":"2025-12-04T12:26:52+00:00","dateModified":"2025-12-17T14:30:58+00:00","description":"On November 20, Prof. Dr. Francisco Alonso represented the DS4M Mediterr\u00e1neo project at the 8th Business Event for the Mediterranean Corridor, held at Roig Arena in Valencia.","breadcrumb":{"@id":"https:\/\/ds4mmed.uv.es\/index.php\/en\/8-business-event-for-the-mediterranean-corridor\/#breadcrumb"},"inLanguage":"es","potentialAction":[{"@type":"ReadAction","target":["https:\/\/ds4mmed.uv.es\/index.php\/en\/8-business-event-for-the-mediterranean-corridor\/"]}]},{"@type":"ImageObject","inLanguage":"es","@id":"https:\/\/ds4mmed.uv.es\/index.php\/en\/8-business-event-for-the-mediterranean-corridor\/#primaryimage","url":"https:\/\/ds4mmed.uv.es\/wp-content\/uploads\/2025\/12\/foto-noticia-30-1.png","contentUrl":"https:\/\/ds4mmed.uv.es\/wp-content\/uploads\/2025\/12\/foto-noticia-30-1.png","width":469,"height":594},{"@type":"BreadcrumbList","@id":"https:\/\/ds4mmed.uv.es\/index.php\/en\/8-business-event-for-the-mediterranean-corridor\/#breadcrumb","itemListElement":[{"@type":"ListItem","position":1,"name":"Portada","item":"https:\/\/ds4mmed.uv.es\/index.php\/es\/"},{"@type":"ListItem","position":2,"name":"Noticia 30 &#8211; 8 business event for the Mediterranean Corridor"}]},{"@type":"WebSite","@id":"https:\/\/ds4mmed.uv.es\/#website","url":"https:\/\/ds4mmed.uv.es\/","name":"DS4M Mediterr\u00e1neo","description":"","publisher":{"@id":"https:\/\/ds4mmed.uv.es\/#organization"},"potentialAction":[{"@type":"SearchAction","target":{"@type":"EntryPoint","urlTemplate":"https:\/\/ds4mmed.uv.es\/?s={search_term_string}"},"query-input":{"@type":"PropertyValueSpecification","valueRequired":true,"valueName":"search_term_string"}}],"inLanguage":"es"},{"@type":"Organization","@id":"https:\/\/ds4mmed.uv.es\/#organization","name":"DS4M Mediterr\u00e1neo","url":"https:\/\/ds4mmed.uv.es\/","logo":{"@type":"ImageObject","inLanguage":"es","@id":"https:\/\/ds4mmed.uv.es\/#\/schema\/logo\/image\/","url":"https:\/\/ds4mmed.uv.es\/wp-content\/uploads\/2025\/07\/Logo-cambio-resolucion-scaled.png","contentUrl":"https:\/\/ds4mmed.uv.es\/wp-content\/uploads\/2025\/07\/Logo-cambio-resolucion-scaled.png","width":2560,"height":980,"caption":"DS4M Mediterr\u00e1neo"},"image":{"@id":"https:\/\/ds4mmed.uv.es\/#\/schema\/logo\/image\/"}}]}},"_links":{"self":[{"href":"https:\/\/ds4mmed.uv.es\/index.php\/wp-json\/wp\/v2\/pages\/9627","targetHints":{"allow":["GET"]}}],"collection":[{"href":"https:\/\/ds4mmed.uv.es\/index.php\/wp-json\/wp\/v2\/pages"}],"about":[{"href":"https:\/\/ds4mmed.uv.es\/index.php\/wp-json\/wp\/v2\/types\/page"}],"author":[{"embeddable":true,"href":"https:\/\/ds4mmed.uv.es\/index.php\/wp-json\/wp\/v2\/users\/1"}],"replies":[{"embeddable":true,"href":"https:\/\/ds4mmed.uv.es\/index.php\/wp-json\/wp\/v2\/comments?post=9627"}],"version-history":[{"count":10,"href":"https:\/\/ds4mmed.uv.es\/index.php\/wp-json\/wp\/v2\/pages\/9627\/revisions"}],"predecessor-version":[{"id":9733,"href":"https:\/\/ds4mmed.uv.es\/index.php\/wp-json\/wp\/v2\/pages\/9627\/revisions\/9733"}],"wp:attachment":[{"href":"https:\/\/ds4mmed.uv.es\/index.php\/wp-json\/wp\/v2\/media?parent=9627"}],"curies":[{"name":"wp","href":"https:\/\/api.w.org\/{rel}","templated":true}]}}