{"id":7303,"date":"2025-11-19T11:13:21","date_gmt":"2025-11-19T10:13:21","guid":{"rendered":"https:\/\/ds4mmed.uv.es\/?page_id=7303"},"modified":"2025-11-26T10:04:28","modified_gmt":"2025-11-26T09:04:28","slug":"ds4m-mediterraneo-xvi-congres-psicologia-juridica-forense","status":"publish","type":"page","link":"https:\/\/ds4mmed.uv.es\/index.php\/ca\/ds4m-mediterraneo-xvi-congres-psicologia-juridica-forense\/","title":{"rendered":"Noticia 25 &#8211; XVI Congr\u00e9s (Inter)Nacional de Psicolog\u00eda Jur\u00eddica i Forense"},"content":{"rendered":"\t\t<div data-elementor-type=\"wp-page\" data-elementor-id=\"7303\" class=\"elementor elementor-7303\">\n\t\t\t\t<div class=\"elementor-element elementor-element-6c62525 e-flex e-con-boxed e-con e-child\" data-id=\"6c62525\" data-element_type=\"container\" data-e-type=\"container\" data-settings=\"{&quot;background_background&quot;:&quot;classic&quot;}\">\n\t\t\t\t\t<div class=\"e-con-inner\">\n\t\t<div class=\"elementor-element elementor-element-6debc5d e-con-full e-flex e-con e-child\" data-id=\"6debc5d\" data-element_type=\"container\" data-e-type=\"container\">\n\t\t<div class=\"elementor-element elementor-element-3b5bf26 e-con-full e-flex elementor-invisible e-con e-child\" data-id=\"3b5bf26\" data-element_type=\"container\" data-e-type=\"container\" data-settings=\"{&quot;animation&quot;:&quot;fadeInLeft&quot;}\">\n\t\t\t\t<div class=\"elementor-element elementor-element-da9e6f3 elementor-widget elementor-widget-heading\" data-id=\"da9e6f3\" data-element_type=\"widget\" data-e-type=\"widget\" data-widget_type=\"heading.default\">\n\t\t\t\t\t<h1 class=\"elementor-heading-title elementor-size-default\">XVI Congr\u00e9s (Inter)Nacional de Psicolog\u00eda Jur\u00eddica i Forense\n<\/h1>\t\t\t\t<\/div>\n\t\t\t\t<div class=\"elementor-element elementor-element-e2a4a87 elementor-icon-list--layout-inline elementor-align-center elementor-list-item-link-full_width elementor-widget elementor-widget-icon-list\" data-id=\"e2a4a87\" data-element_type=\"widget\" data-e-type=\"widget\" data-widget_type=\"icon-list.default\">\n\t\t\t\t\t\t\t<ul class=\"elementor-icon-list-items elementor-inline-items\">\n\t\t\t\t\t\t\t<li class=\"elementor-icon-list-item elementor-inline-item\">\n\t\t\t\t\t\t\t\t\t\t<span class=\"elementor-icon-list-text\">Publicat el 23 d\u2019octubre de 2025<\/span>\n\t\t\t\t\t\t\t\t\t<\/li>\n\t\t\t\t\t\t<\/ul>\n\t\t\t\t\t\t<\/div>\n\t\t\t\t<\/div>\n\t\t\t\t<div class=\"elementor-element elementor-element-89ea136 elementor-invisible elementor-widget elementor-widget-image\" data-id=\"89ea136\" data-element_type=\"widget\" data-e-type=\"widget\" data-settings=\"{&quot;_animation&quot;:&quot;fadeInRight&quot;}\" data-widget_type=\"image.default\">\n\t\t\t\t\t\t\t\t\t\t\t\t\t\t\t<img fetchpriority=\"high\" decoding=\"async\" width=\"512\" height=\"239\" src=\"https:\/\/ds4mmed.uv.es\/wp-content\/uploads\/2025\/11\/sociedad-espanola-de-psico.png\" class=\"attachment-medium_large size-medium_large wp-image-5631\" alt=\"\" srcset=\"https:\/\/ds4mmed.uv.es\/wp-content\/uploads\/2025\/11\/sociedad-espanola-de-psico.png 512w, https:\/\/ds4mmed.uv.es\/wp-content\/uploads\/2025\/11\/sociedad-espanola-de-psico-300x140.png 300w\" sizes=\"(max-width: 512px) 100vw, 512px\" \/>\t\t\t\t\t\t\t\t\t\t\t\t\t\t\t<\/div>\n\t\t\t\t<\/div>\n\t\t<div class=\"elementor-element elementor-element-aac12f8 e-con-full e-flex elementor-invisible e-con e-child\" data-id=\"aac12f8\" data-element_type=\"container\" data-e-type=\"container\" data-settings=\"{&quot;animation&quot;:&quot;fadeInUp&quot;}\">\n\t\t\t\t<div class=\"elementor-element elementor-element-0c8df65 elementor-widget__width-initial elementor-widget-mobile__width-inherit elementor-widget-tablet__width-inherit elementor-widget elementor-widget-text-editor\" data-id=\"0c8df65\" data-element_type=\"widget\" data-e-type=\"widget\" data-widget_type=\"text-editor.default\">\n\t\t\t\t\t\t\t\t\t<div>\n<p>Del 23 al 25 d\u2019octubre part de l\u2019equip del DS4M Mediterr\u00e1neo va participar en el Congr\u00e9s (Inter)Nacional de Psicologia Jur\u00eddica i Forense, organitzat per la Sociedad Espa\u00f1ola de Psicolog\u00eda Jur\u00eddica y Forense. Una trobada de refer\u00e8ncia en l\u2019\u00e0mbit jur\u00eddic i psicol\u00f2gic, que va reunir experts nacionals i internacionals per abordar els grans reptes de la disciplina.<\/p>\n<p>Durant el congr\u00e9s, Jos\u00e9 Ignacio Docavo va presentar la pon\u00e8ncia \u201cTransposici\u00f3 de la Normativa Europea sobre els Espais de Dades\u201d, mentre que el Dr. Francisco Alonso, la Dra. Cristina Esteban i la Dra. Mireia Faus van participar amb la intervenci\u00f3 \u201cEspai de Dades en mobilitat i seguretat vi\u00e0ria: reptes jur\u00eddics i de governan\u00e7a\u201d en el Simposi \u201cAlgunes dimensions jur\u00eddiques de la psicologia del tr\u00e0nsit i de la seguretat\u201d. Ambdues pon\u00e8ncies van posar en valor l\u2019enfocament jur\u00eddic i \u00e8tic del projecte DS4M Mediterr\u00e1neo.<\/p>\n<p>La participaci\u00f3 en aquest esdeveniment va permetre visibilitzar els aven\u00e7os del DS4M Mediterr\u00e1neo i refor\u00e7ar el di\u00e0leg amb experts en mobilitat, dades i governan\u00e7a. Agra\u00efm a l\u2019organitzaci\u00f3 per l\u2019espai i a totes les persones que van mostrar inter\u00e8s per con\u00e8ixer la nostra iniciativa. Seguim construint ponts entre la ci\u00e8ncia, el dret i la mobilitat sostenible.<\/p>\n<\/div>\t\t\t\t\t\t\t\t<\/div>\n\t\t\t\t<\/div>\n\t\t\t\t\t<\/div>\n\t\t\t\t<\/div>\n\t\t\t\t<\/div>\n\t\t","protected":false},"excerpt":{"rendered":"<p>XVI Congr\u00e9s (Inter)Nacional de Psicolog\u00eda Jur\u00eddica i Forense Publicat el 23 d\u2019octubre de 2025 Del 23 al 25 d\u2019octubre part de l\u2019equip del DS4M Mediterr\u00e1neo va participar en el Congr\u00e9s (Inter)Nacional de Psicologia Jur\u00eddica i Forense, organitzat per la Sociedad Espa\u00f1ola de Psicolog\u00eda Jur\u00eddica y Forense. Una trobada de refer\u00e8ncia en l\u2019\u00e0mbit jur\u00eddic i psicol\u00f2gic, [&hellip;]<\/p>\n","protected":false},"author":1,"featured_media":0,"parent":0,"menu_order":0,"comment_status":"closed","ping_status":"closed","template":"","meta":{"footnotes":""},"class_list":["post-7303","page","type-page","status-publish","hentry"],"yoast_head":"<!-- This site is optimized with the Yoast SEO plugin v27.4 - https:\/\/yoast.com\/product\/yoast-seo-wordpress\/ -->\n<title>DS4M Mediterr\u00e1neo \u2013 Participaci\u00f3 en el XVI Congr\u00e9s (Inter)Nacional de Psicolog\u00eda Jur\u00eddica i Forense<\/title>\n<meta name=\"description\" content=\"L\u2019equip del DS4M Mediterr\u00e1neo participa en el XVI Congr\u00e9s (Inter)Nacional de Psicologia Jur\u00eddica i Forense, presentant pon\u00e8ncies sobre normativa europea, espais de dades i reptes jur\u00eddics en mobilitat i seguretat vi\u00e0ria.\" \/>\n<meta name=\"robots\" content=\"index, follow, max-snippet:-1, max-image-preview:large, max-video-preview:-1\" \/>\n<link rel=\"canonical\" href=\"https:\/\/ds4mmed.uv.es\/index.php\/ca\/ds4m-mediterraneo-xvi-congres-psicologia-juridica-forense\/\" \/>\n<meta property=\"og:locale\" content=\"es_ES\" \/>\n<meta property=\"og:type\" content=\"article\" \/>\n<meta property=\"og:title\" content=\"DS4M Mediterr\u00e1neo \u2013 Participaci\u00f3 en el XVI Congr\u00e9s (Inter)Nacional de Psicolog\u00eda Jur\u00eddica i Forense\" \/>\n<meta property=\"og:description\" content=\"L\u2019equip del DS4M Mediterr\u00e1neo participa en el XVI Congr\u00e9s (Inter)Nacional de Psicologia Jur\u00eddica i Forense, presentant pon\u00e8ncies sobre normativa europea, espais de dades i reptes jur\u00eddics en mobilitat i seguretat vi\u00e0ria.\" \/>\n<meta property=\"og:url\" content=\"https:\/\/ds4mmed.uv.es\/index.php\/ca\/ds4m-mediterraneo-xvi-congres-psicologia-juridica-forense\/\" \/>\n<meta property=\"og:site_name\" content=\"DS4M Mediterr\u00e1neo\" \/>\n<meta property=\"article:modified_time\" content=\"2025-11-26T09:04:28+00:00\" \/>\n<meta property=\"og:image\" content=\"https:\/\/ds4mmed.uv.es\/wp-content\/uploads\/2025\/11\/sociedad-espanola-de-psico.png\" \/>\n<meta name=\"twitter:card\" content=\"summary_large_image\" \/>\n<meta name=\"twitter:label1\" content=\"Tiempo de lectura\" \/>\n\t<meta name=\"twitter:data1\" content=\"2 minutos\" \/>\n<script type=\"application\/ld+json\" class=\"yoast-schema-graph\">{\"@context\":\"https:\\\/\\\/schema.org\",\"@graph\":[{\"@type\":\"WebPage\",\"@id\":\"https:\\\/\\\/ds4mmed.uv.es\\\/index.php\\\/ca\\\/ds4m-mediterraneo-xvi-congres-psicologia-juridica-forense\\\/\",\"url\":\"https:\\\/\\\/ds4mmed.uv.es\\\/index.php\\\/ca\\\/ds4m-mediterraneo-xvi-congres-psicologia-juridica-forense\\\/\",\"name\":\"DS4M Mediterr\u00e1neo \u2013 Participaci\u00f3 en el XVI Congr\u00e9s (Inter)Nacional de Psicolog\u00eda Jur\u00eddica i Forense\",\"isPartOf\":{\"@id\":\"https:\\\/\\\/ds4mmed.uv.es\\\/#website\"},\"primaryImageOfPage\":{\"@id\":\"https:\\\/\\\/ds4mmed.uv.es\\\/index.php\\\/ca\\\/ds4m-mediterraneo-xvi-congres-psicologia-juridica-forense\\\/#primaryimage\"},\"image\":{\"@id\":\"https:\\\/\\\/ds4mmed.uv.es\\\/index.php\\\/ca\\\/ds4m-mediterraneo-xvi-congres-psicologia-juridica-forense\\\/#primaryimage\"},\"thumbnailUrl\":\"https:\\\/\\\/ds4mmed.uv.es\\\/wp-content\\\/uploads\\\/2025\\\/11\\\/sociedad-espanola-de-psico.png\",\"datePublished\":\"2025-11-19T10:13:21+00:00\",\"dateModified\":\"2025-11-26T09:04:28+00:00\",\"description\":\"L\u2019equip del DS4M Mediterr\u00e1neo participa en el XVI Congr\u00e9s (Inter)Nacional de Psicologia Jur\u00eddica i Forense, presentant pon\u00e8ncies sobre normativa europea, espais de dades i reptes jur\u00eddics en mobilitat i seguretat vi\u00e0ria.\",\"breadcrumb\":{\"@id\":\"https:\\\/\\\/ds4mmed.uv.es\\\/index.php\\\/ca\\\/ds4m-mediterraneo-xvi-congres-psicologia-juridica-forense\\\/#breadcrumb\"},\"inLanguage\":\"es\",\"potentialAction\":[{\"@type\":\"ReadAction\",\"target\":[\"https:\\\/\\\/ds4mmed.uv.es\\\/index.php\\\/ca\\\/ds4m-mediterraneo-xvi-congres-psicologia-juridica-forense\\\/\"]}]},{\"@type\":\"ImageObject\",\"inLanguage\":\"es\",\"@id\":\"https:\\\/\\\/ds4mmed.uv.es\\\/index.php\\\/ca\\\/ds4m-mediterraneo-xvi-congres-psicologia-juridica-forense\\\/#primaryimage\",\"url\":\"https:\\\/\\\/ds4mmed.uv.es\\\/wp-content\\\/uploads\\\/2025\\\/11\\\/sociedad-espanola-de-psico.png\",\"contentUrl\":\"https:\\\/\\\/ds4mmed.uv.es\\\/wp-content\\\/uploads\\\/2025\\\/11\\\/sociedad-espanola-de-psico.png\",\"width\":512,\"height\":239},{\"@type\":\"BreadcrumbList\",\"@id\":\"https:\\\/\\\/ds4mmed.uv.es\\\/index.php\\\/ca\\\/ds4m-mediterraneo-xvi-congres-psicologia-juridica-forense\\\/#breadcrumb\",\"itemListElement\":[{\"@type\":\"ListItem\",\"position\":1,\"name\":\"Portada\",\"item\":\"https:\\\/\\\/ds4mmed.uv.es\\\/index.php\\\/es\\\/\"},{\"@type\":\"ListItem\",\"position\":2,\"name\":\"Noticia 25 &#8211; XVI Congr\u00e9s (Inter)Nacional de Psicolog\u00eda Jur\u00eddica i Forense\"}]},{\"@type\":\"WebSite\",\"@id\":\"https:\\\/\\\/ds4mmed.uv.es\\\/#website\",\"url\":\"https:\\\/\\\/ds4mmed.uv.es\\\/\",\"name\":\"DS4M Mediterr\u00e1neo\",\"description\":\"\",\"publisher\":{\"@id\":\"https:\\\/\\\/ds4mmed.uv.es\\\/#organization\"},\"potentialAction\":[{\"@type\":\"SearchAction\",\"target\":{\"@type\":\"EntryPoint\",\"urlTemplate\":\"https:\\\/\\\/ds4mmed.uv.es\\\/?s={search_term_string}\"},\"query-input\":{\"@type\":\"PropertyValueSpecification\",\"valueRequired\":true,\"valueName\":\"search_term_string\"}}],\"inLanguage\":\"es\"},{\"@type\":\"Organization\",\"@id\":\"https:\\\/\\\/ds4mmed.uv.es\\\/#organization\",\"name\":\"DS4M Mediterr\u00e1neo\",\"url\":\"https:\\\/\\\/ds4mmed.uv.es\\\/\",\"logo\":{\"@type\":\"ImageObject\",\"inLanguage\":\"es\",\"@id\":\"https:\\\/\\\/ds4mmed.uv.es\\\/#\\\/schema\\\/logo\\\/image\\\/\",\"url\":\"https:\\\/\\\/ds4mmed.uv.es\\\/wp-content\\\/uploads\\\/2025\\\/07\\\/Logo-cambio-resolucion-scaled.png\",\"contentUrl\":\"https:\\\/\\\/ds4mmed.uv.es\\\/wp-content\\\/uploads\\\/2025\\\/07\\\/Logo-cambio-resolucion-scaled.png\",\"width\":2560,\"height\":980,\"caption\":\"DS4M Mediterr\u00e1neo\"},\"image\":{\"@id\":\"https:\\\/\\\/ds4mmed.uv.es\\\/#\\\/schema\\\/logo\\\/image\\\/\"}}]}<\/script>\n<!-- \/ Yoast SEO plugin. -->","yoast_head_json":{"title":"DS4M Mediterr\u00e1neo \u2013 Participaci\u00f3 en el XVI Congr\u00e9s (Inter)Nacional de Psicolog\u00eda Jur\u00eddica i Forense","description":"L\u2019equip del DS4M Mediterr\u00e1neo participa en el XVI Congr\u00e9s (Inter)Nacional de Psicologia Jur\u00eddica i Forense, presentant pon\u00e8ncies sobre normativa europea, espais de dades i reptes jur\u00eddics en mobilitat i seguretat vi\u00e0ria.","robots":{"index":"index","follow":"follow","max-snippet":"max-snippet:-1","max-image-preview":"max-image-preview:large","max-video-preview":"max-video-preview:-1"},"canonical":"https:\/\/ds4mmed.uv.es\/index.php\/ca\/ds4m-mediterraneo-xvi-congres-psicologia-juridica-forense\/","og_locale":"es_ES","og_type":"article","og_title":"DS4M Mediterr\u00e1neo \u2013 Participaci\u00f3 en el XVI Congr\u00e9s (Inter)Nacional de Psicolog\u00eda Jur\u00eddica i Forense","og_description":"L\u2019equip del DS4M Mediterr\u00e1neo participa en el XVI Congr\u00e9s (Inter)Nacional de Psicologia Jur\u00eddica i Forense, presentant pon\u00e8ncies sobre normativa europea, espais de dades i reptes jur\u00eddics en mobilitat i seguretat vi\u00e0ria.","og_url":"https:\/\/ds4mmed.uv.es\/index.php\/ca\/ds4m-mediterraneo-xvi-congres-psicologia-juridica-forense\/","og_site_name":"DS4M Mediterr\u00e1neo","article_modified_time":"2025-11-26T09:04:28+00:00","og_image":[{"url":"https:\/\/ds4mmed.uv.es\/wp-content\/uploads\/2025\/11\/sociedad-espanola-de-psico.png","type":"","width":"","height":""}],"twitter_card":"summary_large_image","twitter_misc":{"Tiempo de lectura":"2 minutos"},"schema":{"@context":"https:\/\/schema.org","@graph":[{"@type":"WebPage","@id":"https:\/\/ds4mmed.uv.es\/index.php\/ca\/ds4m-mediterraneo-xvi-congres-psicologia-juridica-forense\/","url":"https:\/\/ds4mmed.uv.es\/index.php\/ca\/ds4m-mediterraneo-xvi-congres-psicologia-juridica-forense\/","name":"DS4M Mediterr\u00e1neo \u2013 Participaci\u00f3 en el XVI Congr\u00e9s (Inter)Nacional de Psicolog\u00eda Jur\u00eddica i Forense","isPartOf":{"@id":"https:\/\/ds4mmed.uv.es\/#website"},"primaryImageOfPage":{"@id":"https:\/\/ds4mmed.uv.es\/index.php\/ca\/ds4m-mediterraneo-xvi-congres-psicologia-juridica-forense\/#primaryimage"},"image":{"@id":"https:\/\/ds4mmed.uv.es\/index.php\/ca\/ds4m-mediterraneo-xvi-congres-psicologia-juridica-forense\/#primaryimage"},"thumbnailUrl":"https:\/\/ds4mmed.uv.es\/wp-content\/uploads\/2025\/11\/sociedad-espanola-de-psico.png","datePublished":"2025-11-19T10:13:21+00:00","dateModified":"2025-11-26T09:04:28+00:00","description":"L\u2019equip del DS4M Mediterr\u00e1neo participa en el XVI Congr\u00e9s (Inter)Nacional de Psicologia Jur\u00eddica i Forense, presentant pon\u00e8ncies sobre normativa europea, espais de dades i reptes jur\u00eddics en mobilitat i seguretat vi\u00e0ria.","breadcrumb":{"@id":"https:\/\/ds4mmed.uv.es\/index.php\/ca\/ds4m-mediterraneo-xvi-congres-psicologia-juridica-forense\/#breadcrumb"},"inLanguage":"es","potentialAction":[{"@type":"ReadAction","target":["https:\/\/ds4mmed.uv.es\/index.php\/ca\/ds4m-mediterraneo-xvi-congres-psicologia-juridica-forense\/"]}]},{"@type":"ImageObject","inLanguage":"es","@id":"https:\/\/ds4mmed.uv.es\/index.php\/ca\/ds4m-mediterraneo-xvi-congres-psicologia-juridica-forense\/#primaryimage","url":"https:\/\/ds4mmed.uv.es\/wp-content\/uploads\/2025\/11\/sociedad-espanola-de-psico.png","contentUrl":"https:\/\/ds4mmed.uv.es\/wp-content\/uploads\/2025\/11\/sociedad-espanola-de-psico.png","width":512,"height":239},{"@type":"BreadcrumbList","@id":"https:\/\/ds4mmed.uv.es\/index.php\/ca\/ds4m-mediterraneo-xvi-congres-psicologia-juridica-forense\/#breadcrumb","itemListElement":[{"@type":"ListItem","position":1,"name":"Portada","item":"https:\/\/ds4mmed.uv.es\/index.php\/es\/"},{"@type":"ListItem","position":2,"name":"Noticia 25 &#8211; XVI Congr\u00e9s (Inter)Nacional de Psicolog\u00eda Jur\u00eddica i Forense"}]},{"@type":"WebSite","@id":"https:\/\/ds4mmed.uv.es\/#website","url":"https:\/\/ds4mmed.uv.es\/","name":"DS4M Mediterr\u00e1neo","description":"","publisher":{"@id":"https:\/\/ds4mmed.uv.es\/#organization"},"potentialAction":[{"@type":"SearchAction","target":{"@type":"EntryPoint","urlTemplate":"https:\/\/ds4mmed.uv.es\/?s={search_term_string}"},"query-input":{"@type":"PropertyValueSpecification","valueRequired":true,"valueName":"search_term_string"}}],"inLanguage":"es"},{"@type":"Organization","@id":"https:\/\/ds4mmed.uv.es\/#organization","name":"DS4M Mediterr\u00e1neo","url":"https:\/\/ds4mmed.uv.es\/","logo":{"@type":"ImageObject","inLanguage":"es","@id":"https:\/\/ds4mmed.uv.es\/#\/schema\/logo\/image\/","url":"https:\/\/ds4mmed.uv.es\/wp-content\/uploads\/2025\/07\/Logo-cambio-resolucion-scaled.png","contentUrl":"https:\/\/ds4mmed.uv.es\/wp-content\/uploads\/2025\/07\/Logo-cambio-resolucion-scaled.png","width":2560,"height":980,"caption":"DS4M Mediterr\u00e1neo"},"image":{"@id":"https:\/\/ds4mmed.uv.es\/#\/schema\/logo\/image\/"}}]}},"_links":{"self":[{"href":"https:\/\/ds4mmed.uv.es\/index.php\/wp-json\/wp\/v2\/pages\/7303","targetHints":{"allow":["GET"]}}],"collection":[{"href":"https:\/\/ds4mmed.uv.es\/index.php\/wp-json\/wp\/v2\/pages"}],"about":[{"href":"https:\/\/ds4mmed.uv.es\/index.php\/wp-json\/wp\/v2\/types\/page"}],"author":[{"embeddable":true,"href":"https:\/\/ds4mmed.uv.es\/index.php\/wp-json\/wp\/v2\/users\/1"}],"replies":[{"embeddable":true,"href":"https:\/\/ds4mmed.uv.es\/index.php\/wp-json\/wp\/v2\/comments?post=7303"}],"version-history":[{"count":14,"href":"https:\/\/ds4mmed.uv.es\/index.php\/wp-json\/wp\/v2\/pages\/7303\/revisions"}],"predecessor-version":[{"id":9088,"href":"https:\/\/ds4mmed.uv.es\/index.php\/wp-json\/wp\/v2\/pages\/7303\/revisions\/9088"}],"wp:attachment":[{"href":"https:\/\/ds4mmed.uv.es\/index.php\/wp-json\/wp\/v2\/media?parent=7303"}],"curies":[{"name":"wp","href":"https:\/\/api.w.org\/{rel}","templated":true}]}}