{"id":3480,"date":"2025-10-31T11:36:01","date_gmt":"2025-10-31T10:36:01","guid":{"rendered":"https:\/\/ds4mmed.uv.es\/?page_id=3480"},"modified":"2025-11-26T09:26:31","modified_gmt":"2025-11-26T08:26:31","slug":"preinscripcion-diploma-especializacion","status":"publish","type":"page","link":"https:\/\/ds4mmed.uv.es\/index.php\/es\/preinscripcion-diploma-especializacion\/","title":{"rendered":"Noticia 18 &#8211; Preinscripci\u00f3n Diploma Especializaci\u00f3n"},"content":{"rendered":"\t\t<div data-elementor-type=\"wp-page\" data-elementor-id=\"3480\" class=\"elementor elementor-3480\">\n\t\t\t\t<div class=\"elementor-element elementor-element-6c62525 e-flex e-con-boxed e-con e-child\" data-id=\"6c62525\" data-element_type=\"container\" data-e-type=\"container\" data-settings=\"{&quot;background_background&quot;:&quot;classic&quot;}\">\n\t\t\t\t\t<div class=\"e-con-inner\">\n\t\t<div class=\"elementor-element elementor-element-6debc5d e-con-full e-flex e-con e-child\" data-id=\"6debc5d\" data-element_type=\"container\" data-e-type=\"container\">\n\t\t<div class=\"elementor-element elementor-element-3b5bf26 e-con-full e-flex elementor-invisible e-con e-child\" data-id=\"3b5bf26\" data-element_type=\"container\" data-e-type=\"container\" data-settings=\"{&quot;animation&quot;:&quot;fadeInLeft&quot;}\">\n\t\t\t\t<div class=\"elementor-element elementor-element-da9e6f3 elementor-widget elementor-widget-heading\" data-id=\"da9e6f3\" data-element_type=\"widget\" data-e-type=\"widget\" data-widget_type=\"heading.default\">\n\t\t\t\t\t<h1 class=\"elementor-heading-title elementor-size-default\">Comienza la preinscripci\u00f3n al Diploma de Especializaci\u00f3n en Gesti\u00f3n en Movilidad Inteligente y Espacios de Datos<\/h1>\t\t\t\t<\/div>\n\t\t\t\t<div class=\"elementor-element elementor-element-e2a4a87 elementor-icon-list--layout-inline elementor-align-center elementor-list-item-link-full_width elementor-widget elementor-widget-icon-list\" data-id=\"e2a4a87\" data-element_type=\"widget\" data-e-type=\"widget\" data-widget_type=\"icon-list.default\">\n\t\t\t\t\t\t\t<ul class=\"elementor-icon-list-items elementor-inline-items\">\n\t\t\t\t\t\t\t<li class=\"elementor-icon-list-item elementor-inline-item\">\n\t\t\t\t\t\t\t\t\t\t<span class=\"elementor-icon-list-text\"><\/span>\n\t\t\t\t\t\t\t\t\t<\/li>\n\t\t\t\t\t\t\t\t<li class=\"elementor-icon-list-item elementor-inline-item\">\n\t\t\t\t\t\t\t\t\t\t<span class=\"elementor-icon-list-text\"><\/span>\n\t\t\t\t\t\t\t\t\t<\/li>\n\t\t\t\t\t\t<\/ul>\n\t\t\t\t\t\t<\/div>\n\t\t\t\t<div class=\"elementor-element elementor-element-3c455d1 elementor-icon-list--layout-inline elementor-align-center elementor-list-item-link-full_width elementor-widget elementor-widget-icon-list\" data-id=\"3c455d1\" data-element_type=\"widget\" data-e-type=\"widget\" data-widget_type=\"icon-list.default\">\n\t\t\t\t\t\t\t<ul class=\"elementor-icon-list-items elementor-inline-items\">\n\t\t\t\t\t\t\t<li class=\"elementor-icon-list-item elementor-inline-item\">\n\t\t\t\t\t\t\t\t\t\t<span class=\"elementor-icon-list-text\">Publicado el<\/span>\n\t\t\t\t\t\t\t\t\t<\/li>\n\t\t\t\t\t\t\t\t<li class=\"elementor-icon-list-item elementor-inline-item\">\n\t\t\t\t\t\t\t\t\t\t<span class=\"elementor-icon-list-text\">26 de agosto de 2025<\/span>\n\t\t\t\t\t\t\t\t\t<\/li>\n\t\t\t\t\t\t<\/ul>\n\t\t\t\t\t\t<\/div>\n\t\t\t\t<\/div>\n\t\t\t\t<div class=\"elementor-element elementor-element-89ea136 elementor-invisible elementor-widget elementor-widget-image\" data-id=\"89ea136\" data-element_type=\"widget\" data-e-type=\"widget\" data-settings=\"{&quot;_animation&quot;:&quot;fadeInRight&quot;}\" data-widget_type=\"image.default\">\n\t\t\t\t\t\t\t\t\t\t\t\t\t\t\t<img fetchpriority=\"high\" decoding=\"async\" width=\"800\" height=\"575\" src=\"https:\/\/ds4mmed.uv.es\/wp-content\/uploads\/2025\/11\/Noticia-18.png\" class=\"attachment-full size-full wp-image-4677\" alt=\"\" srcset=\"https:\/\/ds4mmed.uv.es\/wp-content\/uploads\/2025\/11\/Noticia-18.png 800w, https:\/\/ds4mmed.uv.es\/wp-content\/uploads\/2025\/11\/Noticia-18-300x216.png 300w, https:\/\/ds4mmed.uv.es\/wp-content\/uploads\/2025\/11\/Noticia-18-768x552.png 768w\" sizes=\"(max-width: 800px) 100vw, 800px\" \/>\t\t\t\t\t\t\t\t\t\t\t\t\t\t\t<\/div>\n\t\t\t\t<\/div>\n\t\t<div class=\"elementor-element elementor-element-aac12f8 e-con-full e-flex elementor-invisible e-con e-child\" data-id=\"aac12f8\" data-element_type=\"container\" data-e-type=\"container\" data-settings=\"{&quot;animation&quot;:&quot;fadeInUp&quot;}\">\n\t\t\t\t<div class=\"elementor-element elementor-element-0c8df65 elementor-widget__width-initial elementor-widget-mobile__width-inherit elementor-widget-tablet__width-inherit elementor-widget elementor-widget-text-editor\" data-id=\"0c8df65\" data-element_type=\"widget\" data-e-type=\"widget\" data-widget_type=\"text-editor.default\">\n\t\t\t\t\t\t\t\t\t<div class=\"ewa-rteLine\">Desde el proyecto DS4M Mediterr\u00e1neo impulsamos un Diploma de Especializaci\u00f3n en Gesti\u00f3n de la Movilidad Inteligente y Espacios de Datos, orientado a formar a profesionales del sector p\u00fablico y privado en los retos de la digitalizaci\u00f3n de la movilidad.<\/div><div class=\"ewa-rteLine\">\u00a0<\/div><div class=\"ewa-rteLine\">El objetivo de este programa es formar perfiles capaces de liderar la transformaci\u00f3n digital de la movilidad desde un enfoque pr\u00e1ctico, estrat\u00e9gico y con visi\u00f3n de futuro y est\u00e1 dirigido a los siguientes perfiles:<\/div><div class=\"ewa-rteLine\">\u00a0<\/div><div class=\"ewa-rteLine\">&#8211; T\u00e9cnicos de administraciones p\u00fablicas<\/div><div class=\"ewa-rteLine\">&#8211; Operadores y empresas del sector transporte<\/div><div class=\"ewa-rteLine\">&#8211; Profesionales interesados en movilidad, datos e innovaci\u00f3n<\/div><div class=\"ewa-rteLine\">\u00a0<\/div><div class=\"ewa-rteLine\">Adem\u00e1s, durante el curso se abordar\u00e1n temas clave como:<\/div><div class=\"ewa-rteLine\">1. Planificaci\u00f3n y operaci\u00f3n de Sistemas Inteligentes de Transporte (ITS)<\/div><div class=\"ewa-rteLine\">2. Gesti\u00f3n completa del dato: desde la recopilaci\u00f3n hasta el an\u00e1lisis<\/div><div class=\"ewa-rteLine\">3. Dise\u00f1o e implementaci\u00f3n de soluciones MaaS (Mobility as a Service)<\/div><div class=\"ewa-rteLine\">4. Modelos de negocio, estructura de mercado y tendencias en movilidad<\/div><div class=\"ewa-rteLine\">\u00a0<\/div><div class=\"ewa-rteLine\">La preinscripci\u00f3n se realizar\u00e1 a trav\u00e9s del siguiente <a href=\"https:\/\/lnkd.in\/eps5sEqK\" target=\"_blank\" rel=\"noopener\">enlace<\/a>.<\/div>\t\t\t\t\t\t\t\t<\/div>\n\t\t\t\t<\/div>\n\t\t\t\t\t<\/div>\n\t\t\t\t<\/div>\n\t\t\t\t<\/div>\n\t\t","protected":false},"excerpt":{"rendered":"<p>Comienza la preinscripci\u00f3n al Diploma de Especializaci\u00f3n en Gesti\u00f3n en Movilidad Inteligente y Espacios de Datos Publicado el 26 de agosto de 2025 Desde el proyecto DS4M Mediterr\u00e1neo impulsamos un Diploma de Especializaci\u00f3n en Gesti\u00f3n de la Movilidad Inteligente y Espacios de Datos, orientado a formar a profesionales del sector p\u00fablico y privado en los [&hellip;]<\/p>\n","protected":false},"author":1,"featured_media":0,"parent":0,"menu_order":0,"comment_status":"closed","ping_status":"closed","template":"","meta":{"footnotes":""},"class_list":["post-3480","page","type-page","status-publish","hentry"],"yoast_head":"<!-- This site is optimized with the Yoast SEO plugin v27.4 - https:\/\/yoast.com\/product\/yoast-seo-wordpress\/ -->\n<title>DS4M Mediterr\u00e1neo - Preinscripci\u00f3n Diploma Especializaci\u00f3n<\/title>\n<meta name=\"description\" content=\"Desde el proyecto DS4M Mediterr\u00e1neo impulsamos un Diploma de Especializaci\u00f3n en Gesti\u00f3n de la Movilidad Inteligente y Espacios de Datos.\" \/>\n<meta name=\"robots\" content=\"index, follow, max-snippet:-1, max-image-preview:large, max-video-preview:-1\" \/>\n<link rel=\"canonical\" href=\"https:\/\/ds4mmed.uv.es\/index.php\/es\/preinscripcion-diploma-especializacion\/\" \/>\n<meta property=\"og:locale\" content=\"es_ES\" \/>\n<meta property=\"og:type\" content=\"article\" \/>\n<meta property=\"og:title\" content=\"DS4M Mediterr\u00e1neo - Preinscripci\u00f3n Diploma Especializaci\u00f3n\" \/>\n<meta property=\"og:description\" content=\"Desde el proyecto DS4M Mediterr\u00e1neo impulsamos un Diploma de Especializaci\u00f3n en Gesti\u00f3n de la Movilidad Inteligente y Espacios de Datos.\" \/>\n<meta property=\"og:url\" content=\"https:\/\/ds4mmed.uv.es\/index.php\/es\/preinscripcion-diploma-especializacion\/\" \/>\n<meta property=\"og:site_name\" content=\"DS4M Mediterr\u00e1neo\" \/>\n<meta property=\"article:modified_time\" content=\"2025-11-26T08:26:31+00:00\" \/>\n<meta property=\"og:image\" content=\"https:\/\/ds4mmed.uv.es\/wp-content\/uploads\/2025\/11\/Noticia-18.png\" \/>\n<meta name=\"twitter:card\" content=\"summary_large_image\" \/>\n<meta name=\"twitter:label1\" content=\"Tiempo de lectura\" \/>\n\t<meta name=\"twitter:data1\" content=\"2 minutos\" \/>\n<script type=\"application\/ld+json\" class=\"yoast-schema-graph\">{\"@context\":\"https:\\\/\\\/schema.org\",\"@graph\":[{\"@type\":\"WebPage\",\"@id\":\"https:\\\/\\\/ds4mmed.uv.es\\\/index.php\\\/es\\\/preinscripcion-diploma-especializacion\\\/\",\"url\":\"https:\\\/\\\/ds4mmed.uv.es\\\/index.php\\\/es\\\/preinscripcion-diploma-especializacion\\\/\",\"name\":\"DS4M Mediterr\u00e1neo - Preinscripci\u00f3n Diploma Especializaci\u00f3n\",\"isPartOf\":{\"@id\":\"https:\\\/\\\/ds4mmed.uv.es\\\/#website\"},\"primaryImageOfPage\":{\"@id\":\"https:\\\/\\\/ds4mmed.uv.es\\\/index.php\\\/es\\\/preinscripcion-diploma-especializacion\\\/#primaryimage\"},\"image\":{\"@id\":\"https:\\\/\\\/ds4mmed.uv.es\\\/index.php\\\/es\\\/preinscripcion-diploma-especializacion\\\/#primaryimage\"},\"thumbnailUrl\":\"https:\\\/\\\/ds4mmed.uv.es\\\/wp-content\\\/uploads\\\/2025\\\/11\\\/Noticia-18.png\",\"datePublished\":\"2025-10-31T10:36:01+00:00\",\"dateModified\":\"2025-11-26T08:26:31+00:00\",\"description\":\"Desde el proyecto DS4M Mediterr\u00e1neo impulsamos un Diploma de Especializaci\u00f3n en Gesti\u00f3n de la Movilidad Inteligente y Espacios de Datos.\",\"breadcrumb\":{\"@id\":\"https:\\\/\\\/ds4mmed.uv.es\\\/index.php\\\/es\\\/preinscripcion-diploma-especializacion\\\/#breadcrumb\"},\"inLanguage\":\"es\",\"potentialAction\":[{\"@type\":\"ReadAction\",\"target\":[\"https:\\\/\\\/ds4mmed.uv.es\\\/index.php\\\/es\\\/preinscripcion-diploma-especializacion\\\/\"]}]},{\"@type\":\"ImageObject\",\"inLanguage\":\"es\",\"@id\":\"https:\\\/\\\/ds4mmed.uv.es\\\/index.php\\\/es\\\/preinscripcion-diploma-especializacion\\\/#primaryimage\",\"url\":\"https:\\\/\\\/ds4mmed.uv.es\\\/wp-content\\\/uploads\\\/2025\\\/11\\\/Noticia-18.png\",\"contentUrl\":\"https:\\\/\\\/ds4mmed.uv.es\\\/wp-content\\\/uploads\\\/2025\\\/11\\\/Noticia-18.png\",\"width\":800,\"height\":575},{\"@type\":\"BreadcrumbList\",\"@id\":\"https:\\\/\\\/ds4mmed.uv.es\\\/index.php\\\/es\\\/preinscripcion-diploma-especializacion\\\/#breadcrumb\",\"itemListElement\":[{\"@type\":\"ListItem\",\"position\":1,\"name\":\"Portada\",\"item\":\"https:\\\/\\\/ds4mmed.uv.es\\\/index.php\\\/es\\\/\"},{\"@type\":\"ListItem\",\"position\":2,\"name\":\"Noticia 18 &#8211; Preinscripci\u00f3n Diploma Especializaci\u00f3n\"}]},{\"@type\":\"WebSite\",\"@id\":\"https:\\\/\\\/ds4mmed.uv.es\\\/#website\",\"url\":\"https:\\\/\\\/ds4mmed.uv.es\\\/\",\"name\":\"DS4M Mediterr\u00e1neo\",\"description\":\"\",\"publisher\":{\"@id\":\"https:\\\/\\\/ds4mmed.uv.es\\\/#organization\"},\"potentialAction\":[{\"@type\":\"SearchAction\",\"target\":{\"@type\":\"EntryPoint\",\"urlTemplate\":\"https:\\\/\\\/ds4mmed.uv.es\\\/?s={search_term_string}\"},\"query-input\":{\"@type\":\"PropertyValueSpecification\",\"valueRequired\":true,\"valueName\":\"search_term_string\"}}],\"inLanguage\":\"es\"},{\"@type\":\"Organization\",\"@id\":\"https:\\\/\\\/ds4mmed.uv.es\\\/#organization\",\"name\":\"DS4M Mediterr\u00e1neo\",\"url\":\"https:\\\/\\\/ds4mmed.uv.es\\\/\",\"logo\":{\"@type\":\"ImageObject\",\"inLanguage\":\"es\",\"@id\":\"https:\\\/\\\/ds4mmed.uv.es\\\/#\\\/schema\\\/logo\\\/image\\\/\",\"url\":\"https:\\\/\\\/ds4mmed.uv.es\\\/wp-content\\\/uploads\\\/2025\\\/07\\\/Logo-cambio-resolucion-scaled.png\",\"contentUrl\":\"https:\\\/\\\/ds4mmed.uv.es\\\/wp-content\\\/uploads\\\/2025\\\/07\\\/Logo-cambio-resolucion-scaled.png\",\"width\":2560,\"height\":980,\"caption\":\"DS4M Mediterr\u00e1neo\"},\"image\":{\"@id\":\"https:\\\/\\\/ds4mmed.uv.es\\\/#\\\/schema\\\/logo\\\/image\\\/\"}}]}<\/script>\n<!-- \/ Yoast SEO plugin. -->","yoast_head_json":{"title":"DS4M Mediterr\u00e1neo - Preinscripci\u00f3n Diploma Especializaci\u00f3n","description":"Desde el proyecto DS4M Mediterr\u00e1neo impulsamos un Diploma de Especializaci\u00f3n en Gesti\u00f3n de la Movilidad Inteligente y Espacios de Datos.","robots":{"index":"index","follow":"follow","max-snippet":"max-snippet:-1","max-image-preview":"max-image-preview:large","max-video-preview":"max-video-preview:-1"},"canonical":"https:\/\/ds4mmed.uv.es\/index.php\/es\/preinscripcion-diploma-especializacion\/","og_locale":"es_ES","og_type":"article","og_title":"DS4M Mediterr\u00e1neo - Preinscripci\u00f3n Diploma Especializaci\u00f3n","og_description":"Desde el proyecto DS4M Mediterr\u00e1neo impulsamos un Diploma de Especializaci\u00f3n en Gesti\u00f3n de la Movilidad Inteligente y Espacios de Datos.","og_url":"https:\/\/ds4mmed.uv.es\/index.php\/es\/preinscripcion-diploma-especializacion\/","og_site_name":"DS4M Mediterr\u00e1neo","article_modified_time":"2025-11-26T08:26:31+00:00","og_image":[{"url":"https:\/\/ds4mmed.uv.es\/wp-content\/uploads\/2025\/11\/Noticia-18.png","type":"","width":"","height":""}],"twitter_card":"summary_large_image","twitter_misc":{"Tiempo de lectura":"2 minutos"},"schema":{"@context":"https:\/\/schema.org","@graph":[{"@type":"WebPage","@id":"https:\/\/ds4mmed.uv.es\/index.php\/es\/preinscripcion-diploma-especializacion\/","url":"https:\/\/ds4mmed.uv.es\/index.php\/es\/preinscripcion-diploma-especializacion\/","name":"DS4M Mediterr\u00e1neo - Preinscripci\u00f3n Diploma Especializaci\u00f3n","isPartOf":{"@id":"https:\/\/ds4mmed.uv.es\/#website"},"primaryImageOfPage":{"@id":"https:\/\/ds4mmed.uv.es\/index.php\/es\/preinscripcion-diploma-especializacion\/#primaryimage"},"image":{"@id":"https:\/\/ds4mmed.uv.es\/index.php\/es\/preinscripcion-diploma-especializacion\/#primaryimage"},"thumbnailUrl":"https:\/\/ds4mmed.uv.es\/wp-content\/uploads\/2025\/11\/Noticia-18.png","datePublished":"2025-10-31T10:36:01+00:00","dateModified":"2025-11-26T08:26:31+00:00","description":"Desde el proyecto DS4M Mediterr\u00e1neo impulsamos un Diploma de Especializaci\u00f3n en Gesti\u00f3n de la Movilidad Inteligente y Espacios de Datos.","breadcrumb":{"@id":"https:\/\/ds4mmed.uv.es\/index.php\/es\/preinscripcion-diploma-especializacion\/#breadcrumb"},"inLanguage":"es","potentialAction":[{"@type":"ReadAction","target":["https:\/\/ds4mmed.uv.es\/index.php\/es\/preinscripcion-diploma-especializacion\/"]}]},{"@type":"ImageObject","inLanguage":"es","@id":"https:\/\/ds4mmed.uv.es\/index.php\/es\/preinscripcion-diploma-especializacion\/#primaryimage","url":"https:\/\/ds4mmed.uv.es\/wp-content\/uploads\/2025\/11\/Noticia-18.png","contentUrl":"https:\/\/ds4mmed.uv.es\/wp-content\/uploads\/2025\/11\/Noticia-18.png","width":800,"height":575},{"@type":"BreadcrumbList","@id":"https:\/\/ds4mmed.uv.es\/index.php\/es\/preinscripcion-diploma-especializacion\/#breadcrumb","itemListElement":[{"@type":"ListItem","position":1,"name":"Portada","item":"https:\/\/ds4mmed.uv.es\/index.php\/es\/"},{"@type":"ListItem","position":2,"name":"Noticia 18 &#8211; Preinscripci\u00f3n Diploma Especializaci\u00f3n"}]},{"@type":"WebSite","@id":"https:\/\/ds4mmed.uv.es\/#website","url":"https:\/\/ds4mmed.uv.es\/","name":"DS4M Mediterr\u00e1neo","description":"","publisher":{"@id":"https:\/\/ds4mmed.uv.es\/#organization"},"potentialAction":[{"@type":"SearchAction","target":{"@type":"EntryPoint","urlTemplate":"https:\/\/ds4mmed.uv.es\/?s={search_term_string}"},"query-input":{"@type":"PropertyValueSpecification","valueRequired":true,"valueName":"search_term_string"}}],"inLanguage":"es"},{"@type":"Organization","@id":"https:\/\/ds4mmed.uv.es\/#organization","name":"DS4M Mediterr\u00e1neo","url":"https:\/\/ds4mmed.uv.es\/","logo":{"@type":"ImageObject","inLanguage":"es","@id":"https:\/\/ds4mmed.uv.es\/#\/schema\/logo\/image\/","url":"https:\/\/ds4mmed.uv.es\/wp-content\/uploads\/2025\/07\/Logo-cambio-resolucion-scaled.png","contentUrl":"https:\/\/ds4mmed.uv.es\/wp-content\/uploads\/2025\/07\/Logo-cambio-resolucion-scaled.png","width":2560,"height":980,"caption":"DS4M Mediterr\u00e1neo"},"image":{"@id":"https:\/\/ds4mmed.uv.es\/#\/schema\/logo\/image\/"}}]}},"_links":{"self":[{"href":"https:\/\/ds4mmed.uv.es\/index.php\/wp-json\/wp\/v2\/pages\/3480","targetHints":{"allow":["GET"]}}],"collection":[{"href":"https:\/\/ds4mmed.uv.es\/index.php\/wp-json\/wp\/v2\/pages"}],"about":[{"href":"https:\/\/ds4mmed.uv.es\/index.php\/wp-json\/wp\/v2\/types\/page"}],"author":[{"embeddable":true,"href":"https:\/\/ds4mmed.uv.es\/index.php\/wp-json\/wp\/v2\/users\/1"}],"replies":[{"embeddable":true,"href":"https:\/\/ds4mmed.uv.es\/index.php\/wp-json\/wp\/v2\/comments?post=3480"}],"version-history":[{"count":39,"href":"https:\/\/ds4mmed.uv.es\/index.php\/wp-json\/wp\/v2\/pages\/3480\/revisions"}],"predecessor-version":[{"id":8941,"href":"https:\/\/ds4mmed.uv.es\/index.php\/wp-json\/wp\/v2\/pages\/3480\/revisions\/8941"}],"wp:attachment":[{"href":"https:\/\/ds4mmed.uv.es\/index.php\/wp-json\/wp\/v2\/media?parent=3480"}],"curies":[{"name":"wp","href":"https:\/\/api.w.org\/{rel}","templated":true}]}}