{"id":14642,"date":"2026-03-23T12:09:49","date_gmt":"2026-03-23T11:09:49","guid":{"rendered":"https:\/\/ds4mmed.uv.es\/?page_id=14642"},"modified":"2026-03-23T12:33:35","modified_gmt":"2026-03-23T11:33:35","slug":"economia-dades-valencia-francisco-alonso-ds4m","status":"publish","type":"page","link":"https:\/\/ds4mmed.uv.es\/index.php\/ca\/economia-dades-valencia-francisco-alonso-ds4m\/","title":{"rendered":"Noticia 38 &#8211; El Prof. Francisco Alonso impulsa l&#8217;Economia de la Dada a Val\u00e8ncia"},"content":{"rendered":"\t\t<div data-elementor-type=\"wp-page\" data-elementor-id=\"14642\" class=\"elementor elementor-14642\">\n\t\t\t\t<div class=\"elementor-element elementor-element-6c62525 e-flex e-con-boxed e-con e-child\" data-id=\"6c62525\" data-element_type=\"container\" data-e-type=\"container\" data-settings=\"{&quot;background_background&quot;:&quot;classic&quot;}\">\n\t\t\t\t\t<div class=\"e-con-inner\">\n\t\t<div class=\"elementor-element elementor-element-6debc5d e-con-full e-flex e-con e-child\" data-id=\"6debc5d\" data-element_type=\"container\" data-e-type=\"container\">\n\t\t<div class=\"elementor-element elementor-element-3b5bf26 e-con-full e-flex elementor-invisible e-con e-child\" data-id=\"3b5bf26\" data-element_type=\"container\" data-e-type=\"container\" data-settings=\"{&quot;animation&quot;:&quot;fadeInLeft&quot;}\">\n\t\t\t\t<div class=\"elementor-element elementor-element-da9e6f3 elementor-widget elementor-widget-heading\" data-id=\"da9e6f3\" data-element_type=\"widget\" data-e-type=\"widget\" data-widget_type=\"heading.default\">\n\t\t\t\t\t<h1 class=\"elementor-heading-title elementor-size-default\">El Prof. Francisco Alonso impulsa l\u2019Economia de la Dada a Val\u00e8ncia<\/h1>\t\t\t\t<\/div>\n\t\t\t\t<div class=\"elementor-element elementor-element-e2a4a87 elementor-icon-list--layout-inline elementor-align-center elementor-list-item-link-full_width elementor-widget elementor-widget-icon-list\" data-id=\"e2a4a87\" data-element_type=\"widget\" data-e-type=\"widget\" data-widget_type=\"icon-list.default\">\n\t\t\t\t\t\t\t<ul class=\"elementor-icon-list-items elementor-inline-items\">\n\t\t\t\t\t\t\t<li class=\"elementor-icon-list-item elementor-inline-item\">\n\t\t\t\t\t\t\t\t\t\t<span class=\"elementor-icon-list-text\">Publicat el 13 de mar\u00e7 de 2026<\/span>\n\t\t\t\t\t\t\t\t\t<\/li>\n\t\t\t\t\t\t<\/ul>\n\t\t\t\t\t\t<\/div>\n\t\t\t\t<\/div>\n\t\t\t\t<div class=\"elementor-element elementor-element-89ea136 elementor-invisible elementor-widget elementor-widget-image\" data-id=\"89ea136\" data-element_type=\"widget\" data-e-type=\"widget\" data-settings=\"{&quot;_animation&quot;:&quot;fadeInRight&quot;}\" data-widget_type=\"image.default\">\n\t\t\t\t\t\t\t\t\t\t\t\t\t\t\t<img decoding=\"async\" src=\"https:\/\/ds4mmed.uv.es\/wp-content\/uploads\/2026\/03\/foto-francisco-economia-del-dato.png\" title=\"\" alt=\"\" loading=\"lazy\" \/>\t\t\t\t\t\t\t\t\t\t\t\t\t\t\t<\/div>\n\t\t\t\t<\/div>\n\t\t<div class=\"elementor-element elementor-element-aac12f8 e-con-full e-flex elementor-invisible e-con e-child\" data-id=\"aac12f8\" data-element_type=\"container\" data-e-type=\"container\" data-settings=\"{&quot;animation&quot;:&quot;fadeInUp&quot;}\">\n\t\t\t\t<div class=\"elementor-element elementor-element-0c8df65 elementor-widget__width-initial elementor-widget-mobile__width-inherit elementor-widget-tablet__width-inherit elementor-widget elementor-widget-text-editor\" data-id=\"0c8df65\" data-element_type=\"widget\" data-e-type=\"widget\" data-widget_type=\"text-editor.default\">\n\t\t\t\t\t\t\t\t\t<div><p data-path-to-node=\"14\">Val\u00e8ncia ha acollit hui una jornada fonamental per al futur digital del nostre entorn. El <b data-path-to-node=\"14\" data-index-in-node=\"90\">Prof. Dr. Francisco Alonso<\/b> ha participat en la sessi\u00f3 <b data-path-to-node=\"14\" data-index-in-node=\"144\">\u201cEconomia de la dada aplicada al territori\u201d<\/b>, organitzada per l\u2019<b data-path-to-node=\"14\" data-index-in-node=\"207\">Oficina Acelera Pyme Val\u00e8ncia COITT<\/b> i <b data-path-to-node=\"14\" data-index-in-node=\"245\">Kiwa Espa\u00f1a<\/b>.<\/p><p data-path-to-node=\"15\">Al llarg de l&#8217;esdeveniment, s&#8217;ha posat en relleu la import\u00e0ncia de la dada com a actiu estrat\u00e8gic. Des de <b data-path-to-node=\"15\" data-index-in-node=\"106\">DS4M Mediterr\u00e1neo<\/b>, seguim contribuint a l&#8217;impuls dels espais de dades com a motor d\u2019innovaci\u00f3 territorial. El nostre comprom\u00eds \u00e9s clar: transformar la informaci\u00f3 en una eina de creixement i competitivitat per a tot el territori, fomentant un ecosistema connectat i eficient.<\/p><\/div>\t\t\t\t\t\t\t\t<\/div>\n\t\t\t\t<\/div>\n\t\t\t\t\t<\/div>\n\t\t\t\t<\/div>\n\t\t\t\t<\/div>\n\t\t","protected":false},"excerpt":{"rendered":"<p>El Prof. Francisco Alonso impulsa l\u2019Economia de la Dada a Val\u00e8ncia Publicat el 13 de mar\u00e7 de 2026 Val\u00e8ncia ha acollit hui una jornada fonamental per al futur digital del nostre entorn. El Prof. Dr. Francisco Alonso ha participat en la sessi\u00f3 \u201cEconomia de la dada aplicada al territori\u201d, organitzada per l\u2019Oficina Acelera Pyme Val\u00e8ncia [&hellip;]<\/p>\n","protected":false},"author":1,"featured_media":8718,"parent":0,"menu_order":0,"comment_status":"closed","ping_status":"closed","template":"","meta":{"footnotes":""},"class_list":["post-14642","page","type-page","status-publish","has-post-thumbnail","hentry"],"yoast_head":"<!-- This site is optimized with the Yoast SEO plugin v27.4 - https:\/\/yoast.com\/product\/yoast-seo-wordpress\/ -->\n<title>DS4M Mediterr\u00e1neo \u2013 El Prof. Francisco Alonso impulsa l\u2019Economia de la Dada a Val\u00e8ncia<\/title>\n<meta name=\"description\" content=\"Cr\u00f2nica de la participaci\u00f3 del Prof. Francisco Alonso en la jornada d&#039;Economia de la Dada a Val\u00e8ncia. DS4M Mediterrani com a motor d&#039;innovaci\u00f3.\" \/>\n<meta name=\"robots\" content=\"index, follow, max-snippet:-1, max-image-preview:large, max-video-preview:-1\" \/>\n<link rel=\"canonical\" href=\"https:\/\/ds4mmed.uv.es\/index.php\/ca\/economia-dades-valencia-francisco-alonso-ds4m\/\" \/>\n<meta property=\"og:locale\" content=\"es_ES\" \/>\n<meta property=\"og:type\" content=\"article\" \/>\n<meta property=\"og:title\" content=\"DS4M Mediterr\u00e1neo \u2013 El Prof. Francisco Alonso impulsa l\u2019Economia de la Dada a Val\u00e8ncia\" \/>\n<meta property=\"og:description\" content=\"Cr\u00f2nica de la participaci\u00f3 del Prof. Francisco Alonso en la jornada d&#039;Economia de la Dada a Val\u00e8ncia. DS4M Mediterrani com a motor d&#039;innovaci\u00f3.\" \/>\n<meta property=\"og:url\" content=\"https:\/\/ds4mmed.uv.es\/index.php\/ca\/economia-dades-valencia-francisco-alonso-ds4m\/\" \/>\n<meta property=\"og:site_name\" content=\"DS4M Mediterr\u00e1neo\" \/>\n<meta property=\"article:modified_time\" content=\"2026-03-23T11:33:35+00:00\" \/>\n<meta property=\"og:image\" content=\"https:\/\/ds4mmed.uv.es\/wp-content\/uploads\/2025\/11\/Icono-web-1.png\" \/>\n\t<meta property=\"og:image:width\" content=\"344\" \/>\n\t<meta property=\"og:image:height\" content=\"344\" \/>\n\t<meta property=\"og:image:type\" content=\"image\/png\" \/>\n<meta name=\"twitter:card\" content=\"summary_large_image\" \/>\n<meta name=\"twitter:label1\" content=\"Tiempo de lectura\" \/>\n\t<meta name=\"twitter:data1\" content=\"1 minuto\" \/>\n<script type=\"application\/ld+json\" class=\"yoast-schema-graph\">{\"@context\":\"https:\\\/\\\/schema.org\",\"@graph\":[{\"@type\":\"WebPage\",\"@id\":\"https:\\\/\\\/ds4mmed.uv.es\\\/index.php\\\/ca\\\/economia-dades-valencia-francisco-alonso-ds4m\\\/\",\"url\":\"https:\\\/\\\/ds4mmed.uv.es\\\/index.php\\\/ca\\\/economia-dades-valencia-francisco-alonso-ds4m\\\/\",\"name\":\"DS4M Mediterr\u00e1neo \u2013 El Prof. Francisco Alonso impulsa l\u2019Economia de la Dada a Val\u00e8ncia\",\"isPartOf\":{\"@id\":\"https:\\\/\\\/ds4mmed.uv.es\\\/#website\"},\"primaryImageOfPage\":{\"@id\":\"https:\\\/\\\/ds4mmed.uv.es\\\/index.php\\\/ca\\\/economia-dades-valencia-francisco-alonso-ds4m\\\/#primaryimage\"},\"image\":{\"@id\":\"https:\\\/\\\/ds4mmed.uv.es\\\/index.php\\\/ca\\\/economia-dades-valencia-francisco-alonso-ds4m\\\/#primaryimage\"},\"thumbnailUrl\":\"https:\\\/\\\/ds4mmed.uv.es\\\/wp-content\\\/uploads\\\/2025\\\/11\\\/Icono-web-1.png\",\"datePublished\":\"2026-03-23T11:09:49+00:00\",\"dateModified\":\"2026-03-23T11:33:35+00:00\",\"description\":\"Cr\u00f2nica de la participaci\u00f3 del Prof. Francisco Alonso en la jornada d'Economia de la Dada a Val\u00e8ncia. DS4M Mediterrani com a motor d'innovaci\u00f3.\",\"breadcrumb\":{\"@id\":\"https:\\\/\\\/ds4mmed.uv.es\\\/index.php\\\/ca\\\/economia-dades-valencia-francisco-alonso-ds4m\\\/#breadcrumb\"},\"inLanguage\":\"es\",\"potentialAction\":[{\"@type\":\"ReadAction\",\"target\":[\"https:\\\/\\\/ds4mmed.uv.es\\\/index.php\\\/ca\\\/economia-dades-valencia-francisco-alonso-ds4m\\\/\"]}]},{\"@type\":\"ImageObject\",\"inLanguage\":\"es\",\"@id\":\"https:\\\/\\\/ds4mmed.uv.es\\\/index.php\\\/ca\\\/economia-dades-valencia-francisco-alonso-ds4m\\\/#primaryimage\",\"url\":\"https:\\\/\\\/ds4mmed.uv.es\\\/wp-content\\\/uploads\\\/2025\\\/11\\\/Icono-web-1.png\",\"contentUrl\":\"https:\\\/\\\/ds4mmed.uv.es\\\/wp-content\\\/uploads\\\/2025\\\/11\\\/Icono-web-1.png\",\"width\":344,\"height\":344},{\"@type\":\"BreadcrumbList\",\"@id\":\"https:\\\/\\\/ds4mmed.uv.es\\\/index.php\\\/ca\\\/economia-dades-valencia-francisco-alonso-ds4m\\\/#breadcrumb\",\"itemListElement\":[{\"@type\":\"ListItem\",\"position\":1,\"name\":\"Portada\",\"item\":\"https:\\\/\\\/ds4mmed.uv.es\\\/index.php\\\/es\\\/\"},{\"@type\":\"ListItem\",\"position\":2,\"name\":\"Noticia 38 &#8211; El Prof. Francisco Alonso impulsa l&#8217;Economia de la Dada a Val\u00e8ncia\"}]},{\"@type\":\"WebSite\",\"@id\":\"https:\\\/\\\/ds4mmed.uv.es\\\/#website\",\"url\":\"https:\\\/\\\/ds4mmed.uv.es\\\/\",\"name\":\"DS4M Mediterr\u00e1neo\",\"description\":\"\",\"publisher\":{\"@id\":\"https:\\\/\\\/ds4mmed.uv.es\\\/#organization\"},\"potentialAction\":[{\"@type\":\"SearchAction\",\"target\":{\"@type\":\"EntryPoint\",\"urlTemplate\":\"https:\\\/\\\/ds4mmed.uv.es\\\/?s={search_term_string}\"},\"query-input\":{\"@type\":\"PropertyValueSpecification\",\"valueRequired\":true,\"valueName\":\"search_term_string\"}}],\"inLanguage\":\"es\"},{\"@type\":\"Organization\",\"@id\":\"https:\\\/\\\/ds4mmed.uv.es\\\/#organization\",\"name\":\"DS4M Mediterr\u00e1neo\",\"url\":\"https:\\\/\\\/ds4mmed.uv.es\\\/\",\"logo\":{\"@type\":\"ImageObject\",\"inLanguage\":\"es\",\"@id\":\"https:\\\/\\\/ds4mmed.uv.es\\\/#\\\/schema\\\/logo\\\/image\\\/\",\"url\":\"https:\\\/\\\/ds4mmed.uv.es\\\/wp-content\\\/uploads\\\/2025\\\/07\\\/Logo-cambio-resolucion-scaled.png\",\"contentUrl\":\"https:\\\/\\\/ds4mmed.uv.es\\\/wp-content\\\/uploads\\\/2025\\\/07\\\/Logo-cambio-resolucion-scaled.png\",\"width\":2560,\"height\":980,\"caption\":\"DS4M Mediterr\u00e1neo\"},\"image\":{\"@id\":\"https:\\\/\\\/ds4mmed.uv.es\\\/#\\\/schema\\\/logo\\\/image\\\/\"}}]}<\/script>\n<!-- \/ Yoast SEO plugin. -->","yoast_head_json":{"title":"DS4M Mediterr\u00e1neo \u2013 El Prof. Francisco Alonso impulsa l\u2019Economia de la Dada a Val\u00e8ncia","description":"Cr\u00f2nica de la participaci\u00f3 del Prof. Francisco Alonso en la jornada d'Economia de la Dada a Val\u00e8ncia. DS4M Mediterrani com a motor d'innovaci\u00f3.","robots":{"index":"index","follow":"follow","max-snippet":"max-snippet:-1","max-image-preview":"max-image-preview:large","max-video-preview":"max-video-preview:-1"},"canonical":"https:\/\/ds4mmed.uv.es\/index.php\/ca\/economia-dades-valencia-francisco-alonso-ds4m\/","og_locale":"es_ES","og_type":"article","og_title":"DS4M Mediterr\u00e1neo \u2013 El Prof. Francisco Alonso impulsa l\u2019Economia de la Dada a Val\u00e8ncia","og_description":"Cr\u00f2nica de la participaci\u00f3 del Prof. Francisco Alonso en la jornada d'Economia de la Dada a Val\u00e8ncia. DS4M Mediterrani com a motor d'innovaci\u00f3.","og_url":"https:\/\/ds4mmed.uv.es\/index.php\/ca\/economia-dades-valencia-francisco-alonso-ds4m\/","og_site_name":"DS4M Mediterr\u00e1neo","article_modified_time":"2026-03-23T11:33:35+00:00","og_image":[{"width":344,"height":344,"url":"https:\/\/ds4mmed.uv.es\/wp-content\/uploads\/2025\/11\/Icono-web-1.png","type":"image\/png"}],"twitter_card":"summary_large_image","twitter_misc":{"Tiempo de lectura":"1 minuto"},"schema":{"@context":"https:\/\/schema.org","@graph":[{"@type":"WebPage","@id":"https:\/\/ds4mmed.uv.es\/index.php\/ca\/economia-dades-valencia-francisco-alonso-ds4m\/","url":"https:\/\/ds4mmed.uv.es\/index.php\/ca\/economia-dades-valencia-francisco-alonso-ds4m\/","name":"DS4M Mediterr\u00e1neo \u2013 El Prof. Francisco Alonso impulsa l\u2019Economia de la Dada a Val\u00e8ncia","isPartOf":{"@id":"https:\/\/ds4mmed.uv.es\/#website"},"primaryImageOfPage":{"@id":"https:\/\/ds4mmed.uv.es\/index.php\/ca\/economia-dades-valencia-francisco-alonso-ds4m\/#primaryimage"},"image":{"@id":"https:\/\/ds4mmed.uv.es\/index.php\/ca\/economia-dades-valencia-francisco-alonso-ds4m\/#primaryimage"},"thumbnailUrl":"https:\/\/ds4mmed.uv.es\/wp-content\/uploads\/2025\/11\/Icono-web-1.png","datePublished":"2026-03-23T11:09:49+00:00","dateModified":"2026-03-23T11:33:35+00:00","description":"Cr\u00f2nica de la participaci\u00f3 del Prof. Francisco Alonso en la jornada d'Economia de la Dada a Val\u00e8ncia. DS4M Mediterrani com a motor d'innovaci\u00f3.","breadcrumb":{"@id":"https:\/\/ds4mmed.uv.es\/index.php\/ca\/economia-dades-valencia-francisco-alonso-ds4m\/#breadcrumb"},"inLanguage":"es","potentialAction":[{"@type":"ReadAction","target":["https:\/\/ds4mmed.uv.es\/index.php\/ca\/economia-dades-valencia-francisco-alonso-ds4m\/"]}]},{"@type":"ImageObject","inLanguage":"es","@id":"https:\/\/ds4mmed.uv.es\/index.php\/ca\/economia-dades-valencia-francisco-alonso-ds4m\/#primaryimage","url":"https:\/\/ds4mmed.uv.es\/wp-content\/uploads\/2025\/11\/Icono-web-1.png","contentUrl":"https:\/\/ds4mmed.uv.es\/wp-content\/uploads\/2025\/11\/Icono-web-1.png","width":344,"height":344},{"@type":"BreadcrumbList","@id":"https:\/\/ds4mmed.uv.es\/index.php\/ca\/economia-dades-valencia-francisco-alonso-ds4m\/#breadcrumb","itemListElement":[{"@type":"ListItem","position":1,"name":"Portada","item":"https:\/\/ds4mmed.uv.es\/index.php\/es\/"},{"@type":"ListItem","position":2,"name":"Noticia 38 &#8211; El Prof. Francisco Alonso impulsa l&#8217;Economia de la Dada a Val\u00e8ncia"}]},{"@type":"WebSite","@id":"https:\/\/ds4mmed.uv.es\/#website","url":"https:\/\/ds4mmed.uv.es\/","name":"DS4M Mediterr\u00e1neo","description":"","publisher":{"@id":"https:\/\/ds4mmed.uv.es\/#organization"},"potentialAction":[{"@type":"SearchAction","target":{"@type":"EntryPoint","urlTemplate":"https:\/\/ds4mmed.uv.es\/?s={search_term_string}"},"query-input":{"@type":"PropertyValueSpecification","valueRequired":true,"valueName":"search_term_string"}}],"inLanguage":"es"},{"@type":"Organization","@id":"https:\/\/ds4mmed.uv.es\/#organization","name":"DS4M Mediterr\u00e1neo","url":"https:\/\/ds4mmed.uv.es\/","logo":{"@type":"ImageObject","inLanguage":"es","@id":"https:\/\/ds4mmed.uv.es\/#\/schema\/logo\/image\/","url":"https:\/\/ds4mmed.uv.es\/wp-content\/uploads\/2025\/07\/Logo-cambio-resolucion-scaled.png","contentUrl":"https:\/\/ds4mmed.uv.es\/wp-content\/uploads\/2025\/07\/Logo-cambio-resolucion-scaled.png","width":2560,"height":980,"caption":"DS4M Mediterr\u00e1neo"},"image":{"@id":"https:\/\/ds4mmed.uv.es\/#\/schema\/logo\/image\/"}}]}},"_links":{"self":[{"href":"https:\/\/ds4mmed.uv.es\/index.php\/wp-json\/wp\/v2\/pages\/14642","targetHints":{"allow":["GET"]}}],"collection":[{"href":"https:\/\/ds4mmed.uv.es\/index.php\/wp-json\/wp\/v2\/pages"}],"about":[{"href":"https:\/\/ds4mmed.uv.es\/index.php\/wp-json\/wp\/v2\/types\/page"}],"author":[{"embeddable":true,"href":"https:\/\/ds4mmed.uv.es\/index.php\/wp-json\/wp\/v2\/users\/1"}],"replies":[{"embeddable":true,"href":"https:\/\/ds4mmed.uv.es\/index.php\/wp-json\/wp\/v2\/comments?post=14642"}],"version-history":[{"count":14,"href":"https:\/\/ds4mmed.uv.es\/index.php\/wp-json\/wp\/v2\/pages\/14642\/revisions"}],"predecessor-version":[{"id":14700,"href":"https:\/\/ds4mmed.uv.es\/index.php\/wp-json\/wp\/v2\/pages\/14642\/revisions\/14700"}],"wp:featuredmedia":[{"embeddable":true,"href":"https:\/\/ds4mmed.uv.es\/index.php\/wp-json\/wp\/v2\/media\/8718"}],"wp:attachment":[{"href":"https:\/\/ds4mmed.uv.es\/index.php\/wp-json\/wp\/v2\/media?parent=14642"}],"curies":[{"name":"wp","href":"https:\/\/api.w.org\/{rel}","templated":true}]}}