{"id":14641,"date":"2026-03-23T12:11:50","date_gmt":"2026-03-23T11:11:50","guid":{"rendered":"https:\/\/ds4mmed.uv.es\/?page_id=14641"},"modified":"2026-03-23T12:31:34","modified_gmt":"2026-03-23T11:31:34","slug":"el-prof-francisco-alonso-impulsa-la-economia-del-dato-en-valencia","status":"publish","type":"page","link":"https:\/\/ds4mmed.uv.es\/index.php\/es\/el-prof-francisco-alonso-impulsa-la-economia-del-dato-en-valencia\/","title":{"rendered":"Noticia 38 &#8211; El Prof. Francisco Alonso impulsa la Econom\u00eda del Dato en Valencia"},"content":{"rendered":"\t\t<div data-elementor-type=\"wp-page\" data-elementor-id=\"14641\" class=\"elementor elementor-14641\">\n\t\t\t\t<div class=\"elementor-element elementor-element-6c62525 e-flex e-con-boxed e-con e-child\" data-id=\"6c62525\" data-element_type=\"container\" data-e-type=\"container\" data-settings=\"{&quot;background_background&quot;:&quot;classic&quot;}\">\n\t\t\t\t\t<div class=\"e-con-inner\">\n\t\t<div class=\"elementor-element elementor-element-6debc5d e-con-full e-flex e-con e-child\" data-id=\"6debc5d\" data-element_type=\"container\" data-e-type=\"container\">\n\t\t<div class=\"elementor-element elementor-element-3b5bf26 e-con-full e-flex elementor-invisible e-con e-child\" data-id=\"3b5bf26\" data-element_type=\"container\" data-e-type=\"container\" data-settings=\"{&quot;animation&quot;:&quot;fadeInLeft&quot;}\">\n\t\t\t\t<div class=\"elementor-element elementor-element-da9e6f3 elementor-widget elementor-widget-heading\" data-id=\"da9e6f3\" data-element_type=\"widget\" data-e-type=\"widget\" data-widget_type=\"heading.default\">\n\t\t\t\t\t<h1 class=\"elementor-heading-title elementor-size-default\">El Prof. Dr. Francisco Alonso impulsa la econom\u00eda del dato aplicada al territorio en Valencia<\/h1>\t\t\t\t<\/div>\n\t\t\t\t<div class=\"elementor-element elementor-element-e2a4a87 elementor-icon-list--layout-inline elementor-align-center elementor-list-item-link-full_width elementor-widget elementor-widget-icon-list\" data-id=\"e2a4a87\" data-element_type=\"widget\" data-e-type=\"widget\" data-widget_type=\"icon-list.default\">\n\t\t\t\t\t\t\t<ul class=\"elementor-icon-list-items elementor-inline-items\">\n\t\t\t\t\t\t\t<li class=\"elementor-icon-list-item elementor-inline-item\">\n\t\t\t\t\t\t\t\t\t\t<span class=\"elementor-icon-list-text\">Publicado el 13 de marzo de 2026<\/span>\n\t\t\t\t\t\t\t\t\t<\/li>\n\t\t\t\t\t\t<\/ul>\n\t\t\t\t\t\t<\/div>\n\t\t\t\t<\/div>\n\t\t\t\t<div class=\"elementor-element elementor-element-89ea136 elementor-invisible elementor-widget elementor-widget-image\" data-id=\"89ea136\" data-element_type=\"widget\" data-e-type=\"widget\" data-settings=\"{&quot;_animation&quot;:&quot;fadeInRight&quot;}\" data-widget_type=\"image.default\">\n\t\t\t\t\t\t\t\t\t\t\t\t\t\t\t<img decoding=\"async\" src=\"https:\/\/ds4mmed.uv.es\/wp-content\/uploads\/2026\/03\/foto-francisco-economia-del-dato.png\" title=\"\" alt=\"\" loading=\"lazy\" \/>\t\t\t\t\t\t\t\t\t\t\t\t\t\t\t<\/div>\n\t\t\t\t<\/div>\n\t\t<div class=\"elementor-element elementor-element-aac12f8 e-con-full e-flex elementor-invisible e-con e-child\" data-id=\"aac12f8\" data-element_type=\"container\" data-e-type=\"container\" data-settings=\"{&quot;animation&quot;:&quot;fadeInUp&quot;}\">\n\t\t\t\t<div class=\"elementor-element elementor-element-0c8df65 elementor-widget__width-initial elementor-widget-mobile__width-inherit elementor-widget-tablet__width-inherit elementor-widget elementor-widget-text-editor\" data-id=\"0c8df65\" data-element_type=\"widget\" data-e-type=\"widget\" data-widget_type=\"text-editor.default\">\n\t\t\t\t\t\t\t\t\t<div class=\"ewa-rteLine\">\n<p data-path-to-node=\"4\">Valencia ha sido hoy el escenario de una jornada clave para el futuro digital de la regi\u00f3n. El <b data-path-to-node=\"4\" data-index-in-node=\"95\">Prof. Dr. Francisco Alonso<\/b> ha participado activamente en el encuentro <b data-path-to-node=\"4\" data-index-in-node=\"165\">\u201cEconom\u00eda del dato aplicada al territorio\u201d<\/b>, un evento estrat\u00e9gico organizado por la <b data-path-to-node=\"4\" data-index-in-node=\"249\">Oficina Acelera Pyme Valencia COITT<\/b> y <b data-path-to-node=\"4\" data-index-in-node=\"287\">Kiwa Espa\u00f1a<\/b>.<\/p>\n<p data-path-to-node=\"5\">Durante la sesi\u00f3n, se ha debatido sobre el papel crucial de la informaci\u00f3n estrat\u00e9gica en el desarrollo local. Desde <b data-path-to-node=\"5\" data-index-in-node=\"117\">DS4M Mediterr\u00e1neo<\/b>, reafirmamos nuestro compromiso con este ecosistema, siguiendo firmemente en nuestra labor de contribuir al impulso de los espacios de datos como motor de innovaci\u00f3n territorial. La colaboraci\u00f3n entre entidades p\u00fablicas y privadas es, hoy m\u00e1s que nunca, la base para transformar el dato en valor real para los ciudadanos y las empresas.<\/p>\n<\/div>\t\t\t\t\t\t\t\t<\/div>\n\t\t\t\t<\/div>\n\t\t\t\t\t<\/div>\n\t\t\t\t<\/div>\n\t\t\t\t<\/div>\n\t\t","protected":false},"excerpt":{"rendered":"<p>El Prof. Dr. Francisco Alonso impulsa la econom\u00eda del dato aplicada al territorio en Valencia Publicado el 13 de marzo de 2026 Valencia ha sido hoy el escenario de una jornada clave para el futuro digital de la regi\u00f3n. El Prof. Dr. Francisco Alonso ha participado activamente en el encuentro \u201cEconom\u00eda del dato aplicada al [&hellip;]<\/p>\n","protected":false},"author":1,"featured_media":8718,"parent":0,"menu_order":0,"comment_status":"closed","ping_status":"closed","template":"","meta":{"footnotes":""},"class_list":["post-14641","page","type-page","status-publish","has-post-thumbnail","hentry"],"yoast_head":"<!-- This site is optimized with the Yoast SEO plugin v27.4 - https:\/\/yoast.com\/product\/yoast-seo-wordpress\/ -->\n<title>DS4M Mediterr\u00e1neo \u2013 El Prof. Francisco Alonso impulsa la Econom\u00eda del Dato en Valencia<\/title>\n<meta name=\"description\" content=\"Resumen de la participaci\u00f3n del Prof. Francisco Alonso en la jornada sobre Econom\u00eda del Dato en Valencia. Descubre c\u00f3mo DS4M Mediterr\u00e1neo lidera la innovaci\u00f3n territorial.\" \/>\n<meta name=\"robots\" content=\"index, follow, max-snippet:-1, max-image-preview:large, max-video-preview:-1\" \/>\n<link rel=\"canonical\" href=\"https:\/\/ds4mmed.uv.es\/index.php\/es\/el-prof-francisco-alonso-impulsa-la-economia-del-dato-en-valencia\/\" \/>\n<meta property=\"og:locale\" content=\"es_ES\" \/>\n<meta property=\"og:type\" content=\"article\" \/>\n<meta property=\"og:title\" content=\"DS4M Mediterr\u00e1neo \u2013 El Prof. Francisco Alonso impulsa la Econom\u00eda del Dato en Valencia\" \/>\n<meta property=\"og:description\" content=\"Resumen de la participaci\u00f3n del Prof. Francisco Alonso en la jornada sobre Econom\u00eda del Dato en Valencia. Descubre c\u00f3mo DS4M Mediterr\u00e1neo lidera la innovaci\u00f3n territorial.\" \/>\n<meta property=\"og:url\" content=\"https:\/\/ds4mmed.uv.es\/index.php\/es\/el-prof-francisco-alonso-impulsa-la-economia-del-dato-en-valencia\/\" \/>\n<meta property=\"og:site_name\" content=\"DS4M Mediterr\u00e1neo\" \/>\n<meta property=\"article:modified_time\" content=\"2026-03-23T11:31:34+00:00\" \/>\n<meta property=\"og:image\" content=\"https:\/\/ds4mmed.uv.es\/wp-content\/uploads\/2025\/11\/Icono-web-1.png\" \/>\n\t<meta property=\"og:image:width\" content=\"344\" \/>\n\t<meta property=\"og:image:height\" content=\"344\" \/>\n\t<meta property=\"og:image:type\" content=\"image\/png\" \/>\n<meta name=\"twitter:card\" content=\"summary_large_image\" \/>\n<meta name=\"twitter:label1\" content=\"Tiempo de lectura\" \/>\n\t<meta name=\"twitter:data1\" content=\"1 minuto\" \/>\n<script type=\"application\/ld+json\" class=\"yoast-schema-graph\">{\"@context\":\"https:\\\/\\\/schema.org\",\"@graph\":[{\"@type\":\"WebPage\",\"@id\":\"https:\\\/\\\/ds4mmed.uv.es\\\/index.php\\\/es\\\/el-prof-francisco-alonso-impulsa-la-economia-del-dato-en-valencia\\\/\",\"url\":\"https:\\\/\\\/ds4mmed.uv.es\\\/index.php\\\/es\\\/el-prof-francisco-alonso-impulsa-la-economia-del-dato-en-valencia\\\/\",\"name\":\"DS4M Mediterr\u00e1neo \u2013 El Prof. Francisco Alonso impulsa la Econom\u00eda del Dato en Valencia\",\"isPartOf\":{\"@id\":\"https:\\\/\\\/ds4mmed.uv.es\\\/#website\"},\"primaryImageOfPage\":{\"@id\":\"https:\\\/\\\/ds4mmed.uv.es\\\/index.php\\\/es\\\/el-prof-francisco-alonso-impulsa-la-economia-del-dato-en-valencia\\\/#primaryimage\"},\"image\":{\"@id\":\"https:\\\/\\\/ds4mmed.uv.es\\\/index.php\\\/es\\\/el-prof-francisco-alonso-impulsa-la-economia-del-dato-en-valencia\\\/#primaryimage\"},\"thumbnailUrl\":\"https:\\\/\\\/ds4mmed.uv.es\\\/wp-content\\\/uploads\\\/2025\\\/11\\\/Icono-web-1.png\",\"datePublished\":\"2026-03-23T11:11:50+00:00\",\"dateModified\":\"2026-03-23T11:31:34+00:00\",\"description\":\"Resumen de la participaci\u00f3n del Prof. Francisco Alonso en la jornada sobre Econom\u00eda del Dato en Valencia. Descubre c\u00f3mo DS4M Mediterr\u00e1neo lidera la innovaci\u00f3n territorial.\",\"breadcrumb\":{\"@id\":\"https:\\\/\\\/ds4mmed.uv.es\\\/index.php\\\/es\\\/el-prof-francisco-alonso-impulsa-la-economia-del-dato-en-valencia\\\/#breadcrumb\"},\"inLanguage\":\"es\",\"potentialAction\":[{\"@type\":\"ReadAction\",\"target\":[\"https:\\\/\\\/ds4mmed.uv.es\\\/index.php\\\/es\\\/el-prof-francisco-alonso-impulsa-la-economia-del-dato-en-valencia\\\/\"]}]},{\"@type\":\"ImageObject\",\"inLanguage\":\"es\",\"@id\":\"https:\\\/\\\/ds4mmed.uv.es\\\/index.php\\\/es\\\/el-prof-francisco-alonso-impulsa-la-economia-del-dato-en-valencia\\\/#primaryimage\",\"url\":\"https:\\\/\\\/ds4mmed.uv.es\\\/wp-content\\\/uploads\\\/2025\\\/11\\\/Icono-web-1.png\",\"contentUrl\":\"https:\\\/\\\/ds4mmed.uv.es\\\/wp-content\\\/uploads\\\/2025\\\/11\\\/Icono-web-1.png\",\"width\":344,\"height\":344},{\"@type\":\"BreadcrumbList\",\"@id\":\"https:\\\/\\\/ds4mmed.uv.es\\\/index.php\\\/es\\\/el-prof-francisco-alonso-impulsa-la-economia-del-dato-en-valencia\\\/#breadcrumb\",\"itemListElement\":[{\"@type\":\"ListItem\",\"position\":1,\"name\":\"Portada\",\"item\":\"https:\\\/\\\/ds4mmed.uv.es\\\/index.php\\\/es\\\/\"},{\"@type\":\"ListItem\",\"position\":2,\"name\":\"Noticia 38 &#8211; El Prof. Francisco Alonso impulsa la Econom\u00eda del Dato en Valencia\"}]},{\"@type\":\"WebSite\",\"@id\":\"https:\\\/\\\/ds4mmed.uv.es\\\/#website\",\"url\":\"https:\\\/\\\/ds4mmed.uv.es\\\/\",\"name\":\"DS4M Mediterr\u00e1neo\",\"description\":\"\",\"publisher\":{\"@id\":\"https:\\\/\\\/ds4mmed.uv.es\\\/#organization\"},\"potentialAction\":[{\"@type\":\"SearchAction\",\"target\":{\"@type\":\"EntryPoint\",\"urlTemplate\":\"https:\\\/\\\/ds4mmed.uv.es\\\/?s={search_term_string}\"},\"query-input\":{\"@type\":\"PropertyValueSpecification\",\"valueRequired\":true,\"valueName\":\"search_term_string\"}}],\"inLanguage\":\"es\"},{\"@type\":\"Organization\",\"@id\":\"https:\\\/\\\/ds4mmed.uv.es\\\/#organization\",\"name\":\"DS4M Mediterr\u00e1neo\",\"url\":\"https:\\\/\\\/ds4mmed.uv.es\\\/\",\"logo\":{\"@type\":\"ImageObject\",\"inLanguage\":\"es\",\"@id\":\"https:\\\/\\\/ds4mmed.uv.es\\\/#\\\/schema\\\/logo\\\/image\\\/\",\"url\":\"https:\\\/\\\/ds4mmed.uv.es\\\/wp-content\\\/uploads\\\/2025\\\/07\\\/Logo-cambio-resolucion-scaled.png\",\"contentUrl\":\"https:\\\/\\\/ds4mmed.uv.es\\\/wp-content\\\/uploads\\\/2025\\\/07\\\/Logo-cambio-resolucion-scaled.png\",\"width\":2560,\"height\":980,\"caption\":\"DS4M Mediterr\u00e1neo\"},\"image\":{\"@id\":\"https:\\\/\\\/ds4mmed.uv.es\\\/#\\\/schema\\\/logo\\\/image\\\/\"}}]}<\/script>\n<!-- \/ Yoast SEO plugin. -->","yoast_head_json":{"title":"DS4M Mediterr\u00e1neo \u2013 El Prof. Francisco Alonso impulsa la Econom\u00eda del Dato en Valencia","description":"Resumen de la participaci\u00f3n del Prof. Francisco Alonso en la jornada sobre Econom\u00eda del Dato en Valencia. Descubre c\u00f3mo DS4M Mediterr\u00e1neo lidera la innovaci\u00f3n territorial.","robots":{"index":"index","follow":"follow","max-snippet":"max-snippet:-1","max-image-preview":"max-image-preview:large","max-video-preview":"max-video-preview:-1"},"canonical":"https:\/\/ds4mmed.uv.es\/index.php\/es\/el-prof-francisco-alonso-impulsa-la-economia-del-dato-en-valencia\/","og_locale":"es_ES","og_type":"article","og_title":"DS4M Mediterr\u00e1neo \u2013 El Prof. Francisco Alonso impulsa la Econom\u00eda del Dato en Valencia","og_description":"Resumen de la participaci\u00f3n del Prof. Francisco Alonso en la jornada sobre Econom\u00eda del Dato en Valencia. Descubre c\u00f3mo DS4M Mediterr\u00e1neo lidera la innovaci\u00f3n territorial.","og_url":"https:\/\/ds4mmed.uv.es\/index.php\/es\/el-prof-francisco-alonso-impulsa-la-economia-del-dato-en-valencia\/","og_site_name":"DS4M Mediterr\u00e1neo","article_modified_time":"2026-03-23T11:31:34+00:00","og_image":[{"width":344,"height":344,"url":"https:\/\/ds4mmed.uv.es\/wp-content\/uploads\/2025\/11\/Icono-web-1.png","type":"image\/png"}],"twitter_card":"summary_large_image","twitter_misc":{"Tiempo de lectura":"1 minuto"},"schema":{"@context":"https:\/\/schema.org","@graph":[{"@type":"WebPage","@id":"https:\/\/ds4mmed.uv.es\/index.php\/es\/el-prof-francisco-alonso-impulsa-la-economia-del-dato-en-valencia\/","url":"https:\/\/ds4mmed.uv.es\/index.php\/es\/el-prof-francisco-alonso-impulsa-la-economia-del-dato-en-valencia\/","name":"DS4M Mediterr\u00e1neo \u2013 El Prof. Francisco Alonso impulsa la Econom\u00eda del Dato en Valencia","isPartOf":{"@id":"https:\/\/ds4mmed.uv.es\/#website"},"primaryImageOfPage":{"@id":"https:\/\/ds4mmed.uv.es\/index.php\/es\/el-prof-francisco-alonso-impulsa-la-economia-del-dato-en-valencia\/#primaryimage"},"image":{"@id":"https:\/\/ds4mmed.uv.es\/index.php\/es\/el-prof-francisco-alonso-impulsa-la-economia-del-dato-en-valencia\/#primaryimage"},"thumbnailUrl":"https:\/\/ds4mmed.uv.es\/wp-content\/uploads\/2025\/11\/Icono-web-1.png","datePublished":"2026-03-23T11:11:50+00:00","dateModified":"2026-03-23T11:31:34+00:00","description":"Resumen de la participaci\u00f3n del Prof. Francisco Alonso en la jornada sobre Econom\u00eda del Dato en Valencia. Descubre c\u00f3mo DS4M Mediterr\u00e1neo lidera la innovaci\u00f3n territorial.","breadcrumb":{"@id":"https:\/\/ds4mmed.uv.es\/index.php\/es\/el-prof-francisco-alonso-impulsa-la-economia-del-dato-en-valencia\/#breadcrumb"},"inLanguage":"es","potentialAction":[{"@type":"ReadAction","target":["https:\/\/ds4mmed.uv.es\/index.php\/es\/el-prof-francisco-alonso-impulsa-la-economia-del-dato-en-valencia\/"]}]},{"@type":"ImageObject","inLanguage":"es","@id":"https:\/\/ds4mmed.uv.es\/index.php\/es\/el-prof-francisco-alonso-impulsa-la-economia-del-dato-en-valencia\/#primaryimage","url":"https:\/\/ds4mmed.uv.es\/wp-content\/uploads\/2025\/11\/Icono-web-1.png","contentUrl":"https:\/\/ds4mmed.uv.es\/wp-content\/uploads\/2025\/11\/Icono-web-1.png","width":344,"height":344},{"@type":"BreadcrumbList","@id":"https:\/\/ds4mmed.uv.es\/index.php\/es\/el-prof-francisco-alonso-impulsa-la-economia-del-dato-en-valencia\/#breadcrumb","itemListElement":[{"@type":"ListItem","position":1,"name":"Portada","item":"https:\/\/ds4mmed.uv.es\/index.php\/es\/"},{"@type":"ListItem","position":2,"name":"Noticia 38 &#8211; El Prof. Francisco Alonso impulsa la Econom\u00eda del Dato en Valencia"}]},{"@type":"WebSite","@id":"https:\/\/ds4mmed.uv.es\/#website","url":"https:\/\/ds4mmed.uv.es\/","name":"DS4M Mediterr\u00e1neo","description":"","publisher":{"@id":"https:\/\/ds4mmed.uv.es\/#organization"},"potentialAction":[{"@type":"SearchAction","target":{"@type":"EntryPoint","urlTemplate":"https:\/\/ds4mmed.uv.es\/?s={search_term_string}"},"query-input":{"@type":"PropertyValueSpecification","valueRequired":true,"valueName":"search_term_string"}}],"inLanguage":"es"},{"@type":"Organization","@id":"https:\/\/ds4mmed.uv.es\/#organization","name":"DS4M Mediterr\u00e1neo","url":"https:\/\/ds4mmed.uv.es\/","logo":{"@type":"ImageObject","inLanguage":"es","@id":"https:\/\/ds4mmed.uv.es\/#\/schema\/logo\/image\/","url":"https:\/\/ds4mmed.uv.es\/wp-content\/uploads\/2025\/07\/Logo-cambio-resolucion-scaled.png","contentUrl":"https:\/\/ds4mmed.uv.es\/wp-content\/uploads\/2025\/07\/Logo-cambio-resolucion-scaled.png","width":2560,"height":980,"caption":"DS4M Mediterr\u00e1neo"},"image":{"@id":"https:\/\/ds4mmed.uv.es\/#\/schema\/logo\/image\/"}}]}},"_links":{"self":[{"href":"https:\/\/ds4mmed.uv.es\/index.php\/wp-json\/wp\/v2\/pages\/14641","targetHints":{"allow":["GET"]}}],"collection":[{"href":"https:\/\/ds4mmed.uv.es\/index.php\/wp-json\/wp\/v2\/pages"}],"about":[{"href":"https:\/\/ds4mmed.uv.es\/index.php\/wp-json\/wp\/v2\/types\/page"}],"author":[{"embeddable":true,"href":"https:\/\/ds4mmed.uv.es\/index.php\/wp-json\/wp\/v2\/users\/1"}],"replies":[{"embeddable":true,"href":"https:\/\/ds4mmed.uv.es\/index.php\/wp-json\/wp\/v2\/comments?post=14641"}],"version-history":[{"count":7,"href":"https:\/\/ds4mmed.uv.es\/index.php\/wp-json\/wp\/v2\/pages\/14641\/revisions"}],"predecessor-version":[{"id":14696,"href":"https:\/\/ds4mmed.uv.es\/index.php\/wp-json\/wp\/v2\/pages\/14641\/revisions\/14696"}],"wp:featuredmedia":[{"embeddable":true,"href":"https:\/\/ds4mmed.uv.es\/index.php\/wp-json\/wp\/v2\/media\/8718"}],"wp:attachment":[{"href":"https:\/\/ds4mmed.uv.es\/index.php\/wp-json\/wp\/v2\/media?parent=14641"}],"curies":[{"name":"wp","href":"https:\/\/api.w.org\/{rel}","templated":true}]}}