{"id":13885,"date":"2026-03-09T09:29:42","date_gmt":"2026-03-09T08:29:42","guid":{"rendered":"https:\/\/ds4mmed.uv.es\/?page_id=13885"},"modified":"2026-03-09T09:52:42","modified_gmt":"2026-03-09T08:52:42","slug":"francisco-alonso-xiii-jornada-ciutats-segures-sostenibles-intelligents","status":"publish","type":"page","link":"https:\/\/ds4mmed.uv.es\/index.php\/ca\/francisco-alonso-xiii-jornada-ciutats-segures-sostenibles-intelligents\/","title":{"rendered":"Noticia 36 &#8211; El Prof. Dr. Francisco Alonso analitza la tecnologia urbana i la presa de decisions en la XIII Jornada sobre Ciutats Segures, Sostenibles i Intel\u00b7ligents"},"content":{"rendered":"\t\t<div data-elementor-type=\"wp-page\" data-elementor-id=\"13885\" class=\"elementor elementor-13885\">\n\t\t\t\t<div class=\"elementor-element elementor-element-6c62525 e-flex e-con-boxed e-con e-child\" data-id=\"6c62525\" data-element_type=\"container\" data-e-type=\"container\" data-settings=\"{&quot;background_background&quot;:&quot;classic&quot;}\">\n\t\t\t\t\t<div class=\"e-con-inner\">\n\t\t<div class=\"elementor-element elementor-element-6debc5d e-con-full e-flex e-con e-child\" data-id=\"6debc5d\" data-element_type=\"container\" data-e-type=\"container\">\n\t\t<div class=\"elementor-element elementor-element-3b5bf26 e-con-full e-flex elementor-invisible e-con e-child\" data-id=\"3b5bf26\" data-element_type=\"container\" data-e-type=\"container\" data-settings=\"{&quot;animation&quot;:&quot;fadeInLeft&quot;}\">\n\t\t\t\t<div class=\"elementor-element elementor-element-da9e6f3 elementor-widget elementor-widget-heading\" data-id=\"da9e6f3\" data-element_type=\"widget\" data-e-type=\"widget\" data-widget_type=\"heading.default\">\n\t\t\t\t\t<h1 class=\"elementor-heading-title elementor-size-default\">El Prof. Dr. Francisco Alonso analitza l'impacte real de la tecnologia urbana en la XIII Jornada sobre Ciutats Segures, Sostenibles i Intel\u00b7ligents<\/h1>\t\t\t\t<\/div>\n\t\t\t\t<div class=\"elementor-element elementor-element-e2a4a87 elementor-icon-list--layout-inline elementor-align-center elementor-list-item-link-full_width elementor-widget elementor-widget-icon-list\" data-id=\"e2a4a87\" data-element_type=\"widget\" data-e-type=\"widget\" data-widget_type=\"icon-list.default\">\n\t\t\t\t\t\t\t<ul class=\"elementor-icon-list-items elementor-inline-items\">\n\t\t\t\t\t\t\t<li class=\"elementor-icon-list-item elementor-inline-item\">\n\t\t\t\t\t\t\t\t\t\t<span class=\"elementor-icon-list-text\">Publicat el 9 de mar\u00e7 de 2026<\/span>\n\t\t\t\t\t\t\t\t\t<\/li>\n\t\t\t\t\t\t<\/ul>\n\t\t\t\t\t\t<\/div>\n\t\t\t\t<\/div>\n\t\t\t\t<div class=\"elementor-element elementor-element-89ea136 elementor-invisible elementor-widget elementor-widget-image\" data-id=\"89ea136\" data-element_type=\"widget\" data-e-type=\"widget\" data-settings=\"{&quot;_animation&quot;:&quot;fadeInRight&quot;}\" data-widget_type=\"image.default\">\n\t\t\t\t\t\t\t\t\t\t\t\t\t\t\t<img decoding=\"async\" src=\"https:\/\/ds4mmed.uv.es\/wp-content\/uploads\/2026\/03\/noticia36.jpg\" title=\"\" alt=\"\" loading=\"lazy\" \/>\t\t\t\t\t\t\t\t\t\t\t\t\t\t\t<\/div>\n\t\t\t\t<\/div>\n\t\t<div class=\"elementor-element elementor-element-aac12f8 e-con-full e-flex elementor-invisible e-con e-child\" data-id=\"aac12f8\" data-element_type=\"container\" data-e-type=\"container\" data-settings=\"{&quot;animation&quot;:&quot;fadeInUp&quot;}\">\n\t\t\t\t<div class=\"elementor-element elementor-element-0c8df65 elementor-widget__width-initial elementor-widget-mobile__width-inherit elementor-widget-tablet__width-inherit elementor-widget elementor-widget-text-editor\" data-id=\"0c8df65\" data-element_type=\"widget\" data-e-type=\"widget\" data-widget_type=\"text-editor.default\">\n\t\t\t\t\t\t\t\t\t<div class=\"ewa-rteLine\">\n<blockquote data-path-to-node=\"17\">\n<p data-path-to-node=\"13\">El <b data-path-to-node=\"13\" data-index-in-node=\"33\">Prof. Dr. Francisco Alonso<\/b>, en representaci\u00f3 de <b data-path-to-node=\"13\" data-index-in-node=\"81\">DS4M Mediterr\u00e1neo (Universitat de Val\u00e8ncia)<\/b>, va participar el passat divendres en la <b data-path-to-node=\"13\" data-index-in-node=\"165\">XIII Jornada sobre Ciutats Segures, Sostenibles i Intel\u00b7ligents<\/b>, un esdeveniment de refer\u00e8ncia organitzat per la <b data-path-to-node=\"13\" data-index-in-node=\"278\">Universitat Polit\u00e8cnica de Val\u00e8ncia (UPV)<\/b>.<\/p>\n<h3 data-path-to-node=\"14\">Tecnologia urbana: De les dades a la presa de decisions<\/h3>\n<p data-path-to-node=\"15\">El Prof. Dr. Alonso va intervindre en la <b data-path-to-node=\"15\" data-index-in-node=\"41\">Mesa 3<\/b>, titulada <i data-path-to-node=\"15\" data-index-in-node=\"58\">\u00abTecnologia urbana amb impacte real: de les dades a la presa de decisions\u00bb<\/i>. El debat, centrat en com transformar el flux massiu d&#8217;informaci\u00f3 en pol\u00edtiques p\u00fabliques eficients, va comptar amb un panell d&#8217;experts de primer nivell:<\/p>\n<ul data-path-to-node=\"16\">\n<li>\n<p data-path-to-node=\"16,0,0\"><b data-path-to-node=\"16,0,0\" data-index-in-node=\"0\">Moderador:<\/b> Ernesto Faubel Cubells (Cap de Servei de Ciutat Intel\u00b7ligent i Gesti\u00f3 de Dades de l&#8217;Ajuntament de Val\u00e8ncia).<\/p>\n<\/li>\n<li>\n<p data-path-to-node=\"16,1,0\"><b data-path-to-node=\"16,1,0\" data-index-in-node=\"0\">Patricia Tamarit<\/b> (Directora d&#8217;Innovaci\u00f3 en Producte Propi de NUNSYS).<\/p>\n<\/li>\n<li>\n<p data-path-to-node=\"16,2,0\"><b data-path-to-node=\"16,2,0\" data-index-in-node=\"0\">David Olmos Rodr\u00edguez<\/b> (Responsable de Contractaci\u00f3 i Estudis en Pavapark).<\/p>\n<\/li>\n<li>\n<p data-path-to-node=\"16,3,0\"><b data-path-to-node=\"16,3,0\" data-index-in-node=\"0\">Antonio S\u00e1nchez<\/b> (Fundador i Catedr\u00e0tic de la Universitat Polit\u00e8cnica de Cartagena).<\/p>\n<\/li>\n<\/ul>\n<h3 data-path-to-node=\"17\">La dada com a eix de la mobilitat intel\u00b7ligent<\/h3>\n<p data-path-to-node=\"18\">Durant la sessi\u00f3, es va destacar que la tecnologia urbana ha de ser una eina per a millorar la qualitat de vida ciutadana. El Prof. Dr. Alonso va subratllar la import\u00e0ncia de la <b data-path-to-node=\"18\" data-index-in-node=\"178\">governan\u00e7a de la dada<\/b> i com els espais de dades, com <b data-path-to-node=\"18\" data-index-in-node=\"231\">DS4M Mediterr\u00e1neo<\/b>, s\u00f3n fonamentals perqu\u00e8 la integraci\u00f3 de sensors i sistemes de tr\u00e0nsit es tradu\u00efsca en una mobilitat m\u00e9s fluida i segura.<\/p>\n<\/blockquote>\n<\/div>\t\t\t\t\t\t\t\t<\/div>\n\t\t\t\t<\/div>\n\t\t\t\t\t<\/div>\n\t\t\t\t<\/div>\n\t\t\t\t<\/div>\n\t\t","protected":false},"excerpt":{"rendered":"<p>El Prof. Dr. Francisco Alonso analitza l&#8217;impacte real de la tecnologia urbana en la XIII Jornada sobre Ciutats Segures, Sostenibles i Intel\u00b7ligents Publicat el 9 de mar\u00e7 de 2026 El Prof. Dr. Francisco Alonso, en representaci\u00f3 de DS4M Mediterr\u00e1neo (Universitat de Val\u00e8ncia), va participar el passat divendres en la XIII Jornada sobre Ciutats Segures, Sostenibles [&hellip;]<\/p>\n","protected":false},"author":1,"featured_media":0,"parent":0,"menu_order":0,"comment_status":"closed","ping_status":"closed","template":"","meta":{"footnotes":""},"class_list":["post-13885","page","type-page","status-publish","hentry"],"yoast_head":"<!-- This site is optimized with the Yoast SEO plugin v27.4 - https:\/\/yoast.com\/product\/yoast-seo-wordpress\/ -->\n<title>XIII Jornada Ciutats Intel\u00b7ligents: Prof. Dr. Francisco Alonso i DS4M<\/title>\n<meta name=\"description\" content=\"El Prof. Dr. Francisco Alonso (DS4M) participa en la UPV en la mesa sobre tecnologia urbana i presa de decisions basada en dades juntament amb experts de l&#039;Ajuntament de Val\u00e8ncia, Nunsys i Pavapark.\" \/>\n<meta name=\"robots\" content=\"index, follow, max-snippet:-1, max-image-preview:large, max-video-preview:-1\" \/>\n<link rel=\"canonical\" href=\"https:\/\/ds4mmed.uv.es\/index.php\/ca\/francisco-alonso-xiii-jornada-ciutats-segures-sostenibles-intelligents\/\" \/>\n<meta property=\"og:locale\" content=\"es_ES\" \/>\n<meta property=\"og:type\" content=\"article\" \/>\n<meta property=\"og:title\" content=\"XIII Jornada Ciutats Intel\u00b7ligents: Prof. Dr. Francisco Alonso i DS4M\" \/>\n<meta property=\"og:description\" content=\"El Prof. Dr. Francisco Alonso (DS4M) participa en la UPV en la mesa sobre tecnologia urbana i presa de decisions basada en dades juntament amb experts de l&#039;Ajuntament de Val\u00e8ncia, Nunsys i Pavapark.\" \/>\n<meta property=\"og:url\" content=\"https:\/\/ds4mmed.uv.es\/index.php\/ca\/francisco-alonso-xiii-jornada-ciutats-segures-sostenibles-intelligents\/\" \/>\n<meta property=\"og:site_name\" content=\"DS4M Mediterr\u00e1neo\" \/>\n<meta property=\"article:modified_time\" content=\"2026-03-09T08:52:42+00:00\" \/>\n<meta property=\"og:image\" content=\"https:\/\/ds4mmed.uv.es\/wp-content\/uploads\/2026\/03\/noticia36.jpg\" \/>\n<meta name=\"twitter:card\" content=\"summary_large_image\" \/>\n<meta name=\"twitter:label1\" content=\"Tiempo de lectura\" \/>\n\t<meta name=\"twitter:data1\" content=\"1 minuto\" \/>\n<script type=\"application\/ld+json\" class=\"yoast-schema-graph\">{\"@context\":\"https:\\\/\\\/schema.org\",\"@graph\":[{\"@type\":\"WebPage\",\"@id\":\"https:\\\/\\\/ds4mmed.uv.es\\\/index.php\\\/ca\\\/francisco-alonso-xiii-jornada-ciutats-segures-sostenibles-intelligents\\\/\",\"url\":\"https:\\\/\\\/ds4mmed.uv.es\\\/index.php\\\/ca\\\/francisco-alonso-xiii-jornada-ciutats-segures-sostenibles-intelligents\\\/\",\"name\":\"XIII Jornada Ciutats Intel\u00b7ligents: Prof. Dr. Francisco Alonso i DS4M\",\"isPartOf\":{\"@id\":\"https:\\\/\\\/ds4mmed.uv.es\\\/#website\"},\"primaryImageOfPage\":{\"@id\":\"https:\\\/\\\/ds4mmed.uv.es\\\/index.php\\\/ca\\\/francisco-alonso-xiii-jornada-ciutats-segures-sostenibles-intelligents\\\/#primaryimage\"},\"image\":{\"@id\":\"https:\\\/\\\/ds4mmed.uv.es\\\/index.php\\\/ca\\\/francisco-alonso-xiii-jornada-ciutats-segures-sostenibles-intelligents\\\/#primaryimage\"},\"thumbnailUrl\":\"https:\\\/\\\/ds4mmed.uv.es\\\/wp-content\\\/uploads\\\/2026\\\/03\\\/noticia36.jpg\",\"datePublished\":\"2026-03-09T08:29:42+00:00\",\"dateModified\":\"2026-03-09T08:52:42+00:00\",\"description\":\"El Prof. Dr. Francisco Alonso (DS4M) participa en la UPV en la mesa sobre tecnologia urbana i presa de decisions basada en dades juntament amb experts de l'Ajuntament de Val\u00e8ncia, Nunsys i Pavapark.\",\"breadcrumb\":{\"@id\":\"https:\\\/\\\/ds4mmed.uv.es\\\/index.php\\\/ca\\\/francisco-alonso-xiii-jornada-ciutats-segures-sostenibles-intelligents\\\/#breadcrumb\"},\"inLanguage\":\"es\",\"potentialAction\":[{\"@type\":\"ReadAction\",\"target\":[\"https:\\\/\\\/ds4mmed.uv.es\\\/index.php\\\/ca\\\/francisco-alonso-xiii-jornada-ciutats-segures-sostenibles-intelligents\\\/\"]}]},{\"@type\":\"ImageObject\",\"inLanguage\":\"es\",\"@id\":\"https:\\\/\\\/ds4mmed.uv.es\\\/index.php\\\/ca\\\/francisco-alonso-xiii-jornada-ciutats-segures-sostenibles-intelligents\\\/#primaryimage\",\"url\":\"https:\\\/\\\/ds4mmed.uv.es\\\/wp-content\\\/uploads\\\/2026\\\/03\\\/noticia36.jpg\",\"contentUrl\":\"https:\\\/\\\/ds4mmed.uv.es\\\/wp-content\\\/uploads\\\/2026\\\/03\\\/noticia36.jpg\",\"width\":2048,\"height\":1536},{\"@type\":\"BreadcrumbList\",\"@id\":\"https:\\\/\\\/ds4mmed.uv.es\\\/index.php\\\/ca\\\/francisco-alonso-xiii-jornada-ciutats-segures-sostenibles-intelligents\\\/#breadcrumb\",\"itemListElement\":[{\"@type\":\"ListItem\",\"position\":1,\"name\":\"Portada\",\"item\":\"https:\\\/\\\/ds4mmed.uv.es\\\/index.php\\\/es\\\/\"},{\"@type\":\"ListItem\",\"position\":2,\"name\":\"Noticia 36 &#8211; El Prof. Dr. Francisco Alonso analitza la tecnologia urbana i la presa de decisions en la XIII Jornada sobre Ciutats Segures, Sostenibles i Intel\u00b7ligents\"}]},{\"@type\":\"WebSite\",\"@id\":\"https:\\\/\\\/ds4mmed.uv.es\\\/#website\",\"url\":\"https:\\\/\\\/ds4mmed.uv.es\\\/\",\"name\":\"DS4M Mediterr\u00e1neo\",\"description\":\"\",\"publisher\":{\"@id\":\"https:\\\/\\\/ds4mmed.uv.es\\\/#organization\"},\"potentialAction\":[{\"@type\":\"SearchAction\",\"target\":{\"@type\":\"EntryPoint\",\"urlTemplate\":\"https:\\\/\\\/ds4mmed.uv.es\\\/?s={search_term_string}\"},\"query-input\":{\"@type\":\"PropertyValueSpecification\",\"valueRequired\":true,\"valueName\":\"search_term_string\"}}],\"inLanguage\":\"es\"},{\"@type\":\"Organization\",\"@id\":\"https:\\\/\\\/ds4mmed.uv.es\\\/#organization\",\"name\":\"DS4M Mediterr\u00e1neo\",\"url\":\"https:\\\/\\\/ds4mmed.uv.es\\\/\",\"logo\":{\"@type\":\"ImageObject\",\"inLanguage\":\"es\",\"@id\":\"https:\\\/\\\/ds4mmed.uv.es\\\/#\\\/schema\\\/logo\\\/image\\\/\",\"url\":\"https:\\\/\\\/ds4mmed.uv.es\\\/wp-content\\\/uploads\\\/2025\\\/07\\\/Logo-cambio-resolucion-scaled.png\",\"contentUrl\":\"https:\\\/\\\/ds4mmed.uv.es\\\/wp-content\\\/uploads\\\/2025\\\/07\\\/Logo-cambio-resolucion-scaled.png\",\"width\":2560,\"height\":980,\"caption\":\"DS4M Mediterr\u00e1neo\"},\"image\":{\"@id\":\"https:\\\/\\\/ds4mmed.uv.es\\\/#\\\/schema\\\/logo\\\/image\\\/\"}}]}<\/script>\n<!-- \/ Yoast SEO plugin. -->","yoast_head_json":{"title":"XIII Jornada Ciutats Intel\u00b7ligents: Prof. Dr. Francisco Alonso i DS4M","description":"El Prof. Dr. Francisco Alonso (DS4M) participa en la UPV en la mesa sobre tecnologia urbana i presa de decisions basada en dades juntament amb experts de l'Ajuntament de Val\u00e8ncia, Nunsys i Pavapark.","robots":{"index":"index","follow":"follow","max-snippet":"max-snippet:-1","max-image-preview":"max-image-preview:large","max-video-preview":"max-video-preview:-1"},"canonical":"https:\/\/ds4mmed.uv.es\/index.php\/ca\/francisco-alonso-xiii-jornada-ciutats-segures-sostenibles-intelligents\/","og_locale":"es_ES","og_type":"article","og_title":"XIII Jornada Ciutats Intel\u00b7ligents: Prof. Dr. Francisco Alonso i DS4M","og_description":"El Prof. Dr. Francisco Alonso (DS4M) participa en la UPV en la mesa sobre tecnologia urbana i presa de decisions basada en dades juntament amb experts de l'Ajuntament de Val\u00e8ncia, Nunsys i Pavapark.","og_url":"https:\/\/ds4mmed.uv.es\/index.php\/ca\/francisco-alonso-xiii-jornada-ciutats-segures-sostenibles-intelligents\/","og_site_name":"DS4M Mediterr\u00e1neo","article_modified_time":"2026-03-09T08:52:42+00:00","og_image":[{"url":"https:\/\/ds4mmed.uv.es\/wp-content\/uploads\/2026\/03\/noticia36.jpg","type":"","width":"","height":""}],"twitter_card":"summary_large_image","twitter_misc":{"Tiempo de lectura":"1 minuto"},"schema":{"@context":"https:\/\/schema.org","@graph":[{"@type":"WebPage","@id":"https:\/\/ds4mmed.uv.es\/index.php\/ca\/francisco-alonso-xiii-jornada-ciutats-segures-sostenibles-intelligents\/","url":"https:\/\/ds4mmed.uv.es\/index.php\/ca\/francisco-alonso-xiii-jornada-ciutats-segures-sostenibles-intelligents\/","name":"XIII Jornada Ciutats Intel\u00b7ligents: Prof. Dr. Francisco Alonso i DS4M","isPartOf":{"@id":"https:\/\/ds4mmed.uv.es\/#website"},"primaryImageOfPage":{"@id":"https:\/\/ds4mmed.uv.es\/index.php\/ca\/francisco-alonso-xiii-jornada-ciutats-segures-sostenibles-intelligents\/#primaryimage"},"image":{"@id":"https:\/\/ds4mmed.uv.es\/index.php\/ca\/francisco-alonso-xiii-jornada-ciutats-segures-sostenibles-intelligents\/#primaryimage"},"thumbnailUrl":"https:\/\/ds4mmed.uv.es\/wp-content\/uploads\/2026\/03\/noticia36.jpg","datePublished":"2026-03-09T08:29:42+00:00","dateModified":"2026-03-09T08:52:42+00:00","description":"El Prof. Dr. Francisco Alonso (DS4M) participa en la UPV en la mesa sobre tecnologia urbana i presa de decisions basada en dades juntament amb experts de l'Ajuntament de Val\u00e8ncia, Nunsys i Pavapark.","breadcrumb":{"@id":"https:\/\/ds4mmed.uv.es\/index.php\/ca\/francisco-alonso-xiii-jornada-ciutats-segures-sostenibles-intelligents\/#breadcrumb"},"inLanguage":"es","potentialAction":[{"@type":"ReadAction","target":["https:\/\/ds4mmed.uv.es\/index.php\/ca\/francisco-alonso-xiii-jornada-ciutats-segures-sostenibles-intelligents\/"]}]},{"@type":"ImageObject","inLanguage":"es","@id":"https:\/\/ds4mmed.uv.es\/index.php\/ca\/francisco-alonso-xiii-jornada-ciutats-segures-sostenibles-intelligents\/#primaryimage","url":"https:\/\/ds4mmed.uv.es\/wp-content\/uploads\/2026\/03\/noticia36.jpg","contentUrl":"https:\/\/ds4mmed.uv.es\/wp-content\/uploads\/2026\/03\/noticia36.jpg","width":2048,"height":1536},{"@type":"BreadcrumbList","@id":"https:\/\/ds4mmed.uv.es\/index.php\/ca\/francisco-alonso-xiii-jornada-ciutats-segures-sostenibles-intelligents\/#breadcrumb","itemListElement":[{"@type":"ListItem","position":1,"name":"Portada","item":"https:\/\/ds4mmed.uv.es\/index.php\/es\/"},{"@type":"ListItem","position":2,"name":"Noticia 36 &#8211; El Prof. Dr. Francisco Alonso analitza la tecnologia urbana i la presa de decisions en la XIII Jornada sobre Ciutats Segures, Sostenibles i Intel\u00b7ligents"}]},{"@type":"WebSite","@id":"https:\/\/ds4mmed.uv.es\/#website","url":"https:\/\/ds4mmed.uv.es\/","name":"DS4M Mediterr\u00e1neo","description":"","publisher":{"@id":"https:\/\/ds4mmed.uv.es\/#organization"},"potentialAction":[{"@type":"SearchAction","target":{"@type":"EntryPoint","urlTemplate":"https:\/\/ds4mmed.uv.es\/?s={search_term_string}"},"query-input":{"@type":"PropertyValueSpecification","valueRequired":true,"valueName":"search_term_string"}}],"inLanguage":"es"},{"@type":"Organization","@id":"https:\/\/ds4mmed.uv.es\/#organization","name":"DS4M Mediterr\u00e1neo","url":"https:\/\/ds4mmed.uv.es\/","logo":{"@type":"ImageObject","inLanguage":"es","@id":"https:\/\/ds4mmed.uv.es\/#\/schema\/logo\/image\/","url":"https:\/\/ds4mmed.uv.es\/wp-content\/uploads\/2025\/07\/Logo-cambio-resolucion-scaled.png","contentUrl":"https:\/\/ds4mmed.uv.es\/wp-content\/uploads\/2025\/07\/Logo-cambio-resolucion-scaled.png","width":2560,"height":980,"caption":"DS4M Mediterr\u00e1neo"},"image":{"@id":"https:\/\/ds4mmed.uv.es\/#\/schema\/logo\/image\/"}}]}},"_links":{"self":[{"href":"https:\/\/ds4mmed.uv.es\/index.php\/wp-json\/wp\/v2\/pages\/13885","targetHints":{"allow":["GET"]}}],"collection":[{"href":"https:\/\/ds4mmed.uv.es\/index.php\/wp-json\/wp\/v2\/pages"}],"about":[{"href":"https:\/\/ds4mmed.uv.es\/index.php\/wp-json\/wp\/v2\/types\/page"}],"author":[{"embeddable":true,"href":"https:\/\/ds4mmed.uv.es\/index.php\/wp-json\/wp\/v2\/users\/1"}],"replies":[{"embeddable":true,"href":"https:\/\/ds4mmed.uv.es\/index.php\/wp-json\/wp\/v2\/comments?post=13885"}],"version-history":[{"count":7,"href":"https:\/\/ds4mmed.uv.es\/index.php\/wp-json\/wp\/v2\/pages\/13885\/revisions"}],"predecessor-version":[{"id":13925,"href":"https:\/\/ds4mmed.uv.es\/index.php\/wp-json\/wp\/v2\/pages\/13885\/revisions\/13925"}],"wp:attachment":[{"href":"https:\/\/ds4mmed.uv.es\/index.php\/wp-json\/wp\/v2\/media?parent=13885"}],"curies":[{"name":"wp","href":"https:\/\/api.w.org\/{rel}","templated":true}]}}