{"id":13245,"date":"2026-03-02T11:40:51","date_gmt":"2026-03-02T10:40:51","guid":{"rendered":"https:\/\/ds4mmed.uv.es\/?page_id=13245"},"modified":"2026-03-02T11:43:20","modified_gmt":"2026-03-02T10:43:20","slug":"ds4m-mediterrani-participa-jornada-cred-espais-dades","status":"publish","type":"page","link":"https:\/\/ds4mmed.uv.es\/index.php\/ca\/ds4m-mediterrani-participa-jornada-cred-espais-dades\/","title":{"rendered":"Noticia 34 &#8211; El Prof. Dr. Francisco Alonso representa a DS4M Mediterrani en la jornada estrat\u00e8gica del Centre de Refer\u00e8ncia d&#8217;Espais de Dades (CRED)"},"content":{"rendered":"\t\t<div data-elementor-type=\"wp-page\" data-elementor-id=\"13245\" class=\"elementor elementor-13245\">\n\t\t\t\t<div class=\"elementor-element elementor-element-6c62525 e-flex e-con-boxed e-con e-child\" data-id=\"6c62525\" data-element_type=\"container\" data-e-type=\"container\" data-settings=\"{&quot;background_background&quot;:&quot;classic&quot;}\">\n\t\t\t\t\t<div class=\"e-con-inner\">\n\t\t<div class=\"elementor-element elementor-element-6debc5d e-con-full e-flex e-con e-child\" data-id=\"6debc5d\" data-element_type=\"container\" data-e-type=\"container\">\n\t\t<div class=\"elementor-element elementor-element-3b5bf26 e-con-full e-flex elementor-invisible e-con e-child\" data-id=\"3b5bf26\" data-element_type=\"container\" data-e-type=\"container\" data-settings=\"{&quot;animation&quot;:&quot;fadeInLeft&quot;}\">\n\t\t\t\t<div class=\"elementor-element elementor-element-da9e6f3 elementor-widget elementor-widget-heading\" data-id=\"da9e6f3\" data-element_type=\"widget\" data-e-type=\"widget\" data-widget_type=\"heading.default\">\n\t\t\t\t\t<h1 class=\"elementor-heading-title elementor-size-default\">El Prof. Dr. Francisco Alonso representa a DS4M Mediterr\u00e1neo en la jornada estrat\u00e9gica del Centro de Referencia de Espacios de Datos (CRED)<\/h1>\t\t\t\t<\/div>\n\t\t\t\t<div class=\"elementor-element elementor-element-e2a4a87 elementor-icon-list--layout-inline elementor-align-center elementor-list-item-link-full_width elementor-widget elementor-widget-icon-list\" data-id=\"e2a4a87\" data-element_type=\"widget\" data-e-type=\"widget\" data-widget_type=\"icon-list.default\">\n\t\t\t\t\t\t\t<ul class=\"elementor-icon-list-items elementor-inline-items\">\n\t\t\t\t\t\t\t<li class=\"elementor-icon-list-item elementor-inline-item\">\n\t\t\t\t\t\t\t\t\t\t<span class=\"elementor-icon-list-text\">Publicat el 29 de gener de 2026<\/span>\n\t\t\t\t\t\t\t\t\t<\/li>\n\t\t\t\t\t\t<\/ul>\n\t\t\t\t\t\t<\/div>\n\t\t\t\t<\/div>\n\t\t\t\t<div class=\"elementor-element elementor-element-89ea136 elementor-invisible elementor-widget elementor-widget-image\" data-id=\"89ea136\" data-element_type=\"widget\" data-e-type=\"widget\" data-settings=\"{&quot;_animation&quot;:&quot;fadeInRight&quot;}\" data-widget_type=\"image.default\">\n\t\t\t\t\t\t\t\t\t\t\t\t\t\t\t<img fetchpriority=\"high\" decoding=\"async\" width=\"2000\" height=\"900\" src=\"https:\/\/ds4mmed.uv.es\/wp-content\/uploads\/2026\/03\/EventoCRED.jpg\" class=\"attachment-full size-full wp-image-13231\" alt=\"\" srcset=\"https:\/\/ds4mmed.uv.es\/wp-content\/uploads\/2026\/03\/EventoCRED.jpg 2000w, https:\/\/ds4mmed.uv.es\/wp-content\/uploads\/2026\/03\/EventoCRED-300x135.jpg 300w, https:\/\/ds4mmed.uv.es\/wp-content\/uploads\/2026\/03\/EventoCRED-1024x461.jpg 1024w, https:\/\/ds4mmed.uv.es\/wp-content\/uploads\/2026\/03\/EventoCRED-768x346.jpg 768w, https:\/\/ds4mmed.uv.es\/wp-content\/uploads\/2026\/03\/EventoCRED-1536x691.jpg 1536w\" sizes=\"(max-width: 2000px) 100vw, 2000px\" \/>\t\t\t\t\t\t\t\t\t\t\t\t\t\t\t<\/div>\n\t\t\t\t<\/div>\n\t\t<div class=\"elementor-element elementor-element-aac12f8 e-con-full e-flex elementor-invisible e-con e-child\" data-id=\"aac12f8\" data-element_type=\"container\" data-e-type=\"container\" data-settings=\"{&quot;animation&quot;:&quot;fadeInUp&quot;}\">\n\t\t\t\t<div class=\"elementor-element elementor-element-0c8df65 elementor-widget__width-initial elementor-widget-mobile__width-inherit elementor-widget-tablet__width-inherit elementor-widget elementor-widget-text-editor\" data-id=\"0c8df65\" data-element_type=\"widget\" data-e-type=\"widget\" data-widget_type=\"text-editor.default\">\n\t\t\t\t\t\t\t\t\t<div class=\"ewa-rteLine\">\n<h3 data-path-to-node=\"3\">L&#8217;esdeveniment, inaugurat pel ministre \u00d3scar L\u00f3pez i clausurat per la ministra M\u00f3nica Garc\u00eda, va reunir els principals actors nacionals per a coordinar l&#8217;avan\u00e7 dels Espais de Dades sectorials.<\/h3>\n<p data-path-to-node=\"4\">El <b data-path-to-node=\"4\" data-index-in-node=\"3\">Prof. Dr. Francisco Alonso<\/b>, en representaci\u00f3 de <b data-path-to-node=\"4\" data-index-in-node=\"51\">DS4M Mediterrani (Universitat de Val\u00e8ncia)<\/b>, va participar ahir en la trobada organitzada pel <b data-path-to-node=\"4\" data-index-in-node=\"144\">CRED (Centre de Refer\u00e8ncia d&#8217;Espais de Dades)<\/b>. La jornada es va consolidar com un punt de trobada clau per a la coordinaci\u00f3 i l&#8217;impuls dels Espais de Dades a Espanya, abordant des del marc normatiu fins a casos d&#8217;\u00fas pr\u00e0ctics en sectors estrat\u00e8gics.<\/p>\n<h2 data-path-to-node=\"5\">Obertura institucional i el nou \u00abKit Espais de Dades\u00bb<\/h2>\n<p data-path-to-node=\"6\">La jornada va comen\u00e7ar amb la intervenci\u00f3 d&#8217;<b data-path-to-node=\"6\" data-index-in-node=\"44\">\u00d3scar L\u00f3pez<\/b>, ministre per a la Transformaci\u00f3 Digital i de la Funci\u00f3 P\u00fablica, qui va destacar la rellev\u00e0ncia d&#8217;aquests ecosistemes en l&#8217;economia actual.<\/p>\n<p data-path-to-node=\"7\">Un de les fites de l&#8217;esdeveniment va ser la presentaci\u00f3 del <b data-path-to-node=\"7\" data-index-in-node=\"60\">Kit Espais de Dades<\/b>, una eina dissenyada per a contextualitzar i facilitar el desenvolupament d&#8217;iniciatives en aquest \u00e0mbit. Despr\u00e9s de la presentaci\u00f3, l&#8217;espai de networking va permetre als assistents intercanviar experi\u00e8ncies i enfortir aliances entre universitats, administracions i el sector privat.<\/p>\n<h2 data-path-to-node=\"8\">Taula rodona: Perspectives transversals i sectorials<\/h2>\n<p data-path-to-node=\"9\">El debat central va comptar amb una nodrida representaci\u00f3 d&#8217;experts que van aportar una visi\u00f3 multisectorial sobre l&#8217;aprofitament de la dada:<\/p>\n<ul data-path-to-node=\"10\">\n<li>\n<p data-path-to-node=\"10,0,0\"><b data-path-to-node=\"10,0,0\" data-index-in-node=\"0\">V\u00edctor Rodrigo Raya<\/b> (Red.es)<\/p>\n<\/li>\n<li>\n<p data-path-to-node=\"10,1,0\"><b data-path-to-node=\"10,1,0\" data-index-in-node=\"0\">M\u00aa Jos\u00e9 D\u00edaz L\u00f3pez<\/b> (datos.gob.es &#8211; Direcci\u00f3 General de la Dada)<\/p>\n<\/li>\n<li>\n<p data-path-to-node=\"10,2,0\"><b data-path-to-node=\"10,2,0\" data-index-in-node=\"0\">Cl\u00e0udia Col\u00e0s Torres<\/b> (Projecte AgrospAI &#8211; Universitat de Lleida)<\/p>\n<\/li>\n<li>\n<p data-path-to-node=\"10,3,0\"><b data-path-to-node=\"10,3,0\" data-index-in-node=\"0\">Rub\u00e9n E.<\/b> (Agro4Data)<\/p>\n<\/li>\n<\/ul>\n<p data-path-to-node=\"11\">Posteriorment, sota la moderaci\u00f3 d&#8217;<b data-path-to-node=\"11\" data-index-in-node=\"35\">Antonio Alcolea Mu\u00f1oz<\/b>, es va desenvolupar una taula espec\u00edfica sobre projectes estrat\u00e8gics nacionals. En aquesta sessi\u00f3, el <b data-path-to-node=\"11\" data-index-in-node=\"159\">Prof. Dr. Francisco Alonso<\/b> va compartir panell amb destacats representants de diversos \u00e0mbits:<\/p>\n<table data-path-to-node=\"12\">\n<thead>\n<tr>\n<td><strong>Ponent<\/strong><\/td>\n<td><strong>Organitzaci\u00f3 \/ Projecte<\/strong><\/td>\n<\/tr>\n<\/thead>\n<tbody>\n<tr>\n<td><span data-path-to-node=\"12,1,0,0\"><b data-path-to-node=\"12,1,0,0\" data-index-in-node=\"0\">Cecilia Medina Mar\u00edn<\/b><\/span><\/td>\n<td><span data-path-to-node=\"12,1,1,0\">ESauto-X (SERNAUTO)<\/span><\/td>\n<\/tr>\n<tr>\n<td><span data-path-to-node=\"12,2,0,0\"><b data-path-to-node=\"12,2,0,0\" data-index-in-node=\"0\">Sergio Ramos<\/b><\/span><\/td>\n<td><span data-path-to-node=\"12,2,1,0\">Kordat Espai de Dades (AIE Sociedad de Artistas)<\/span><\/td>\n<\/tr>\n<tr>\n<td><span data-path-to-node=\"12,3,0,0\"><b data-path-to-node=\"12,3,0,0\" data-index-in-node=\"0\">Anna Maria Gras<\/b><\/span><\/td>\n<td><span data-path-to-node=\"12,3,1,0\">Agrixels (UPC)<\/span><\/td>\n<\/tr>\n<tr>\n<td><span data-path-to-node=\"12,4,0,0\"><b data-path-to-node=\"12,4,0,0\" data-index-in-node=\"0\">Juan Pedro de Ruz Ortega<\/b><\/span><\/td>\n<td><span data-path-to-node=\"12,4,1,0\">Projecte PIDA (Castella-La Manxa)<\/span><\/td>\n<\/tr>\n<tr>\n<td><span data-path-to-node=\"12,5,0,0\"><b data-path-to-node=\"12,5,0,0\" data-index-in-node=\"0\">Laura Flores Iglesias<\/b><\/span><\/td>\n<td><span data-path-to-node=\"12,5,1,0\">Projecte PIA (SEGITTUR)<\/span><\/td>\n<\/tr>\n<\/tbody>\n<\/table>\n<h2 data-path-to-node=\"13\">Clausura i comprom\u00eds amb el futur<\/h2>\n<p data-path-to-node=\"14\">La clausura va anar a c\u00e0rrec de la ministra de Sanitat, <b data-path-to-node=\"14\" data-index-in-node=\"56\">M\u00f3nica Garc\u00eda<\/b>, la pres\u00e8ncia de la qual va subratllar la import\u00e0ncia transversal de les dades, especialment en sectors cr\u00edtics com la salut p\u00fablica.<\/p>\n<p data-path-to-node=\"15\">Des de <b data-path-to-node=\"15\" data-index-in-node=\"7\">DS4M Mediterrani<\/b>, agra\u00efm al CRED l&#8217;organitzaci\u00f3 d&#8217;aquesta jornada i reafirmem el nostre comprom\u00eds de continuar contribuint activament al di\u00e0leg i la col\u00b7laboraci\u00f3 t\u00e8cnica en la construcci\u00f3 dels Espais de Dades del futur.<\/p>\n<hr data-path-to-node=\"16\" \/>\n<blockquote data-path-to-node=\"17\">\n<p data-path-to-node=\"17,0\"><b data-path-to-node=\"17,0\" data-index-in-node=\"0\">Torna a veure l&#8217;esdeveniment:<\/b><\/p>\n<p data-path-to-node=\"17,0\">Pots accedir a la intervenci\u00f3 completa del Prof. Dr. Francisco Alonso i a la resta de la jornada en el canal oficial de YouTube del CRED a trav\u00e9s d&#8217;aquest enlla\u00e7: <b data-path-to-node=\"17,0\" data-index-in-node=\"193\"><a class=\"ng-star-inserted\" href=\"https:\/\/lnkd.in\/eCBkBpY8\" target=\"_blank\" rel=\"noopener\" data-hveid=\"0\" data-ved=\"0CAAQ_4QMahgKEwiOp9rH_YCTAxUAAAAAHQAAAAAQvgE\">Veure v\u00eddeo de la jornada<\/a><\/b><\/p>\n<\/blockquote>\n<blockquote data-path-to-node=\"17\">\n<p data-path-to-node=\"17,0\">\u00a0<\/p>\n<\/blockquote>\n<\/div>\t\t\t\t\t\t\t\t<\/div>\n\t\t\t\t<\/div>\n\t\t\t\t\t<\/div>\n\t\t\t\t<\/div>\n\t\t\t\t<\/div>\n\t\t","protected":false},"excerpt":{"rendered":"<p>El Prof. Dr. Francisco Alonso representa a DS4M Mediterr\u00e1neo en la jornada estrat\u00e9gica del Centro de Referencia de Espacios de Datos (CRED) Publicat el 29 de gener de 2026 L&#8217;esdeveniment, inaugurat pel ministre \u00d3scar L\u00f3pez i clausurat per la ministra M\u00f3nica Garc\u00eda, va reunir els principals actors nacionals per a coordinar l&#8217;avan\u00e7 dels Espais de [&hellip;]<\/p>\n","protected":false},"author":1,"featured_media":0,"parent":0,"menu_order":0,"comment_status":"closed","ping_status":"closed","template":"","meta":{"footnotes":""},"class_list":["post-13245","page","type-page","status-publish","hentry"],"yoast_head":"<!-- This site is optimized with the Yoast SEO plugin v27.4 - https:\/\/yoast.com\/product\/yoast-seo-wordpress\/ -->\n<title>El Prof. Dr. Francisco Alonso representa a DS4M Mediterrani en la jornada estrat\u00e8gica del Centre de Refer\u00e8ncia d&#039;Espais de Dades (CRED)<\/title>\n<meta name=\"description\" content=\"L&#039;esdeveniment, inaugurat pel ministre \u00d3scar L\u00f3pez i clausurat per la ministra M\u00f3nica Garc\u00eda, va reunir els principals actors nacionals per a coordinar l&#039;avan\u00e7 dels Espais de Dades sectorials.El Prof. Dr. Francisco Alonso, en representaci\u00f3 de DS4M Mediterrani (Universitat de Val\u00e8ncia), va participar ahir en la trobada organitzada pel CRED (Centre de Refer\u00e8ncia d&#039;Espais de Dades). La jornada es va consolidar com un punt de trobada clau per a la coordinaci\u00f3 i l&#039;impuls dels Espais de Dades a Espanya, abordant des del marc normatiu fins a casos d&#039;\u00fas pr\u00e0ctics en sectors estrat\u00e8gics.\" \/>\n<meta name=\"robots\" content=\"index, follow, max-snippet:-1, max-image-preview:large, max-video-preview:-1\" \/>\n<link rel=\"canonical\" href=\"https:\/\/ds4mmed.uv.es\/index.php\/ca\/ds4m-mediterrani-participa-jornada-cred-espais-dades\/\" \/>\n<meta property=\"og:locale\" content=\"es_ES\" \/>\n<meta property=\"og:type\" content=\"article\" \/>\n<meta property=\"og:title\" content=\"El Prof. Dr. Francisco Alonso representa a DS4M Mediterrani en la jornada estrat\u00e8gica del Centre de Refer\u00e8ncia d&#039;Espais de Dades (CRED)\" \/>\n<meta property=\"og:description\" content=\"L&#039;esdeveniment, inaugurat pel ministre \u00d3scar L\u00f3pez i clausurat per la ministra M\u00f3nica Garc\u00eda, va reunir els principals actors nacionals per a coordinar l&#039;avan\u00e7 dels Espais de Dades sectorials.El Prof. Dr. Francisco Alonso, en representaci\u00f3 de DS4M Mediterrani (Universitat de Val\u00e8ncia), va participar ahir en la trobada organitzada pel CRED (Centre de Refer\u00e8ncia d&#039;Espais de Dades). La jornada es va consolidar com un punt de trobada clau per a la coordinaci\u00f3 i l&#039;impuls dels Espais de Dades a Espanya, abordant des del marc normatiu fins a casos d&#039;\u00fas pr\u00e0ctics en sectors estrat\u00e8gics.\" \/>\n<meta property=\"og:url\" content=\"https:\/\/ds4mmed.uv.es\/index.php\/ca\/ds4m-mediterrani-participa-jornada-cred-espais-dades\/\" \/>\n<meta property=\"og:site_name\" content=\"DS4M Mediterr\u00e1neo\" \/>\n<meta property=\"article:modified_time\" content=\"2026-03-02T10:43:20+00:00\" \/>\n<meta property=\"og:image\" content=\"https:\/\/ds4mmed.uv.es\/wp-content\/uploads\/2026\/03\/EventoCRED.jpg\" \/>\n<meta name=\"twitter:card\" content=\"summary_large_image\" \/>\n<meta name=\"twitter:label1\" content=\"Tiempo de lectura\" \/>\n\t<meta name=\"twitter:data1\" content=\"3 minutos\" \/>\n<script type=\"application\/ld+json\" class=\"yoast-schema-graph\">{\"@context\":\"https:\\\/\\\/schema.org\",\"@graph\":[{\"@type\":\"WebPage\",\"@id\":\"https:\\\/\\\/ds4mmed.uv.es\\\/index.php\\\/ca\\\/ds4m-mediterrani-participa-jornada-cred-espais-dades\\\/\",\"url\":\"https:\\\/\\\/ds4mmed.uv.es\\\/index.php\\\/ca\\\/ds4m-mediterrani-participa-jornada-cred-espais-dades\\\/\",\"name\":\"El Prof. Dr. Francisco Alonso representa a DS4M Mediterrani en la jornada estrat\u00e8gica del Centre de Refer\u00e8ncia d'Espais de Dades (CRED)\",\"isPartOf\":{\"@id\":\"https:\\\/\\\/ds4mmed.uv.es\\\/#website\"},\"primaryImageOfPage\":{\"@id\":\"https:\\\/\\\/ds4mmed.uv.es\\\/index.php\\\/ca\\\/ds4m-mediterrani-participa-jornada-cred-espais-dades\\\/#primaryimage\"},\"image\":{\"@id\":\"https:\\\/\\\/ds4mmed.uv.es\\\/index.php\\\/ca\\\/ds4m-mediterrani-participa-jornada-cred-espais-dades\\\/#primaryimage\"},\"thumbnailUrl\":\"https:\\\/\\\/ds4mmed.uv.es\\\/wp-content\\\/uploads\\\/2026\\\/03\\\/EventoCRED.jpg\",\"datePublished\":\"2026-03-02T10:40:51+00:00\",\"dateModified\":\"2026-03-02T10:43:20+00:00\",\"description\":\"L'esdeveniment, inaugurat pel ministre \u00d3scar L\u00f3pez i clausurat per la ministra M\u00f3nica Garc\u00eda, va reunir els principals actors nacionals per a coordinar l'avan\u00e7 dels Espais de Dades sectorials.El Prof. Dr. Francisco Alonso, en representaci\u00f3 de DS4M Mediterrani (Universitat de Val\u00e8ncia), va participar ahir en la trobada organitzada pel CRED (Centre de Refer\u00e8ncia d'Espais de Dades). La jornada es va consolidar com un punt de trobada clau per a la coordinaci\u00f3 i l'impuls dels Espais de Dades a Espanya, abordant des del marc normatiu fins a casos d'\u00fas pr\u00e0ctics en sectors estrat\u00e8gics.\",\"breadcrumb\":{\"@id\":\"https:\\\/\\\/ds4mmed.uv.es\\\/index.php\\\/ca\\\/ds4m-mediterrani-participa-jornada-cred-espais-dades\\\/#breadcrumb\"},\"inLanguage\":\"es\",\"potentialAction\":[{\"@type\":\"ReadAction\",\"target\":[\"https:\\\/\\\/ds4mmed.uv.es\\\/index.php\\\/ca\\\/ds4m-mediterrani-participa-jornada-cred-espais-dades\\\/\"]}]},{\"@type\":\"ImageObject\",\"inLanguage\":\"es\",\"@id\":\"https:\\\/\\\/ds4mmed.uv.es\\\/index.php\\\/ca\\\/ds4m-mediterrani-participa-jornada-cred-espais-dades\\\/#primaryimage\",\"url\":\"https:\\\/\\\/ds4mmed.uv.es\\\/wp-content\\\/uploads\\\/2026\\\/03\\\/EventoCRED.jpg\",\"contentUrl\":\"https:\\\/\\\/ds4mmed.uv.es\\\/wp-content\\\/uploads\\\/2026\\\/03\\\/EventoCRED.jpg\",\"width\":2000,\"height\":900},{\"@type\":\"BreadcrumbList\",\"@id\":\"https:\\\/\\\/ds4mmed.uv.es\\\/index.php\\\/ca\\\/ds4m-mediterrani-participa-jornada-cred-espais-dades\\\/#breadcrumb\",\"itemListElement\":[{\"@type\":\"ListItem\",\"position\":1,\"name\":\"Portada\",\"item\":\"https:\\\/\\\/ds4mmed.uv.es\\\/index.php\\\/es\\\/\"},{\"@type\":\"ListItem\",\"position\":2,\"name\":\"Noticia 34 &#8211; El Prof. Dr. Francisco Alonso representa a DS4M Mediterrani en la jornada estrat\u00e8gica del Centre de Refer\u00e8ncia d&#8217;Espais de Dades (CRED)\"}]},{\"@type\":\"WebSite\",\"@id\":\"https:\\\/\\\/ds4mmed.uv.es\\\/#website\",\"url\":\"https:\\\/\\\/ds4mmed.uv.es\\\/\",\"name\":\"DS4M Mediterr\u00e1neo\",\"description\":\"\",\"publisher\":{\"@id\":\"https:\\\/\\\/ds4mmed.uv.es\\\/#organization\"},\"potentialAction\":[{\"@type\":\"SearchAction\",\"target\":{\"@type\":\"EntryPoint\",\"urlTemplate\":\"https:\\\/\\\/ds4mmed.uv.es\\\/?s={search_term_string}\"},\"query-input\":{\"@type\":\"PropertyValueSpecification\",\"valueRequired\":true,\"valueName\":\"search_term_string\"}}],\"inLanguage\":\"es\"},{\"@type\":\"Organization\",\"@id\":\"https:\\\/\\\/ds4mmed.uv.es\\\/#organization\",\"name\":\"DS4M Mediterr\u00e1neo\",\"url\":\"https:\\\/\\\/ds4mmed.uv.es\\\/\",\"logo\":{\"@type\":\"ImageObject\",\"inLanguage\":\"es\",\"@id\":\"https:\\\/\\\/ds4mmed.uv.es\\\/#\\\/schema\\\/logo\\\/image\\\/\",\"url\":\"https:\\\/\\\/ds4mmed.uv.es\\\/wp-content\\\/uploads\\\/2025\\\/07\\\/Logo-cambio-resolucion-scaled.png\",\"contentUrl\":\"https:\\\/\\\/ds4mmed.uv.es\\\/wp-content\\\/uploads\\\/2025\\\/07\\\/Logo-cambio-resolucion-scaled.png\",\"width\":2560,\"height\":980,\"caption\":\"DS4M Mediterr\u00e1neo\"},\"image\":{\"@id\":\"https:\\\/\\\/ds4mmed.uv.es\\\/#\\\/schema\\\/logo\\\/image\\\/\"}}]}<\/script>\n<!-- \/ Yoast SEO plugin. -->","yoast_head_json":{"title":"El Prof. Dr. Francisco Alonso representa a DS4M Mediterrani en la jornada estrat\u00e8gica del Centre de Refer\u00e8ncia d'Espais de Dades (CRED)","description":"L'esdeveniment, inaugurat pel ministre \u00d3scar L\u00f3pez i clausurat per la ministra M\u00f3nica Garc\u00eda, va reunir els principals actors nacionals per a coordinar l'avan\u00e7 dels Espais de Dades sectorials.El Prof. Dr. Francisco Alonso, en representaci\u00f3 de DS4M Mediterrani (Universitat de Val\u00e8ncia), va participar ahir en la trobada organitzada pel CRED (Centre de Refer\u00e8ncia d'Espais de Dades). La jornada es va consolidar com un punt de trobada clau per a la coordinaci\u00f3 i l'impuls dels Espais de Dades a Espanya, abordant des del marc normatiu fins a casos d'\u00fas pr\u00e0ctics en sectors estrat\u00e8gics.","robots":{"index":"index","follow":"follow","max-snippet":"max-snippet:-1","max-image-preview":"max-image-preview:large","max-video-preview":"max-video-preview:-1"},"canonical":"https:\/\/ds4mmed.uv.es\/index.php\/ca\/ds4m-mediterrani-participa-jornada-cred-espais-dades\/","og_locale":"es_ES","og_type":"article","og_title":"El Prof. Dr. Francisco Alonso representa a DS4M Mediterrani en la jornada estrat\u00e8gica del Centre de Refer\u00e8ncia d'Espais de Dades (CRED)","og_description":"L'esdeveniment, inaugurat pel ministre \u00d3scar L\u00f3pez i clausurat per la ministra M\u00f3nica Garc\u00eda, va reunir els principals actors nacionals per a coordinar l'avan\u00e7 dels Espais de Dades sectorials.El Prof. Dr. Francisco Alonso, en representaci\u00f3 de DS4M Mediterrani (Universitat de Val\u00e8ncia), va participar ahir en la trobada organitzada pel CRED (Centre de Refer\u00e8ncia d'Espais de Dades). La jornada es va consolidar com un punt de trobada clau per a la coordinaci\u00f3 i l'impuls dels Espais de Dades a Espanya, abordant des del marc normatiu fins a casos d'\u00fas pr\u00e0ctics en sectors estrat\u00e8gics.","og_url":"https:\/\/ds4mmed.uv.es\/index.php\/ca\/ds4m-mediterrani-participa-jornada-cred-espais-dades\/","og_site_name":"DS4M Mediterr\u00e1neo","article_modified_time":"2026-03-02T10:43:20+00:00","og_image":[{"url":"https:\/\/ds4mmed.uv.es\/wp-content\/uploads\/2026\/03\/EventoCRED.jpg","type":"","width":"","height":""}],"twitter_card":"summary_large_image","twitter_misc":{"Tiempo de lectura":"3 minutos"},"schema":{"@context":"https:\/\/schema.org","@graph":[{"@type":"WebPage","@id":"https:\/\/ds4mmed.uv.es\/index.php\/ca\/ds4m-mediterrani-participa-jornada-cred-espais-dades\/","url":"https:\/\/ds4mmed.uv.es\/index.php\/ca\/ds4m-mediterrani-participa-jornada-cred-espais-dades\/","name":"El Prof. Dr. Francisco Alonso representa a DS4M Mediterrani en la jornada estrat\u00e8gica del Centre de Refer\u00e8ncia d'Espais de Dades (CRED)","isPartOf":{"@id":"https:\/\/ds4mmed.uv.es\/#website"},"primaryImageOfPage":{"@id":"https:\/\/ds4mmed.uv.es\/index.php\/ca\/ds4m-mediterrani-participa-jornada-cred-espais-dades\/#primaryimage"},"image":{"@id":"https:\/\/ds4mmed.uv.es\/index.php\/ca\/ds4m-mediterrani-participa-jornada-cred-espais-dades\/#primaryimage"},"thumbnailUrl":"https:\/\/ds4mmed.uv.es\/wp-content\/uploads\/2026\/03\/EventoCRED.jpg","datePublished":"2026-03-02T10:40:51+00:00","dateModified":"2026-03-02T10:43:20+00:00","description":"L'esdeveniment, inaugurat pel ministre \u00d3scar L\u00f3pez i clausurat per la ministra M\u00f3nica Garc\u00eda, va reunir els principals actors nacionals per a coordinar l'avan\u00e7 dels Espais de Dades sectorials.El Prof. Dr. Francisco Alonso, en representaci\u00f3 de DS4M Mediterrani (Universitat de Val\u00e8ncia), va participar ahir en la trobada organitzada pel CRED (Centre de Refer\u00e8ncia d'Espais de Dades). La jornada es va consolidar com un punt de trobada clau per a la coordinaci\u00f3 i l'impuls dels Espais de Dades a Espanya, abordant des del marc normatiu fins a casos d'\u00fas pr\u00e0ctics en sectors estrat\u00e8gics.","breadcrumb":{"@id":"https:\/\/ds4mmed.uv.es\/index.php\/ca\/ds4m-mediterrani-participa-jornada-cred-espais-dades\/#breadcrumb"},"inLanguage":"es","potentialAction":[{"@type":"ReadAction","target":["https:\/\/ds4mmed.uv.es\/index.php\/ca\/ds4m-mediterrani-participa-jornada-cred-espais-dades\/"]}]},{"@type":"ImageObject","inLanguage":"es","@id":"https:\/\/ds4mmed.uv.es\/index.php\/ca\/ds4m-mediterrani-participa-jornada-cred-espais-dades\/#primaryimage","url":"https:\/\/ds4mmed.uv.es\/wp-content\/uploads\/2026\/03\/EventoCRED.jpg","contentUrl":"https:\/\/ds4mmed.uv.es\/wp-content\/uploads\/2026\/03\/EventoCRED.jpg","width":2000,"height":900},{"@type":"BreadcrumbList","@id":"https:\/\/ds4mmed.uv.es\/index.php\/ca\/ds4m-mediterrani-participa-jornada-cred-espais-dades\/#breadcrumb","itemListElement":[{"@type":"ListItem","position":1,"name":"Portada","item":"https:\/\/ds4mmed.uv.es\/index.php\/es\/"},{"@type":"ListItem","position":2,"name":"Noticia 34 &#8211; El Prof. Dr. Francisco Alonso representa a DS4M Mediterrani en la jornada estrat\u00e8gica del Centre de Refer\u00e8ncia d&#8217;Espais de Dades (CRED)"}]},{"@type":"WebSite","@id":"https:\/\/ds4mmed.uv.es\/#website","url":"https:\/\/ds4mmed.uv.es\/","name":"DS4M Mediterr\u00e1neo","description":"","publisher":{"@id":"https:\/\/ds4mmed.uv.es\/#organization"},"potentialAction":[{"@type":"SearchAction","target":{"@type":"EntryPoint","urlTemplate":"https:\/\/ds4mmed.uv.es\/?s={search_term_string}"},"query-input":{"@type":"PropertyValueSpecification","valueRequired":true,"valueName":"search_term_string"}}],"inLanguage":"es"},{"@type":"Organization","@id":"https:\/\/ds4mmed.uv.es\/#organization","name":"DS4M Mediterr\u00e1neo","url":"https:\/\/ds4mmed.uv.es\/","logo":{"@type":"ImageObject","inLanguage":"es","@id":"https:\/\/ds4mmed.uv.es\/#\/schema\/logo\/image\/","url":"https:\/\/ds4mmed.uv.es\/wp-content\/uploads\/2025\/07\/Logo-cambio-resolucion-scaled.png","contentUrl":"https:\/\/ds4mmed.uv.es\/wp-content\/uploads\/2025\/07\/Logo-cambio-resolucion-scaled.png","width":2560,"height":980,"caption":"DS4M Mediterr\u00e1neo"},"image":{"@id":"https:\/\/ds4mmed.uv.es\/#\/schema\/logo\/image\/"}}]}},"_links":{"self":[{"href":"https:\/\/ds4mmed.uv.es\/index.php\/wp-json\/wp\/v2\/pages\/13245","targetHints":{"allow":["GET"]}}],"collection":[{"href":"https:\/\/ds4mmed.uv.es\/index.php\/wp-json\/wp\/v2\/pages"}],"about":[{"href":"https:\/\/ds4mmed.uv.es\/index.php\/wp-json\/wp\/v2\/types\/page"}],"author":[{"embeddable":true,"href":"https:\/\/ds4mmed.uv.es\/index.php\/wp-json\/wp\/v2\/users\/1"}],"replies":[{"embeddable":true,"href":"https:\/\/ds4mmed.uv.es\/index.php\/wp-json\/wp\/v2\/comments?post=13245"}],"version-history":[{"count":5,"href":"https:\/\/ds4mmed.uv.es\/index.php\/wp-json\/wp\/v2\/pages\/13245\/revisions"}],"predecessor-version":[{"id":13268,"href":"https:\/\/ds4mmed.uv.es\/index.php\/wp-json\/wp\/v2\/pages\/13245\/revisions\/13268"}],"wp:attachment":[{"href":"https:\/\/ds4mmed.uv.es\/index.php\/wp-json\/wp\/v2\/media?parent=13245"}],"curies":[{"name":"wp","href":"https:\/\/api.w.org\/{rel}","templated":true}]}}