{"id":11841,"date":"2026-01-21T19:44:35","date_gmt":"2026-01-21T18:44:35","guid":{"rendered":"https:\/\/ds4mmed.uv.es\/?page_id=11841"},"modified":"2026-01-21T20:10:50","modified_gmt":"2026-01-21T19:10:50","slug":"ds4m-mediterraneo-reconocido-como-espacio-de-datos-operativo-a-nivel-nacional","status":"publish","type":"page","link":"https:\/\/ds4mmed.uv.es\/index.php\/es\/ds4m-mediterraneo-reconocido-como-espacio-de-datos-operativo-a-nivel-nacional\/","title":{"rendered":"Noticia 33 &#8211; DS4M Mediterr\u00e1neo, reconocido como Espacio de Datos operativo a nivel nacional"},"content":{"rendered":"\t\t<div data-elementor-type=\"wp-page\" data-elementor-id=\"11841\" class=\"elementor elementor-11841\">\n\t\t\t\t<div class=\"elementor-element elementor-element-6c62525 e-flex e-con-boxed e-con e-child\" data-id=\"6c62525\" data-element_type=\"container\" data-e-type=\"container\" data-settings=\"{&quot;background_background&quot;:&quot;classic&quot;}\">\n\t\t\t\t\t<div class=\"e-con-inner\">\n\t\t<div class=\"elementor-element elementor-element-6debc5d e-con-full e-flex e-con e-child\" data-id=\"6debc5d\" data-element_type=\"container\" data-e-type=\"container\">\n\t\t<div class=\"elementor-element elementor-element-3b5bf26 e-con-full e-flex elementor-invisible e-con e-child\" data-id=\"3b5bf26\" data-element_type=\"container\" data-e-type=\"container\" data-settings=\"{&quot;animation&quot;:&quot;fadeInLeft&quot;}\">\n\t\t\t\t<div class=\"elementor-element elementor-element-da9e6f3 elementor-widget elementor-widget-heading\" data-id=\"da9e6f3\" data-element_type=\"widget\" data-e-type=\"widget\" data-widget_type=\"heading.default\">\n\t\t\t\t\t<h1 class=\"elementor-heading-title elementor-size-default\">DS4M Mediterr\u00e1neo, reconocido como Espacio de Datos operativo a nivel nacional<\/h1>\t\t\t\t<\/div>\n\t\t\t\t<div class=\"elementor-element elementor-element-e2a4a87 elementor-icon-list--layout-inline elementor-align-center elementor-list-item-link-full_width elementor-widget elementor-widget-icon-list\" data-id=\"e2a4a87\" data-element_type=\"widget\" data-e-type=\"widget\" data-widget_type=\"icon-list.default\">\n\t\t\t\t\t\t\t<ul class=\"elementor-icon-list-items elementor-inline-items\">\n\t\t\t\t\t\t\t<li class=\"elementor-icon-list-item elementor-inline-item\">\n\t\t\t\t\t\t\t\t\t\t<span class=\"elementor-icon-list-text\">Publicado el 21 de enero de 2026<\/span>\n\t\t\t\t\t\t\t\t\t<\/li>\n\t\t\t\t\t\t<\/ul>\n\t\t\t\t\t\t<\/div>\n\t\t\t\t<\/div>\n\t\t\t\t<div class=\"elementor-element elementor-element-89ea136 elementor-invisible elementor-widget elementor-widget-image\" data-id=\"89ea136\" data-element_type=\"widget\" data-e-type=\"widget\" data-settings=\"{&quot;_animation&quot;:&quot;fadeInRight&quot;}\" data-widget_type=\"image.default\">\n\t\t\t\t\t\t\t\t\t\t\t\t\t\t\t<img fetchpriority=\"high\" decoding=\"async\" width=\"800\" height=\"447\" src=\"https:\/\/ds4mmed.uv.es\/wp-content\/uploads\/2026\/01\/NoticiaEspacioDeDatosOperativos.jpeg\" class=\"attachment-full size-full wp-image-11839\" alt=\"\" srcset=\"https:\/\/ds4mmed.uv.es\/wp-content\/uploads\/2026\/01\/NoticiaEspacioDeDatosOperativos.jpeg 800w, https:\/\/ds4mmed.uv.es\/wp-content\/uploads\/2026\/01\/NoticiaEspacioDeDatosOperativos-300x168.jpeg 300w, https:\/\/ds4mmed.uv.es\/wp-content\/uploads\/2026\/01\/NoticiaEspacioDeDatosOperativos-768x429.jpeg 768w\" sizes=\"(max-width: 800px) 100vw, 800px\" \/>\t\t\t\t\t\t\t\t\t\t\t\t\t\t\t<\/div>\n\t\t\t\t<\/div>\n\t\t<div class=\"elementor-element elementor-element-aac12f8 e-con-full e-flex elementor-invisible e-con e-child\" data-id=\"aac12f8\" data-element_type=\"container\" data-e-type=\"container\" data-settings=\"{&quot;animation&quot;:&quot;fadeInUp&quot;}\">\n\t\t\t\t<div class=\"elementor-element elementor-element-0c8df65 elementor-widget__width-initial elementor-widget-mobile__width-inherit elementor-widget-tablet__width-inherit elementor-widget elementor-widget-text-editor\" data-id=\"0c8df65\" data-element_type=\"widget\" data-e-type=\"widget\" data-widget_type=\"text-editor.default\">\n\t\t\t\t\t\t\t\t\t<div class=\"ewa-rteLine\"><p>\u00a0<\/p><div class=\"ewa-rteLine\"><div class=\"ewa-rteLine\"><p>Nos complace anunciar que DS4M Mediterr\u00e1neo ha sido reconocido por el CRED: Centro de Referencia de Espacios de Datos como uno de los <strong>Espacios de Datos operativos<\/strong> a nivel nacional.<\/p><p>Este reconocimiento supone un importante respaldo a nuestro trabajo y refuerza nuestro compromiso con la creaci\u00f3n de un ecosistema de datos s\u00f3lido a lo largo de todo el Corredor Mediterr\u00e1neo, basado en los principios de soberan\u00eda del dato, interoperabilidad y seguridad.<\/p><p>Agradecemos al CRED la confianza depositada en nuestro proyecto y reafirmamos nuestra voluntad de seguir avanzando en la transformaci\u00f3n de la movilidad a trav\u00e9s del valor del dato.<\/p><p><span data-teams=\"true\">\u00a0Si quieres m\u00e1s informaci\u00f3n consulta este enlace: <a id=\"menura0\" class=\"fui-Link ___1q1shib f2hkw1w f3rmtva f1ewtqcl fyind8e f1k6fduh f1w7gpdv fk6fouc fjoy568 figsok6 f1s184ao f1mk8lai fnbmjn9 f1o700av f13mvf36 f1cmlufx f9n3di6 f1ids18y f1tx3yz7 f1deo86v f1eh06m1 f1iescvh fhgqx19 f1olyrje f1p93eir f1nev41a f1h8hb77 f1lqvz6u f10aw75t fsle3fq f17ae5zn\" title=\"https:\/\/lnkd.in\/e2hwsbrz\" href=\"https:\/\/lnkd.in\/e2Hwsbrz\" target=\"_blank\" rel=\"noreferrer noopener\" aria-label=\"V\u00ednculo https:\/\/lnkd.in\/e2Hwsbrz\"><strong>https:\/\/lnkd.in\/e2Hwsbrz<\/strong><\/a><\/span><\/p><\/div><p>Cr\u00e9ditos de la fotograf\u00eda:<span data-teams=\"true\"> CRED<\/span><\/p><\/div><\/div>\t\t\t\t\t\t\t\t<\/div>\n\t\t\t\t<\/div>\n\t\t\t\t\t<\/div>\n\t\t\t\t<\/div>\n\t\t\t\t<\/div>\n\t\t","protected":false},"excerpt":{"rendered":"<p>DS4M Mediterr\u00e1neo, reconocido como Espacio de Datos operativo a nivel nacional Publicado el 21 de enero de 2026 \u00a0 Nos complace anunciar que DS4M Mediterr\u00e1neo ha sido reconocido por el CRED: Centro de Referencia de Espacios de Datos como uno de los Espacios de Datos operativos a nivel nacional. Este reconocimiento supone un importante respaldo [&hellip;]<\/p>\n","protected":false},"author":1,"featured_media":0,"parent":0,"menu_order":0,"comment_status":"closed","ping_status":"closed","template":"","meta":{"footnotes":""},"class_list":["post-11841","page","type-page","status-publish","hentry"],"yoast_head":"<!-- This site is optimized with the Yoast SEO plugin v27.4 - https:\/\/yoast.com\/product\/yoast-seo-wordpress\/ -->\n<title>DS4M Mediterr\u00e1neo: refuerza su compromiso<\/title>\n<meta name=\"description\" content=\"Nos complace anunciar que DS4M Mediterr\u00e1neo ha sido reconocido por el CRED: Centro de Referencia de Espacios de Datos como uno de los Espacios de Datos operativos a nivel nacional.Este reconocimiento supone un importante respaldo a nuestro trabajo y refuerza nuestro compromiso con la creaci\u00f3n de un ecosistema de datos s\u00f3lido a lo largo de todo el Corredor Mediterr\u00e1neo, basado en los principios de soberan\u00eda del dato, interoperabilidad y seguridad.Agradecemos al CRED la confianza depositada en nuestro proyecto y reafirmamos nuestra voluntad de seguir avanzando en la transformaci\u00f3n de la movilidad a trav\u00e9s del valor del dato.\" \/>\n<meta name=\"robots\" content=\"index, follow, max-snippet:-1, max-image-preview:large, max-video-preview:-1\" \/>\n<link rel=\"canonical\" href=\"https:\/\/ds4mmed.uv.es\/index.php\/es\/ds4m-mediterraneo-reconocido-como-espacio-de-datos-operativo-a-nivel-nacional\/\" \/>\n<meta property=\"og:locale\" content=\"es_ES\" \/>\n<meta property=\"og:type\" content=\"article\" \/>\n<meta property=\"og:title\" content=\"DS4M Mediterr\u00e1neo: refuerza su compromiso\" \/>\n<meta property=\"og:description\" content=\"Nos complace anunciar que DS4M Mediterr\u00e1neo ha sido reconocido por el CRED: Centro de Referencia de Espacios de Datos como uno de los Espacios de Datos operativos a nivel nacional.Este reconocimiento supone un importante respaldo a nuestro trabajo y refuerza nuestro compromiso con la creaci\u00f3n de un ecosistema de datos s\u00f3lido a lo largo de todo el Corredor Mediterr\u00e1neo, basado en los principios de soberan\u00eda del dato, interoperabilidad y seguridad.Agradecemos al CRED la confianza depositada en nuestro proyecto y reafirmamos nuestra voluntad de seguir avanzando en la transformaci\u00f3n de la movilidad a trav\u00e9s del valor del dato.\" \/>\n<meta property=\"og:url\" content=\"https:\/\/ds4mmed.uv.es\/index.php\/es\/ds4m-mediterraneo-reconocido-como-espacio-de-datos-operativo-a-nivel-nacional\/\" \/>\n<meta property=\"og:site_name\" content=\"DS4M Mediterr\u00e1neo\" \/>\n<meta property=\"article:modified_time\" content=\"2026-01-21T19:10:50+00:00\" \/>\n<meta property=\"og:image\" content=\"https:\/\/ds4mmed.uv.es\/wp-content\/uploads\/2026\/01\/NoticiaEspacioDeDatosOperativos.jpeg\" \/>\n\t<meta property=\"og:image:width\" content=\"800\" \/>\n\t<meta property=\"og:image:height\" content=\"447\" \/>\n\t<meta property=\"og:image:type\" content=\"image\/jpeg\" \/>\n<meta name=\"twitter:card\" content=\"summary_large_image\" \/>\n<meta name=\"twitter:label1\" content=\"Tiempo de lectura\" \/>\n\t<meta name=\"twitter:data1\" content=\"1 minuto\" \/>\n<script type=\"application\/ld+json\" class=\"yoast-schema-graph\">{\"@context\":\"https:\\\/\\\/schema.org\",\"@graph\":[{\"@type\":\"WebPage\",\"@id\":\"https:\\\/\\\/ds4mmed.uv.es\\\/index.php\\\/es\\\/ds4m-mediterraneo-reconocido-como-espacio-de-datos-operativo-a-nivel-nacional\\\/\",\"url\":\"https:\\\/\\\/ds4mmed.uv.es\\\/index.php\\\/es\\\/ds4m-mediterraneo-reconocido-como-espacio-de-datos-operativo-a-nivel-nacional\\\/\",\"name\":\"DS4M Mediterr\u00e1neo: refuerza su compromiso\",\"isPartOf\":{\"@id\":\"https:\\\/\\\/ds4mmed.uv.es\\\/#website\"},\"primaryImageOfPage\":{\"@id\":\"https:\\\/\\\/ds4mmed.uv.es\\\/index.php\\\/es\\\/ds4m-mediterraneo-reconocido-como-espacio-de-datos-operativo-a-nivel-nacional\\\/#primaryimage\"},\"image\":{\"@id\":\"https:\\\/\\\/ds4mmed.uv.es\\\/index.php\\\/es\\\/ds4m-mediterraneo-reconocido-como-espacio-de-datos-operativo-a-nivel-nacional\\\/#primaryimage\"},\"thumbnailUrl\":\"https:\\\/\\\/ds4mmed.uv.es\\\/wp-content\\\/uploads\\\/2026\\\/01\\\/NoticiaEspacioDeDatosOperativos.jpeg\",\"datePublished\":\"2026-01-21T18:44:35+00:00\",\"dateModified\":\"2026-01-21T19:10:50+00:00\",\"description\":\"Nos complace anunciar que DS4M Mediterr\u00e1neo ha sido reconocido por el CRED: Centro de Referencia de Espacios de Datos como uno de los Espacios de Datos operativos a nivel nacional.Este reconocimiento supone un importante respaldo a nuestro trabajo y refuerza nuestro compromiso con la creaci\u00f3n de un ecosistema de datos s\u00f3lido a lo largo de todo el Corredor Mediterr\u00e1neo, basado en los principios de soberan\u00eda del dato, interoperabilidad y seguridad.Agradecemos al CRED la confianza depositada en nuestro proyecto y reafirmamos nuestra voluntad de seguir avanzando en la transformaci\u00f3n de la movilidad a trav\u00e9s del valor del dato.\",\"breadcrumb\":{\"@id\":\"https:\\\/\\\/ds4mmed.uv.es\\\/index.php\\\/es\\\/ds4m-mediterraneo-reconocido-como-espacio-de-datos-operativo-a-nivel-nacional\\\/#breadcrumb\"},\"inLanguage\":\"es\",\"potentialAction\":[{\"@type\":\"ReadAction\",\"target\":[\"https:\\\/\\\/ds4mmed.uv.es\\\/index.php\\\/es\\\/ds4m-mediterraneo-reconocido-como-espacio-de-datos-operativo-a-nivel-nacional\\\/\"]}]},{\"@type\":\"ImageObject\",\"inLanguage\":\"es\",\"@id\":\"https:\\\/\\\/ds4mmed.uv.es\\\/index.php\\\/es\\\/ds4m-mediterraneo-reconocido-como-espacio-de-datos-operativo-a-nivel-nacional\\\/#primaryimage\",\"url\":\"https:\\\/\\\/ds4mmed.uv.es\\\/wp-content\\\/uploads\\\/2026\\\/01\\\/NoticiaEspacioDeDatosOperativos.jpeg\",\"contentUrl\":\"https:\\\/\\\/ds4mmed.uv.es\\\/wp-content\\\/uploads\\\/2026\\\/01\\\/NoticiaEspacioDeDatosOperativos.jpeg\",\"width\":800,\"height\":447},{\"@type\":\"BreadcrumbList\",\"@id\":\"https:\\\/\\\/ds4mmed.uv.es\\\/index.php\\\/es\\\/ds4m-mediterraneo-reconocido-como-espacio-de-datos-operativo-a-nivel-nacional\\\/#breadcrumb\",\"itemListElement\":[{\"@type\":\"ListItem\",\"position\":1,\"name\":\"Portada\",\"item\":\"https:\\\/\\\/ds4mmed.uv.es\\\/index.php\\\/es\\\/\"},{\"@type\":\"ListItem\",\"position\":2,\"name\":\"Noticia 33 &#8211; DS4M Mediterr\u00e1neo, reconocido como Espacio de Datos operativo a nivel nacional\"}]},{\"@type\":\"WebSite\",\"@id\":\"https:\\\/\\\/ds4mmed.uv.es\\\/#website\",\"url\":\"https:\\\/\\\/ds4mmed.uv.es\\\/\",\"name\":\"DS4M Mediterr\u00e1neo\",\"description\":\"\",\"publisher\":{\"@id\":\"https:\\\/\\\/ds4mmed.uv.es\\\/#organization\"},\"potentialAction\":[{\"@type\":\"SearchAction\",\"target\":{\"@type\":\"EntryPoint\",\"urlTemplate\":\"https:\\\/\\\/ds4mmed.uv.es\\\/?s={search_term_string}\"},\"query-input\":{\"@type\":\"PropertyValueSpecification\",\"valueRequired\":true,\"valueName\":\"search_term_string\"}}],\"inLanguage\":\"es\"},{\"@type\":\"Organization\",\"@id\":\"https:\\\/\\\/ds4mmed.uv.es\\\/#organization\",\"name\":\"DS4M Mediterr\u00e1neo\",\"url\":\"https:\\\/\\\/ds4mmed.uv.es\\\/\",\"logo\":{\"@type\":\"ImageObject\",\"inLanguage\":\"es\",\"@id\":\"https:\\\/\\\/ds4mmed.uv.es\\\/#\\\/schema\\\/logo\\\/image\\\/\",\"url\":\"https:\\\/\\\/ds4mmed.uv.es\\\/wp-content\\\/uploads\\\/2025\\\/07\\\/Logo-cambio-resolucion-scaled.png\",\"contentUrl\":\"https:\\\/\\\/ds4mmed.uv.es\\\/wp-content\\\/uploads\\\/2025\\\/07\\\/Logo-cambio-resolucion-scaled.png\",\"width\":2560,\"height\":980,\"caption\":\"DS4M Mediterr\u00e1neo\"},\"image\":{\"@id\":\"https:\\\/\\\/ds4mmed.uv.es\\\/#\\\/schema\\\/logo\\\/image\\\/\"}}]}<\/script>\n<!-- \/ Yoast SEO plugin. -->","yoast_head_json":{"title":"DS4M Mediterr\u00e1neo: refuerza su compromiso","description":"Nos complace anunciar que DS4M Mediterr\u00e1neo ha sido reconocido por el CRED: Centro de Referencia de Espacios de Datos como uno de los Espacios de Datos operativos a nivel nacional.Este reconocimiento supone un importante respaldo a nuestro trabajo y refuerza nuestro compromiso con la creaci\u00f3n de un ecosistema de datos s\u00f3lido a lo largo de todo el Corredor Mediterr\u00e1neo, basado en los principios de soberan\u00eda del dato, interoperabilidad y seguridad.Agradecemos al CRED la confianza depositada en nuestro proyecto y reafirmamos nuestra voluntad de seguir avanzando en la transformaci\u00f3n de la movilidad a trav\u00e9s del valor del dato.","robots":{"index":"index","follow":"follow","max-snippet":"max-snippet:-1","max-image-preview":"max-image-preview:large","max-video-preview":"max-video-preview:-1"},"canonical":"https:\/\/ds4mmed.uv.es\/index.php\/es\/ds4m-mediterraneo-reconocido-como-espacio-de-datos-operativo-a-nivel-nacional\/","og_locale":"es_ES","og_type":"article","og_title":"DS4M Mediterr\u00e1neo: refuerza su compromiso","og_description":"Nos complace anunciar que DS4M Mediterr\u00e1neo ha sido reconocido por el CRED: Centro de Referencia de Espacios de Datos como uno de los Espacios de Datos operativos a nivel nacional.Este reconocimiento supone un importante respaldo a nuestro trabajo y refuerza nuestro compromiso con la creaci\u00f3n de un ecosistema de datos s\u00f3lido a lo largo de todo el Corredor Mediterr\u00e1neo, basado en los principios de soberan\u00eda del dato, interoperabilidad y seguridad.Agradecemos al CRED la confianza depositada en nuestro proyecto y reafirmamos nuestra voluntad de seguir avanzando en la transformaci\u00f3n de la movilidad a trav\u00e9s del valor del dato.","og_url":"https:\/\/ds4mmed.uv.es\/index.php\/es\/ds4m-mediterraneo-reconocido-como-espacio-de-datos-operativo-a-nivel-nacional\/","og_site_name":"DS4M Mediterr\u00e1neo","article_modified_time":"2026-01-21T19:10:50+00:00","og_image":[{"width":800,"height":447,"url":"https:\/\/ds4mmed.uv.es\/wp-content\/uploads\/2026\/01\/NoticiaEspacioDeDatosOperativos.jpeg","type":"image\/jpeg"}],"twitter_card":"summary_large_image","twitter_misc":{"Tiempo de lectura":"1 minuto"},"schema":{"@context":"https:\/\/schema.org","@graph":[{"@type":"WebPage","@id":"https:\/\/ds4mmed.uv.es\/index.php\/es\/ds4m-mediterraneo-reconocido-como-espacio-de-datos-operativo-a-nivel-nacional\/","url":"https:\/\/ds4mmed.uv.es\/index.php\/es\/ds4m-mediterraneo-reconocido-como-espacio-de-datos-operativo-a-nivel-nacional\/","name":"DS4M Mediterr\u00e1neo: refuerza su compromiso","isPartOf":{"@id":"https:\/\/ds4mmed.uv.es\/#website"},"primaryImageOfPage":{"@id":"https:\/\/ds4mmed.uv.es\/index.php\/es\/ds4m-mediterraneo-reconocido-como-espacio-de-datos-operativo-a-nivel-nacional\/#primaryimage"},"image":{"@id":"https:\/\/ds4mmed.uv.es\/index.php\/es\/ds4m-mediterraneo-reconocido-como-espacio-de-datos-operativo-a-nivel-nacional\/#primaryimage"},"thumbnailUrl":"https:\/\/ds4mmed.uv.es\/wp-content\/uploads\/2026\/01\/NoticiaEspacioDeDatosOperativos.jpeg","datePublished":"2026-01-21T18:44:35+00:00","dateModified":"2026-01-21T19:10:50+00:00","description":"Nos complace anunciar que DS4M Mediterr\u00e1neo ha sido reconocido por el CRED: Centro de Referencia de Espacios de Datos como uno de los Espacios de Datos operativos a nivel nacional.Este reconocimiento supone un importante respaldo a nuestro trabajo y refuerza nuestro compromiso con la creaci\u00f3n de un ecosistema de datos s\u00f3lido a lo largo de todo el Corredor Mediterr\u00e1neo, basado en los principios de soberan\u00eda del dato, interoperabilidad y seguridad.Agradecemos al CRED la confianza depositada en nuestro proyecto y reafirmamos nuestra voluntad de seguir avanzando en la transformaci\u00f3n de la movilidad a trav\u00e9s del valor del dato.","breadcrumb":{"@id":"https:\/\/ds4mmed.uv.es\/index.php\/es\/ds4m-mediterraneo-reconocido-como-espacio-de-datos-operativo-a-nivel-nacional\/#breadcrumb"},"inLanguage":"es","potentialAction":[{"@type":"ReadAction","target":["https:\/\/ds4mmed.uv.es\/index.php\/es\/ds4m-mediterraneo-reconocido-como-espacio-de-datos-operativo-a-nivel-nacional\/"]}]},{"@type":"ImageObject","inLanguage":"es","@id":"https:\/\/ds4mmed.uv.es\/index.php\/es\/ds4m-mediterraneo-reconocido-como-espacio-de-datos-operativo-a-nivel-nacional\/#primaryimage","url":"https:\/\/ds4mmed.uv.es\/wp-content\/uploads\/2026\/01\/NoticiaEspacioDeDatosOperativos.jpeg","contentUrl":"https:\/\/ds4mmed.uv.es\/wp-content\/uploads\/2026\/01\/NoticiaEspacioDeDatosOperativos.jpeg","width":800,"height":447},{"@type":"BreadcrumbList","@id":"https:\/\/ds4mmed.uv.es\/index.php\/es\/ds4m-mediterraneo-reconocido-como-espacio-de-datos-operativo-a-nivel-nacional\/#breadcrumb","itemListElement":[{"@type":"ListItem","position":1,"name":"Portada","item":"https:\/\/ds4mmed.uv.es\/index.php\/es\/"},{"@type":"ListItem","position":2,"name":"Noticia 33 &#8211; DS4M Mediterr\u00e1neo, reconocido como Espacio de Datos operativo a nivel nacional"}]},{"@type":"WebSite","@id":"https:\/\/ds4mmed.uv.es\/#website","url":"https:\/\/ds4mmed.uv.es\/","name":"DS4M Mediterr\u00e1neo","description":"","publisher":{"@id":"https:\/\/ds4mmed.uv.es\/#organization"},"potentialAction":[{"@type":"SearchAction","target":{"@type":"EntryPoint","urlTemplate":"https:\/\/ds4mmed.uv.es\/?s={search_term_string}"},"query-input":{"@type":"PropertyValueSpecification","valueRequired":true,"valueName":"search_term_string"}}],"inLanguage":"es"},{"@type":"Organization","@id":"https:\/\/ds4mmed.uv.es\/#organization","name":"DS4M Mediterr\u00e1neo","url":"https:\/\/ds4mmed.uv.es\/","logo":{"@type":"ImageObject","inLanguage":"es","@id":"https:\/\/ds4mmed.uv.es\/#\/schema\/logo\/image\/","url":"https:\/\/ds4mmed.uv.es\/wp-content\/uploads\/2025\/07\/Logo-cambio-resolucion-scaled.png","contentUrl":"https:\/\/ds4mmed.uv.es\/wp-content\/uploads\/2025\/07\/Logo-cambio-resolucion-scaled.png","width":2560,"height":980,"caption":"DS4M Mediterr\u00e1neo"},"image":{"@id":"https:\/\/ds4mmed.uv.es\/#\/schema\/logo\/image\/"}}]}},"_links":{"self":[{"href":"https:\/\/ds4mmed.uv.es\/index.php\/wp-json\/wp\/v2\/pages\/11841","targetHints":{"allow":["GET"]}}],"collection":[{"href":"https:\/\/ds4mmed.uv.es\/index.php\/wp-json\/wp\/v2\/pages"}],"about":[{"href":"https:\/\/ds4mmed.uv.es\/index.php\/wp-json\/wp\/v2\/types\/page"}],"author":[{"embeddable":true,"href":"https:\/\/ds4mmed.uv.es\/index.php\/wp-json\/wp\/v2\/users\/1"}],"replies":[{"embeddable":true,"href":"https:\/\/ds4mmed.uv.es\/index.php\/wp-json\/wp\/v2\/comments?post=11841"}],"version-history":[{"count":16,"href":"https:\/\/ds4mmed.uv.es\/index.php\/wp-json\/wp\/v2\/pages\/11841\/revisions"}],"predecessor-version":[{"id":11868,"href":"https:\/\/ds4mmed.uv.es\/index.php\/wp-json\/wp\/v2\/pages\/11841\/revisions\/11868"}],"wp:attachment":[{"href":"https:\/\/ds4mmed.uv.es\/index.php\/wp-json\/wp\/v2\/media?parent=11841"}],"curies":[{"name":"wp","href":"https:\/\/api.w.org\/{rel}","templated":true}]}}