{"version":"1.0","provider_name":"DS4M Mediterr\u00e1neo","provider_url":"https:\/\/ds4mmed.uv.es","author_name":"admin","author_url":"https:\/\/ds4mmed.uv.es\/index.php\/author\/admin\/","title":"DS4M Mediterr\u00e1neo \u2013 VII Pleno de la Comisi\u00f3n Provincial de Educaci\u00f3n Vial","type":"rich","width":600,"height":338,"html":"<blockquote class=\"wp-embedded-content\" data-secret=\"MqsFM1HN9c\"><a href=\"https:\/\/ds4mmed.uv.es\/index.php\/es\/vii-pleno-comision-educacion-vial\/\">Noticia 8 &#8211; El DS4M Mediterr\u00e1neo centra parte de la sesi\u00f3n del VII Pleno de la Comisi\u00f3n Provincial de Educaci\u00f3n Vial<\/a><\/blockquote><iframe sandbox=\"allow-scripts\" security=\"restricted\" src=\"https:\/\/ds4mmed.uv.es\/index.php\/es\/vii-pleno-comision-educacion-vial\/embed\/#?secret=MqsFM1HN9c\" width=\"600\" height=\"338\" title=\"\u00abNoticia 8 &#8211; El DS4M Mediterr\u00e1neo centra parte de la sesi\u00f3n del VII Pleno de la Comisi\u00f3n Provincial de Educaci\u00f3n Vial\u00bb \u2014 DS4M Mediterr\u00e1neo\" data-secret=\"MqsFM1HN9c\" frameborder=\"0\" marginwidth=\"0\" marginheight=\"0\" scrolling=\"no\" class=\"wp-embedded-content\"><\/iframe><script>\n\/*! This file is auto-generated *\/\n!function(d,l){\"use strict\";l.querySelector&&d.addEventListener&&\"undefined\"!=typeof URL&&(d.wp=d.wp||{},d.wp.receiveEmbedMessage||(d.wp.receiveEmbedMessage=function(e){var t=e.data;if((t||t.secret||t.message||t.value)&&!\/[^a-zA-Z0-9]\/.test(t.secret)){for(var s,r,n,a=l.querySelectorAll('iframe[data-secret=\"'+t.secret+'\"]'),o=l.querySelectorAll('blockquote[data-secret=\"'+t.secret+'\"]'),c=new RegExp(\"^https?:$\",\"i\"),i=0;i<o.length;i++)o[i].style.display=\"none\";for(i=0;i<a.length;i++)s=a[i],e.source===s.contentWindow&&(s.removeAttribute(\"style\"),\"height\"===t.message?(1e3<(r=parseInt(t.value,10))?r=1e3:~~r<200&&(r=200),s.height=r):\"link\"===t.message&&(r=new URL(s.getAttribute(\"src\")),n=new URL(t.value),c.test(n.protocol))&&n.host===r.host&&l.activeElement===s&&(d.top.location.href=t.value))}},d.addEventListener(\"message\",d.wp.receiveEmbedMessage,!1),l.addEventListener(\"DOMContentLoaded\",function(){for(var e,t,s=l.querySelectorAll(\"iframe.wp-embedded-content\"),r=0;r<s.length;r++)(t=(e=s[r]).getAttribute(\"data-secret\"))||(t=Math.random().toString(36).substring(2,12),e.src+=\"#?secret=\"+t,e.setAttribute(\"data-secret\",t)),e.contentWindow.postMessage({message:\"ready\",secret:t},\"*\")},!1)))}(window,document);\n\/\/# sourceURL=https:\/\/ds4mmed.uv.es\/wp-includes\/js\/wp-embed.min.js\n<\/script>\n","description":"DS4M Mediterr\u00e1neo fue uno de los temas centrales del VII Pleno de la Comisi\u00f3n Provincial de Educaci\u00f3n Vial en Valencia, donde el Dr. Francisco Alonso destac\u00f3 el impacto del proyecto en la gesti\u00f3n de datos de movilidad en el Corredor Mediterr\u00e1neo.","thumbnail_url":"https:\/\/ds4mmed.uv.es\/wp-content\/uploads\/2025\/11\/Noticia19.png"}